{"id":262,"date":"2017-10-27T09:40:25","date_gmt":"2017-10-27T09:40:25","guid":{"rendered":"https:\/\/2017.saopaulo.wordcamp.org\/speakers\/"},"modified":"2018-08-29T22:41:17","modified_gmt":"2018-08-30T01:41:17","slug":"palestrantes","status":"publish","type":"page","link":"https:\/\/saopaulo.wordcamp.org\/2018\/palestrantes\/","title":{"rendered":"Palestrantes"},"content":{"rendered":"\n\t<div class=\"wcorg-speakers\">\n\n\t\t\n\t\t\t<!-- Organizers note: The id attribute is deprecated and only remains for backwards compatibility, please use the corresponding class to target individual speakers -->\n\t\t\t<div id=\"wcorg-speaker-max-denvir\" class=\"wcorg-speaker wcorg-speaker-max-denvir wcorg-track-workshop\">\n\t\t\t\t<h2>\n\t\t\t\t\t\n\t\t\t\t\t\tMax Denvir\n\t\t\t\t\t\t\t\t\t<\/h2>\n\n\t\t\t\t<div class=\"wcorg-speaker-description\">\n\t\t\t\t\t<img alt='' src='https:\/\/secure.gravatar.com\/avatar\/32c5b7cb4184dc8377b3852b29ce21d7162ae13ed25e8e4de5f11f5fbeaa5910?s=100&#038;d=mm&#038;r=g' srcset='https:\/\/secure.gravatar.com\/avatar\/32c5b7cb4184dc8377b3852b29ce21d7162ae13ed25e8e4de5f11f5fbeaa5910?s=200&#038;d=mm&#038;r=g 2x' class='avatar avatar-100 photo' height='100' width='100' \/>\t\t\t\t\t<p><a href=\"https:\/\/2018.saopaulo.wordcamp.org\/session\/oficina-de-planejamento-e-prototipagem-de-sites\/\"><img data-recalc-dims=\"1\" loading=\"lazy\" decoding=\"async\" data-attachment-id=\"1827\" data-permalink=\"https:\/\/saopaulo.wordcamp.org\/2018\/session\/oficina-de-planejamento-e-prototipagem-de-sites\/attachment\/palestrante_max\/\" data-orig-file=\"https:\/\/i0.wp.com\/saopaulo.wordcamp.org\/2018\/files\/2018\/10\/Palestrante_Max.png?fit=960%2C720&amp;ssl=1\" data-orig-size=\"960,720\" data-comments-opened=\"1\" data-image-meta=\"{&quot;aperture&quot;:&quot;0&quot;,&quot;credit&quot;:&quot;&quot;,&quot;camera&quot;:&quot;&quot;,&quot;caption&quot;:&quot;&quot;,&quot;created_timestamp&quot;:&quot;0&quot;,&quot;copyright&quot;:&quot;&quot;,&quot;focal_length&quot;:&quot;0&quot;,&quot;iso&quot;:&quot;0&quot;,&quot;shutter_speed&quot;:&quot;0&quot;,&quot;title&quot;:&quot;&quot;,&quot;orientation&quot;:&quot;0&quot;}\" data-image-title=\"Palestrante_Max\" data-image-description=\"\" data-image-caption=\"\" data-large-file=\"https:\/\/i0.wp.com\/saopaulo.wordcamp.org\/2018\/files\/2018\/10\/Palestrante_Max.png?fit=640%2C480&amp;ssl=1\" class=\"alignnone size-full wp-image-1827\" src=\"https:\/\/i0.wp.com\/2018.saopaulo.wordcamp.org\/files\/2018\/10\/Palestrante_Max.png?resize=830%2C623&#038;ssl=1\" alt=\"\" width=\"830\" height=\"623\" srcset=\"https:\/\/i0.wp.com\/saopaulo.wordcamp.org\/2018\/files\/2018\/10\/Palestrante_Max.png?w=960&amp;ssl=1 960w, https:\/\/i0.wp.com\/saopaulo.wordcamp.org\/2018\/files\/2018\/10\/Palestrante_Max.png?resize=300%2C225&amp;ssl=1 300w, https:\/\/i0.wp.com\/saopaulo.wordcamp.org\/2018\/files\/2018\/10\/Palestrante_Max.png?resize=768%2C576&amp;ssl=1 768w, https:\/\/i0.wp.com\/saopaulo.wordcamp.org\/2018\/files\/2018\/10\/Palestrante_Max.png?resize=400%2C300&amp;ssl=1 400w\" sizes=\"auto, (max-width: 830px) 100vw, 830px\" \/><\/a><\/p>\n<p>Publicit\u00e1rio, estrategista de conte\u00fado e nerd das m\u00eddias digitais. Graduado em comunica\u00e7\u00e3o social na PUC-Rio, possui forma\u00e7\u00f5es e viv\u00eancias profissionais que expandiram sua atua\u00e7\u00e3o para \u00e1reas como branding, design digital, gest\u00e3o de marketing e tecnologias para comunica\u00e7\u00e3o.<br \/>\nApaixonado por cultura alimentar, trabalha em projetos que envolvem pequenos neg\u00f3cios gastron\u00f4micos e frentes de gastronomia social.<\/p>\n\t\t\t\t<\/div>\n\t\t\t<\/div>\n\n\t\t\n\t\t\t<!-- Organizers note: The id attribute is deprecated and only remains for backwards compatibility, please use the corresponding class to target individual speakers -->\n\t\t\t<div id=\"wcorg-speaker-filipe-samuel\" class=\"wcorg-speaker wcorg-speaker-filipe-samuel wcorg-track-miniauditorio wcorg-track-marketing-e-conteudo\">\n\t\t\t\t<h2>\n\t\t\t\t\t\n\t\t\t\t\t\tFilipe Samuel\n\t\t\t\t\t\t\t\t\t<\/h2>\n\n\t\t\t\t<div class=\"wcorg-speaker-description\">\n\t\t\t\t\t<img alt='' src='https:\/\/secure.gravatar.com\/avatar\/f38414fa6750e561dd51bf55b884aa68d6be65d1c3079ad22fe50682ea78d922?s=100&#038;d=mm&#038;r=g' srcset='https:\/\/secure.gravatar.com\/avatar\/f38414fa6750e561dd51bf55b884aa68d6be65d1c3079ad22fe50682ea78d922?s=200&#038;d=mm&#038;r=g 2x' class='avatar avatar-100 photo' height='100' width='100' \/>\t\t\t\t\t<p><a href=\"https:\/\/2018.saopaulo.wordcamp.org\/session\/como-avaliar-a-atratividade-de-um-produto-digital-alem-da-usabilidade\/\"><img data-recalc-dims=\"1\" loading=\"lazy\" decoding=\"async\" data-attachment-id=\"1768\" data-permalink=\"https:\/\/saopaulo.wordcamp.org\/2018\/session\/como-avaliar-a-atratividade-de-um-produto-digital-alem-da-usabilidade\/attachment\/palestrante_filipe\/\" data-orig-file=\"https:\/\/i0.wp.com\/saopaulo.wordcamp.org\/2018\/files\/2018\/10\/Palestrante_Filipe.png?fit=960%2C720&amp;ssl=1\" data-orig-size=\"960,720\" data-comments-opened=\"1\" data-image-meta=\"{&quot;aperture&quot;:&quot;0&quot;,&quot;credit&quot;:&quot;&quot;,&quot;camera&quot;:&quot;&quot;,&quot;caption&quot;:&quot;&quot;,&quot;created_timestamp&quot;:&quot;0&quot;,&quot;copyright&quot;:&quot;&quot;,&quot;focal_length&quot;:&quot;0&quot;,&quot;iso&quot;:&quot;0&quot;,&quot;shutter_speed&quot;:&quot;0&quot;,&quot;title&quot;:&quot;&quot;,&quot;orientation&quot;:&quot;0&quot;}\" data-image-title=\"Palestrante_Filipe\" data-image-description=\"\" data-image-caption=\"\" data-large-file=\"https:\/\/i0.wp.com\/saopaulo.wordcamp.org\/2018\/files\/2018\/10\/Palestrante_Filipe.png?fit=640%2C480&amp;ssl=1\" class=\"alignnone size-full wp-image-1768\" src=\"https:\/\/i0.wp.com\/2018.saopaulo.wordcamp.org\/files\/2018\/10\/Palestrante_Filipe.png?resize=830%2C623&#038;ssl=1\" alt=\"\" width=\"830\" height=\"623\" srcset=\"https:\/\/i0.wp.com\/saopaulo.wordcamp.org\/2018\/files\/2018\/10\/Palestrante_Filipe.png?w=960&amp;ssl=1 960w, https:\/\/i0.wp.com\/saopaulo.wordcamp.org\/2018\/files\/2018\/10\/Palestrante_Filipe.png?resize=300%2C225&amp;ssl=1 300w, https:\/\/i0.wp.com\/saopaulo.wordcamp.org\/2018\/files\/2018\/10\/Palestrante_Filipe.png?resize=768%2C576&amp;ssl=1 768w, https:\/\/i0.wp.com\/saopaulo.wordcamp.org\/2018\/files\/2018\/10\/Palestrante_Filipe.png?resize=400%2C300&amp;ssl=1 400w\" sizes=\"auto, (max-width: 830px) 100vw, 830px\" \/><\/a><\/p>\n<p>Chamo-me Filipe Samuel, sou de nacionalidade Angolana, trabalho com design desde 2004, profissionalmente desde 2006. Ao longo desses anos aprendi muito e amadureci. Atualmente trabalho como UX\/UI Designer e consultor de inova\u00e7\u00e3o na MJV Technology &amp; Innovation, onde j\u00e1 fiz trabalhos para clientes como Claro, Sulamerica Seguros, Multiplus, Mitre, entre outros. Estudo e me interesso por diversas \u00e1reas que me ajudam a ser um designer melhor.<\/p>\n\t\t\t\t<\/div>\n\t\t\t<\/div>\n\n\t\t\n\t\t\t<!-- Organizers note: The id attribute is deprecated and only remains for backwards compatibility, please use the corresponding class to target individual speakers -->\n\t\t\t<div id=\"wcorg-speaker-thiago-censi\" class=\"wcorg-speaker wcorg-speaker-thiago-censi wcorg-track-miniauditorio wcorg-track-desenvolvimento\">\n\t\t\t\t<h2>\n\t\t\t\t\t\n\t\t\t\t\t\tThiago Censi\n\t\t\t\t\t\t\t\t\t<\/h2>\n\n\t\t\t\t<div class=\"wcorg-speaker-description\">\n\t\t\t\t\t<img alt='' src='https:\/\/secure.gravatar.com\/avatar\/95cec70fa8b5ac5c54c7947f299ae0866309132eb0cbe143976b22018ced9ab7?s=100&#038;d=mm&#038;r=g' srcset='https:\/\/secure.gravatar.com\/avatar\/95cec70fa8b5ac5c54c7947f299ae0866309132eb0cbe143976b22018ced9ab7?s=200&#038;d=mm&#038;r=g 2x' class='avatar avatar-100 photo' height='100' width='100' \/>\t\t\t\t\t<p>Formado em design gr\u00e1fico, trabalho hoje exclusivamente com desenvolvimento. Me deparei com WordPress h\u00e1 10 anos meio que por acaso. De l\u00e1 pra c\u00e1 tornou-se minha principal op\u00e7\u00e3o para a cria\u00e7\u00e3o de sites de diversos tamanhos e formatos.<\/p>\n<p><a href=\"https:\/\/2018.saopaulo.wordcamp.org\/session\/porque-e-como-adotar-um-tema-filho-no-wordpress\/\"><img data-recalc-dims=\"1\" loading=\"lazy\" decoding=\"async\" data-attachment-id=\"1033\" data-permalink=\"https:\/\/saopaulo.wordcamp.org\/2018\/speaker\/lua-ciceri-schwertner\/attachment\/palestrantes_thiago-censi\/\" data-orig-file=\"https:\/\/i0.wp.com\/saopaulo.wordcamp.org\/2018\/files\/2018\/09\/Palestrantes_Thiago-Censi.png?fit=960%2C720&amp;ssl=1\" data-orig-size=\"960,720\" data-comments-opened=\"1\" data-image-meta=\"{&quot;aperture&quot;:&quot;0&quot;,&quot;credit&quot;:&quot;&quot;,&quot;camera&quot;:&quot;&quot;,&quot;caption&quot;:&quot;&quot;,&quot;created_timestamp&quot;:&quot;0&quot;,&quot;copyright&quot;:&quot;&quot;,&quot;focal_length&quot;:&quot;0&quot;,&quot;iso&quot;:&quot;0&quot;,&quot;shutter_speed&quot;:&quot;0&quot;,&quot;title&quot;:&quot;&quot;,&quot;orientation&quot;:&quot;0&quot;}\" data-image-title=\"Palestrantes_Thiago Censi\" data-image-description=\"\" data-image-caption=\"\" data-large-file=\"https:\/\/i0.wp.com\/saopaulo.wordcamp.org\/2018\/files\/2018\/09\/Palestrantes_Thiago-Censi.png?fit=640%2C480&amp;ssl=1\" class=\"size-full wp-image-1033 aligncenter\" src=\"https:\/\/i0.wp.com\/2018.saopaulo.wordcamp.org\/files\/2018\/09\/Palestrantes_Thiago-Censi.png?resize=830%2C623&#038;ssl=1\" alt=\"\" width=\"830\" height=\"623\" srcset=\"https:\/\/i0.wp.com\/saopaulo.wordcamp.org\/2018\/files\/2018\/09\/Palestrantes_Thiago-Censi.png?w=960&amp;ssl=1 960w, https:\/\/i0.wp.com\/saopaulo.wordcamp.org\/2018\/files\/2018\/09\/Palestrantes_Thiago-Censi.png?resize=300%2C225&amp;ssl=1 300w, https:\/\/i0.wp.com\/saopaulo.wordcamp.org\/2018\/files\/2018\/09\/Palestrantes_Thiago-Censi.png?resize=768%2C576&amp;ssl=1 768w, https:\/\/i0.wp.com\/saopaulo.wordcamp.org\/2018\/files\/2018\/09\/Palestrantes_Thiago-Censi.png?resize=400%2C300&amp;ssl=1 400w\" sizes=\"auto, (max-width: 830px) 100vw, 830px\" \/><\/a><\/p>\n\t\t\t\t<\/div>\n\t\t\t<\/div>\n\n\t\t\n\t\t\t<!-- Organizers note: The id attribute is deprecated and only remains for backwards compatibility, please use the corresponding class to target individual speakers -->\n\t\t\t<div id=\"wcorg-speaker-celso-bessa\" class=\"wcorg-speaker wcorg-speaker-celso-bessa wcorg-track-miniauditorio wcorg-track-desenvolvimento\">\n\t\t\t\t<h2>\n\t\t\t\t\t\n\t\t\t\t\t\tCelso Bessa\n\t\t\t\t\t\t\t\t\t<\/h2>\n\n\t\t\t\t<div class=\"wcorg-speaker-description\">\n\t\t\t\t\t<img alt='' src='https:\/\/secure.gravatar.com\/avatar\/03ff473dd83c981e85a36eef0a2a6289975889507b6dd74c932b9b6d8e2ad766?s=100&#038;d=mm&#038;r=g' srcset='https:\/\/secure.gravatar.com\/avatar\/03ff473dd83c981e85a36eef0a2a6289975889507b6dd74c932b9b6d8e2ad766?s=200&#038;d=mm&#038;r=g 2x' class='avatar avatar-100 photo' height='100' width='100' \/>\t\t\t\t\t<p>Cidad\u00e3o, empreendedor e desenvolvedor WordPress. Acredito no poder transformador da arte, da tecnologia e da cultura.<\/p>\n<p><a href=\"https:\/\/2018.saopaulo.wordcamp.org\/session\/wordpress-como-ferramenta-civica-veritate-agregador-de-checagem-de-fatos\/\"><img data-recalc-dims=\"1\" loading=\"lazy\" decoding=\"async\" data-attachment-id=\"1029\" data-permalink=\"https:\/\/saopaulo.wordcamp.org\/2018\/speaker\/lua-ciceri-schwertner\/attachment\/palestrantes_celso-bessa\/\" data-orig-file=\"https:\/\/i0.wp.com\/saopaulo.wordcamp.org\/2018\/files\/2018\/09\/Palestrantes_Celso-Bessa.png?fit=960%2C720&amp;ssl=1\" data-orig-size=\"960,720\" data-comments-opened=\"1\" data-image-meta=\"{&quot;aperture&quot;:&quot;0&quot;,&quot;credit&quot;:&quot;&quot;,&quot;camera&quot;:&quot;&quot;,&quot;caption&quot;:&quot;&quot;,&quot;created_timestamp&quot;:&quot;0&quot;,&quot;copyright&quot;:&quot;&quot;,&quot;focal_length&quot;:&quot;0&quot;,&quot;iso&quot;:&quot;0&quot;,&quot;shutter_speed&quot;:&quot;0&quot;,&quot;title&quot;:&quot;&quot;,&quot;orientation&quot;:&quot;0&quot;}\" data-image-title=\"Palestrantes_Celso Bessa\" data-image-description=\"\" data-image-caption=\"\" data-large-file=\"https:\/\/i0.wp.com\/saopaulo.wordcamp.org\/2018\/files\/2018\/09\/Palestrantes_Celso-Bessa.png?fit=640%2C480&amp;ssl=1\" class=\"size-full wp-image-1029 aligncenter\" src=\"https:\/\/i0.wp.com\/2018.saopaulo.wordcamp.org\/files\/2018\/09\/Palestrantes_Celso-Bessa.png?resize=830%2C623&#038;ssl=1\" alt=\"\" width=\"830\" height=\"623\" srcset=\"https:\/\/i0.wp.com\/saopaulo.wordcamp.org\/2018\/files\/2018\/09\/Palestrantes_Celso-Bessa.png?w=960&amp;ssl=1 960w, https:\/\/i0.wp.com\/saopaulo.wordcamp.org\/2018\/files\/2018\/09\/Palestrantes_Celso-Bessa.png?resize=300%2C225&amp;ssl=1 300w, https:\/\/i0.wp.com\/saopaulo.wordcamp.org\/2018\/files\/2018\/09\/Palestrantes_Celso-Bessa.png?resize=768%2C576&amp;ssl=1 768w, https:\/\/i0.wp.com\/saopaulo.wordcamp.org\/2018\/files\/2018\/09\/Palestrantes_Celso-Bessa.png?resize=400%2C300&amp;ssl=1 400w\" sizes=\"auto, (max-width: 830px) 100vw, 830px\" \/><\/a><\/p>\n\t\t\t\t<\/div>\n\t\t\t<\/div>\n\n\t\t\n\t\t\t<!-- Organizers note: The id attribute is deprecated and only remains for backwards compatibility, please use the corresponding class to target individual speakers -->\n\t\t\t<div id=\"wcorg-speaker-ramon-ahnert\" class=\"wcorg-speaker wcorg-speaker-ramon-ahnert wcorg-track-auditorio wcorg-track-desenvolvimento\">\n\t\t\t\t<h2>\n\t\t\t\t\t\n\t\t\t\t\t\tRamon Ahnert\n\t\t\t\t\t\t\t\t\t<\/h2>\n\n\t\t\t\t<div class=\"wcorg-speaker-description\">\n\t\t\t\t\t<img alt='' src='https:\/\/secure.gravatar.com\/avatar\/640739d709d089174133188ce5f3c12b6f629f359d433bc8b15bc03582772b51?s=100&#038;d=mm&#038;r=g' srcset='https:\/\/secure.gravatar.com\/avatar\/640739d709d089174133188ce5f3c12b6f629f359d433bc8b15bc03582772b51?s=200&#038;d=mm&#038;r=g 2x' class='avatar avatar-100 photo' height='100' width='100' \/>\t\t\t\t\t<p>Desenvolvedor Web. Open Sourcerer. WordPress Contributor.<\/p>\n<p><a href=\"https:\/\/2018.saopaulo.wordcamp.org\/session\/uma-breve-introducao-ao-react\/\"><img data-recalc-dims=\"1\" loading=\"lazy\" decoding=\"async\" data-attachment-id=\"1034\" data-permalink=\"https:\/\/saopaulo.wordcamp.org\/2018\/speaker\/lua-ciceri-schwertner\/attachment\/palestrantes_ramon-ahnert\/\" data-orig-file=\"https:\/\/i0.wp.com\/saopaulo.wordcamp.org\/2018\/files\/2018\/09\/Palestrantes_Ramon-Ahnert.png?fit=960%2C720&amp;ssl=1\" data-orig-size=\"960,720\" data-comments-opened=\"1\" data-image-meta=\"{&quot;aperture&quot;:&quot;0&quot;,&quot;credit&quot;:&quot;&quot;,&quot;camera&quot;:&quot;&quot;,&quot;caption&quot;:&quot;&quot;,&quot;created_timestamp&quot;:&quot;0&quot;,&quot;copyright&quot;:&quot;&quot;,&quot;focal_length&quot;:&quot;0&quot;,&quot;iso&quot;:&quot;0&quot;,&quot;shutter_speed&quot;:&quot;0&quot;,&quot;title&quot;:&quot;&quot;,&quot;orientation&quot;:&quot;0&quot;}\" data-image-title=\"Palestrantes_Ramon Ahnert\" data-image-description=\"\" data-image-caption=\"\" data-large-file=\"https:\/\/i0.wp.com\/saopaulo.wordcamp.org\/2018\/files\/2018\/09\/Palestrantes_Ramon-Ahnert.png?fit=640%2C480&amp;ssl=1\" class=\"size-full wp-image-1034 aligncenter\" src=\"https:\/\/i0.wp.com\/2018.saopaulo.wordcamp.org\/files\/2018\/09\/Palestrantes_Ramon-Ahnert.png?resize=830%2C623&#038;ssl=1\" alt=\"\" width=\"830\" height=\"623\" srcset=\"https:\/\/i0.wp.com\/saopaulo.wordcamp.org\/2018\/files\/2018\/09\/Palestrantes_Ramon-Ahnert.png?w=960&amp;ssl=1 960w, https:\/\/i0.wp.com\/saopaulo.wordcamp.org\/2018\/files\/2018\/09\/Palestrantes_Ramon-Ahnert.png?resize=300%2C225&amp;ssl=1 300w, https:\/\/i0.wp.com\/saopaulo.wordcamp.org\/2018\/files\/2018\/09\/Palestrantes_Ramon-Ahnert.png?resize=768%2C576&amp;ssl=1 768w, https:\/\/i0.wp.com\/saopaulo.wordcamp.org\/2018\/files\/2018\/09\/Palestrantes_Ramon-Ahnert.png?resize=400%2C300&amp;ssl=1 400w\" sizes=\"auto, (max-width: 830px) 100vw, 830px\" \/><\/a><\/p>\n\t\t\t\t<\/div>\n\t\t\t<\/div>\n\n\t\t\n\t\t\t<!-- Organizers note: The id attribute is deprecated and only remains for backwards compatibility, please use the corresponding class to target individual speakers -->\n\t\t\t<div id=\"wcorg-speaker-anderson-nascimento\" class=\"wcorg-speaker wcorg-speaker-anderson-nascimento wcorg-track-miniauditorio wcorg-track-desenvolvimento\">\n\t\t\t\t<h2>\n\t\t\t\t\t\n\t\t\t\t\t\tAnderson Nascimento\n\t\t\t\t\t\t\t\t\t<\/h2>\n\n\t\t\t\t<div class=\"wcorg-speaker-description\">\n\t\t\t\t\t<img alt='' src='https:\/\/secure.gravatar.com\/avatar\/5783f1be9dcbb01f3a84df2468c528d9355706113ed1dba2181691b98c38c4aa?s=100&#038;d=mm&#038;r=g' srcset='https:\/\/secure.gravatar.com\/avatar\/5783f1be9dcbb01f3a84df2468c528d9355706113ed1dba2181691b98c38c4aa?s=200&#038;d=mm&#038;r=g 2x' class='avatar avatar-100 photo' height='100' width='100' \/>\t\t\t\t\t<p>Formando em\u00a0 Ci\u00eancia da Computa\u00e7\u00e3o, Atua como desenvolvedor Web na Ag\u00eancia VX Comunica\u00e7\u00e3o. Entusiasta WordPress, incentiva a sua utiliza\u00e7\u00e3o por meio de palestras e artigos compartilhando t\u00e9cnicas assimiladas. Participa ativamente de comunidades Open Source como WordPress Brasil e Front-End Brasil.<\/p>\n<p><a href=\"https:\/\/2018.saopaulo.wordcamp.org\/session\/wordpress-na-medida-certa\/\"><img data-recalc-dims=\"1\" loading=\"lazy\" decoding=\"async\" data-attachment-id=\"1509\" data-permalink=\"https:\/\/saopaulo.wordcamp.org\/2018\/speaker\/anderson-nascimento\/attachment\/palestrantes_anderson_nascimento\/\" data-orig-file=\"https:\/\/i0.wp.com\/saopaulo.wordcamp.org\/2018\/files\/2018\/09\/palestrantes_anderson_nascimento.png?fit=960%2C720&amp;ssl=1\" data-orig-size=\"960,720\" data-comments-opened=\"1\" data-image-meta=\"{&quot;aperture&quot;:&quot;0&quot;,&quot;credit&quot;:&quot;&quot;,&quot;camera&quot;:&quot;&quot;,&quot;caption&quot;:&quot;&quot;,&quot;created_timestamp&quot;:&quot;0&quot;,&quot;copyright&quot;:&quot;&quot;,&quot;focal_length&quot;:&quot;0&quot;,&quot;iso&quot;:&quot;0&quot;,&quot;shutter_speed&quot;:&quot;0&quot;,&quot;title&quot;:&quot;&quot;,&quot;orientation&quot;:&quot;0&quot;}\" data-image-title=\"palestrantes_anderson_nascimento\" data-image-description=\"\" data-image-caption=\"\" data-large-file=\"https:\/\/i0.wp.com\/saopaulo.wordcamp.org\/2018\/files\/2018\/09\/palestrantes_anderson_nascimento.png?fit=640%2C480&amp;ssl=1\" class=\"alignnone wp-image-1509 size-full\" src=\"https:\/\/i0.wp.com\/2018.saopaulo.wordcamp.org\/files\/2018\/09\/palestrantes_anderson_nascimento.png?resize=830%2C623&#038;ssl=1\" alt=\"\" width=\"830\" height=\"623\" srcset=\"https:\/\/i0.wp.com\/saopaulo.wordcamp.org\/2018\/files\/2018\/09\/palestrantes_anderson_nascimento.png?w=960&amp;ssl=1 960w, https:\/\/i0.wp.com\/saopaulo.wordcamp.org\/2018\/files\/2018\/09\/palestrantes_anderson_nascimento.png?resize=300%2C225&amp;ssl=1 300w, https:\/\/i0.wp.com\/saopaulo.wordcamp.org\/2018\/files\/2018\/09\/palestrantes_anderson_nascimento.png?resize=768%2C576&amp;ssl=1 768w, https:\/\/i0.wp.com\/saopaulo.wordcamp.org\/2018\/files\/2018\/09\/palestrantes_anderson_nascimento.png?resize=400%2C300&amp;ssl=1 400w\" sizes=\"auto, (max-width: 830px) 100vw, 830px\" \/><\/a><\/p>\n\t\t\t\t<\/div>\n\t\t\t<\/div>\n\n\t\t\n\t\t\t<!-- Organizers note: The id attribute is deprecated and only remains for backwards compatibility, please use the corresponding class to target individual speakers -->\n\t\t\t<div id=\"wcorg-speaker-leo-baiano\" class=\"wcorg-speaker wcorg-speaker-leo-baiano wcorg-track-auditorio wcorg-track-desenvolvimento\">\n\t\t\t\t<h2>\n\t\t\t\t\t\n\t\t\t\t\t\tLeo Baiano\n\t\t\t\t\t\t\t\t\t<\/h2>\n\n\t\t\t\t<div class=\"wcorg-speaker-description\">\n\t\t\t\t\t<img alt='' src='https:\/\/secure.gravatar.com\/avatar\/7b21aae922d322c886765765d74a4181eb71106e6cb2377cd38c13bded206392?s=100&#038;d=mm&#038;r=g' srcset='https:\/\/secure.gravatar.com\/avatar\/7b21aae922d322c886765765d74a4181eb71106e6cb2377cd38c13bded206392?s=200&#038;d=mm&#038;r=g 2x' class='avatar avatar-100 photo' height='100' width='100' \/>\t\t\t\t\t<p>Leo Baiano \u00e9 programador desde 2001 quando come\u00e7ou a trabalhar na \u00e1rea de TI em uma das Pr\u00f3-Reitorias da Universidade do Estado da Bahia. Desde ent\u00e3o trabalhou com desenvolvimento web em diversas ag\u00eancias da Bahia, ajudou na migra\u00e7\u00e3o dos sistemas das revistas da Editora 3 (Revistas Isto \u00c9, Rural, Dinheiro&#8230;) e cria\u00e7\u00e3o de um tema pai e hoje \u00e9 Programador Senior na empresa Descomplica.<\/p>\n<p><a href=\"https:\/\/2018.saopaulo.wordcamp.org\/session\/graphql-e-wordpress-uma-bonita-uniao\/\"><img data-recalc-dims=\"1\" loading=\"lazy\" decoding=\"async\" data-attachment-id=\"1032\" data-permalink=\"https:\/\/saopaulo.wordcamp.org\/2018\/speaker\/lua-ciceri-schwertner\/attachment\/palestrantes_leo-baiano\/\" data-orig-file=\"https:\/\/i0.wp.com\/saopaulo.wordcamp.org\/2018\/files\/2018\/09\/Palestrantes_Leo-Baiano.png?fit=960%2C720&amp;ssl=1\" data-orig-size=\"960,720\" data-comments-opened=\"1\" data-image-meta=\"{&quot;aperture&quot;:&quot;0&quot;,&quot;credit&quot;:&quot;&quot;,&quot;camera&quot;:&quot;&quot;,&quot;caption&quot;:&quot;&quot;,&quot;created_timestamp&quot;:&quot;0&quot;,&quot;copyright&quot;:&quot;&quot;,&quot;focal_length&quot;:&quot;0&quot;,&quot;iso&quot;:&quot;0&quot;,&quot;shutter_speed&quot;:&quot;0&quot;,&quot;title&quot;:&quot;&quot;,&quot;orientation&quot;:&quot;0&quot;}\" data-image-title=\"Palestrantes_Leo Baiano\" data-image-description=\"\" data-image-caption=\"\" data-large-file=\"https:\/\/i0.wp.com\/saopaulo.wordcamp.org\/2018\/files\/2018\/09\/Palestrantes_Leo-Baiano.png?fit=640%2C480&amp;ssl=1\" class=\"size-full wp-image-1032 aligncenter\" src=\"https:\/\/i0.wp.com\/2018.saopaulo.wordcamp.org\/files\/2018\/09\/Palestrantes_Leo-Baiano.png?resize=830%2C623&#038;ssl=1\" alt=\"\" width=\"830\" height=\"623\" srcset=\"https:\/\/i0.wp.com\/saopaulo.wordcamp.org\/2018\/files\/2018\/09\/Palestrantes_Leo-Baiano.png?w=960&amp;ssl=1 960w, https:\/\/i0.wp.com\/saopaulo.wordcamp.org\/2018\/files\/2018\/09\/Palestrantes_Leo-Baiano.png?resize=300%2C225&amp;ssl=1 300w, https:\/\/i0.wp.com\/saopaulo.wordcamp.org\/2018\/files\/2018\/09\/Palestrantes_Leo-Baiano.png?resize=768%2C576&amp;ssl=1 768w, https:\/\/i0.wp.com\/saopaulo.wordcamp.org\/2018\/files\/2018\/09\/Palestrantes_Leo-Baiano.png?resize=400%2C300&amp;ssl=1 400w\" sizes=\"auto, (max-width: 830px) 100vw, 830px\" \/><\/a><\/p>\n\t\t\t\t<\/div>\n\t\t\t<\/div>\n\n\t\t\n\t\t\t<!-- Organizers note: The id attribute is deprecated and only remains for backwards compatibility, please use the corresponding class to target individual speakers -->\n\t\t\t<div id=\"wcorg-speaker-william-daflita\" class=\"wcorg-speaker wcorg-speaker-william-daflita wcorg-track-miniauditorio wcorg-track-negocios\">\n\t\t\t\t<h2>\n\t\t\t\t\t\n\t\t\t\t\t\tWilliam Daflita\n\t\t\t\t\t\t\t\t\t<\/h2>\n\n\t\t\t\t<div class=\"wcorg-speaker-description\">\n\t\t\t\t\t<img alt='' src='https:\/\/secure.gravatar.com\/avatar\/0c59ac49d936f5ca5b1cb6113d10eb9c338e633195c7a3afc90ec639b280fadf?s=100&#038;d=mm&#038;r=g' srcset='https:\/\/secure.gravatar.com\/avatar\/0c59ac49d936f5ca5b1cb6113d10eb9c338e633195c7a3afc90ec639b280fadf?s=200&#038;d=mm&#038;r=g 2x' class='avatar avatar-100 photo' height='100' width='100' \/>\t\t\t\t\t<p><a href=\"https:\/\/2018.saopaulo.wordcamp.org\/session\/acessibilidade-digital-por-que-voce-deve-se-preocupar-com-isso\/\"><img data-recalc-dims=\"1\" loading=\"lazy\" decoding=\"async\" data-attachment-id=\"1681\" data-permalink=\"https:\/\/saopaulo.wordcamp.org\/2018\/session\/acessibilidade-digital-por-que-voce-deve-se-preocupar-com-isso\/attachment\/palestrante_william_daflita\/\" data-orig-file=\"https:\/\/i0.wp.com\/saopaulo.wordcamp.org\/2018\/files\/2018\/09\/Palestrante_William_Daflita.png?fit=960%2C720&amp;ssl=1\" data-orig-size=\"960,720\" data-comments-opened=\"1\" data-image-meta=\"{&quot;aperture&quot;:&quot;0&quot;,&quot;credit&quot;:&quot;&quot;,&quot;camera&quot;:&quot;&quot;,&quot;caption&quot;:&quot;&quot;,&quot;created_timestamp&quot;:&quot;0&quot;,&quot;copyright&quot;:&quot;&quot;,&quot;focal_length&quot;:&quot;0&quot;,&quot;iso&quot;:&quot;0&quot;,&quot;shutter_speed&quot;:&quot;0&quot;,&quot;title&quot;:&quot;&quot;,&quot;orientation&quot;:&quot;0&quot;}\" data-image-title=\"Palestrante_William_Daflita\" data-image-description=\"\" data-image-caption=\"\" data-large-file=\"https:\/\/i0.wp.com\/saopaulo.wordcamp.org\/2018\/files\/2018\/09\/Palestrante_William_Daflita.png?fit=640%2C480&amp;ssl=1\" class=\"alignnone size-full wp-image-1681\" src=\"https:\/\/i0.wp.com\/2018.saopaulo.wordcamp.org\/files\/2018\/09\/Palestrante_William_Daflita.png?resize=830%2C623&#038;ssl=1\" alt=\"\" width=\"830\" height=\"623\" srcset=\"https:\/\/i0.wp.com\/saopaulo.wordcamp.org\/2018\/files\/2018\/09\/Palestrante_William_Daflita.png?w=960&amp;ssl=1 960w, https:\/\/i0.wp.com\/saopaulo.wordcamp.org\/2018\/files\/2018\/09\/Palestrante_William_Daflita.png?resize=300%2C225&amp;ssl=1 300w, https:\/\/i0.wp.com\/saopaulo.wordcamp.org\/2018\/files\/2018\/09\/Palestrante_William_Daflita.png?resize=768%2C576&amp;ssl=1 768w, https:\/\/i0.wp.com\/saopaulo.wordcamp.org\/2018\/files\/2018\/09\/Palestrante_William_Daflita.png?resize=400%2C300&amp;ssl=1 400w\" sizes=\"auto, (max-width: 830px) 100vw, 830px\" \/><\/a><\/p>\n<p>Autodidata por natureza, atua h\u00e1 13 anos na \u00e1rea de desenvolvimento web, 7 deles dedicados \u00e0 programa\u00e7\u00e3o acess\u00edvel, sua especialidade. Trabalha como Coordenador de Tecnologia na Espiral Interativa, ag\u00eancia digital focada na comunica\u00e7\u00e3o de causas e projetos de impacto social, \u00e9 L\u00edder de Desenvolvimento do Movimento Web para Todos, que re\u00fane mais de 25 organiza\u00e7\u00f5es em prol da acessibilidade digital e Membro do Grupo de Trabalho de Acessibilidade na Web do W3C Brasil.<\/p>\n<p>&nbsp;<\/p>\n\t\t\t\t<\/div>\n\t\t\t<\/div>\n\n\t\t\n\t\t\t<!-- Organizers note: The id attribute is deprecated and only remains for backwards compatibility, please use the corresponding class to target individual speakers -->\n\t\t\t<div id=\"wcorg-speaker-joao-vicente-farias-santos\" class=\"wcorg-speaker wcorg-speaker-joao-vicente-farias-santos wcorg-track-miniauditorio wcorg-track-negocios\">\n\t\t\t\t<h2>\n\t\t\t\t\t\n\t\t\t\t\t\tJo\u00e3o Vicente Farias Santos\n\t\t\t\t\t\t\t\t\t<\/h2>\n\n\t\t\t\t<div class=\"wcorg-speaker-description\">\n\t\t\t\t\t<img alt='' src='https:\/\/secure.gravatar.com\/avatar\/b5d8ecf9b2d3f08d489a5806905a1591995fa0962c131f852ac548866c7ee380?s=100&#038;d=mm&#038;r=g' srcset='https:\/\/secure.gravatar.com\/avatar\/b5d8ecf9b2d3f08d489a5806905a1591995fa0962c131f852ac548866c7ee380?s=200&#038;d=mm&#038;r=g 2x' class='avatar avatar-100 photo' height='100' width='100' \/>\t\t\t\t\t<p>Apaixonado por tecnologia e vendas, s\u00f3cio da UpSites Digital. Trabalha com marketing desde 2006. Hoje atua como gestor de vendas a equipe da UpSites e Pre-Sales de novos neg\u00f3cio para o Google.<\/p>\n<p><a href=\"https:\/\/2018.saopaulo.wordcamp.org\/session\/como-montar-um-processo-matador-para-vender-mais-sites-em-wordpress\/\"><img data-recalc-dims=\"1\" loading=\"lazy\" decoding=\"async\" data-attachment-id=\"1437\" data-permalink=\"https:\/\/saopaulo.wordcamp.org\/2018\/session\/mais-diversidade-nos-eventos-do-wordpress\/attachment\/joao-vicente\/\" data-orig-file=\"https:\/\/i0.wp.com\/saopaulo.wordcamp.org\/2018\/files\/2018\/09\/joao-vicente.png?fit=960%2C720&amp;ssl=1\" data-orig-size=\"960,720\" data-comments-opened=\"1\" data-image-meta=\"{&quot;aperture&quot;:&quot;0&quot;,&quot;credit&quot;:&quot;&quot;,&quot;camera&quot;:&quot;&quot;,&quot;caption&quot;:&quot;&quot;,&quot;created_timestamp&quot;:&quot;0&quot;,&quot;copyright&quot;:&quot;&quot;,&quot;focal_length&quot;:&quot;0&quot;,&quot;iso&quot;:&quot;0&quot;,&quot;shutter_speed&quot;:&quot;0&quot;,&quot;title&quot;:&quot;&quot;,&quot;orientation&quot;:&quot;0&quot;}\" data-image-title=\"joao-vicente\" data-image-description=\"\" data-image-caption=\"\" data-large-file=\"https:\/\/i0.wp.com\/saopaulo.wordcamp.org\/2018\/files\/2018\/09\/joao-vicente.png?fit=640%2C480&amp;ssl=1\" class=\"alignnone size-full wp-image-1437\" src=\"https:\/\/i0.wp.com\/2018.saopaulo.wordcamp.org\/files\/2018\/09\/joao-vicente.png?resize=830%2C623&#038;ssl=1\" alt=\"\" width=\"830\" height=\"623\" srcset=\"https:\/\/i0.wp.com\/saopaulo.wordcamp.org\/2018\/files\/2018\/09\/joao-vicente.png?w=960&amp;ssl=1 960w, https:\/\/i0.wp.com\/saopaulo.wordcamp.org\/2018\/files\/2018\/09\/joao-vicente.png?resize=300%2C225&amp;ssl=1 300w, https:\/\/i0.wp.com\/saopaulo.wordcamp.org\/2018\/files\/2018\/09\/joao-vicente.png?resize=768%2C576&amp;ssl=1 768w, https:\/\/i0.wp.com\/saopaulo.wordcamp.org\/2018\/files\/2018\/09\/joao-vicente.png?resize=400%2C300&amp;ssl=1 400w\" sizes=\"auto, (max-width: 830px) 100vw, 830px\" \/><\/a><\/p>\n\t\t\t\t<\/div>\n\t\t\t<\/div>\n\n\t\t\n\t\t\t<!-- Organizers note: The id attribute is deprecated and only remains for backwards compatibility, please use the corresponding class to target individual speakers -->\n\t\t\t<div id=\"wcorg-speaker-fernanda-giannini\" class=\"wcorg-speaker wcorg-speaker-fernanda-giannini wcorg-track-auditorio wcorg-track-design\">\n\t\t\t\t<h2>\n\t\t\t\t\t\n\t\t\t\t\t\tFernanda Giannini\n\t\t\t\t\t\t\t\t\t<\/h2>\n\n\t\t\t\t<div class=\"wcorg-speaker-description\">\n\t\t\t\t\t<img alt='' src='https:\/\/secure.gravatar.com\/avatar\/c0ddd72c5692bab01395a12430e3e9111be0fe46e765bacf4bb21e54a4b78f2a?s=100&#038;d=mm&#038;r=g' srcset='https:\/\/secure.gravatar.com\/avatar\/c0ddd72c5692bab01395a12430e3e9111be0fe46e765bacf4bb21e54a4b78f2a?s=200&#038;d=mm&#038;r=g 2x' class='avatar avatar-100 photo' height='100' width='100' \/>\t\t\t\t\t<p style=\"text-align: left\">Mestre em Empreendedorismo e Inova\u00e7\u00e3o pela FEA\/USP, Fernanda Giannini desenvolve temas em WordPress desde 2011, \u00e9 fundadora da eventosdobem.com.br e professora de Gest\u00e3o de Neg\u00f3cios no SENAC. Inquieta e curiosa, adora aprender coisas novas e atualmente est\u00e1 empreendendo em um ecommerce de confeitaria digital.<\/p>\n<p><a href=\"https:\/\/2018.saopaulo.wordcamp.org\/session\/desenhando-chatbots-like-a-boss-metodologia-ux-cases-reflexoes-e-muita-empatia\/\"><img data-recalc-dims=\"1\" loading=\"lazy\" decoding=\"async\" data-attachment-id=\"1433\" data-permalink=\"https:\/\/saopaulo.wordcamp.org\/2018\/session\/mais-diversidade-nos-eventos-do-wordpress\/attachment\/fernanda\/\" data-orig-file=\"https:\/\/i0.wp.com\/saopaulo.wordcamp.org\/2018\/files\/2018\/09\/fernanda.png?fit=960%2C720&amp;ssl=1\" data-orig-size=\"960,720\" data-comments-opened=\"1\" data-image-meta=\"{&quot;aperture&quot;:&quot;0&quot;,&quot;credit&quot;:&quot;&quot;,&quot;camera&quot;:&quot;&quot;,&quot;caption&quot;:&quot;&quot;,&quot;created_timestamp&quot;:&quot;0&quot;,&quot;copyright&quot;:&quot;&quot;,&quot;focal_length&quot;:&quot;0&quot;,&quot;iso&quot;:&quot;0&quot;,&quot;shutter_speed&quot;:&quot;0&quot;,&quot;title&quot;:&quot;&quot;,&quot;orientation&quot;:&quot;0&quot;}\" data-image-title=\"fernanda\" data-image-description=\"\" data-image-caption=\"\" data-large-file=\"https:\/\/i0.wp.com\/saopaulo.wordcamp.org\/2018\/files\/2018\/09\/fernanda.png?fit=640%2C480&amp;ssl=1\" class=\"alignnone size-full wp-image-1433\" src=\"https:\/\/i0.wp.com\/2018.saopaulo.wordcamp.org\/files\/2018\/09\/fernanda.png?resize=830%2C623&#038;ssl=1\" alt=\"\" width=\"830\" height=\"623\" srcset=\"https:\/\/i0.wp.com\/saopaulo.wordcamp.org\/2018\/files\/2018\/09\/fernanda.png?w=960&amp;ssl=1 960w, https:\/\/i0.wp.com\/saopaulo.wordcamp.org\/2018\/files\/2018\/09\/fernanda.png?resize=300%2C225&amp;ssl=1 300w, https:\/\/i0.wp.com\/saopaulo.wordcamp.org\/2018\/files\/2018\/09\/fernanda.png?resize=768%2C576&amp;ssl=1 768w, https:\/\/i0.wp.com\/saopaulo.wordcamp.org\/2018\/files\/2018\/09\/fernanda.png?resize=400%2C300&amp;ssl=1 400w\" sizes=\"auto, (max-width: 830px) 100vw, 830px\" \/><\/a><\/p>\n\t\t\t\t<\/div>\n\t\t\t<\/div>\n\n\t\t\n\t\t\t<!-- Organizers note: The id attribute is deprecated and only remains for backwards compatibility, please use the corresponding class to target individual speakers -->\n\t\t\t<div id=\"wcorg-speaker-gilmar-oliveira\" class=\"wcorg-speaker wcorg-speaker-gilmar-oliveira wcorg-track-auditorio wcorg-track-desenvolvimento\">\n\t\t\t\t<h2>\n\t\t\t\t\t\n\t\t\t\t\t\tGilmar Oliveira\n\t\t\t\t\t\t\t\t\t<\/h2>\n\n\t\t\t\t<div class=\"wcorg-speaker-description\">\n\t\t\t\t\t<img alt='' src='https:\/\/secure.gravatar.com\/avatar\/4de72deb16cf759e37557202c1fa454d44d0f1e62814f0450e010ea0035c3343?s=100&#038;d=mm&#038;r=g' srcset='https:\/\/secure.gravatar.com\/avatar\/4de72deb16cf759e37557202c1fa454d44d0f1e62814f0450e010ea0035c3343?s=200&#038;d=mm&#038;r=g 2x' class='avatar avatar-100 photo' height='100' width='100' \/>\t\t\t\t\t<p>Formado em An\u00e1lise e Desenvolvimento de Sistemas pela UNIP, atuo com desenvolvimento de sistemas a 3 anos, atualmente desenvolvedor s\u00eanior na empresa Avanade. Entusiasta no mundo web e mobile.<\/p>\n<p><a href=\"https:\/\/2018.saopaulo.wordcamp.org\/session\/wordpress-ionic\/\"><img data-recalc-dims=\"1\" loading=\"lazy\" decoding=\"async\" data-attachment-id=\"1434\" data-permalink=\"https:\/\/saopaulo.wordcamp.org\/2018\/session\/mais-diversidade-nos-eventos-do-wordpress\/attachment\/gilmar\/\" data-orig-file=\"https:\/\/i0.wp.com\/saopaulo.wordcamp.org\/2018\/files\/2018\/09\/gilmar.png?fit=960%2C720&amp;ssl=1\" data-orig-size=\"960,720\" data-comments-opened=\"1\" data-image-meta=\"{&quot;aperture&quot;:&quot;0&quot;,&quot;credit&quot;:&quot;&quot;,&quot;camera&quot;:&quot;&quot;,&quot;caption&quot;:&quot;&quot;,&quot;created_timestamp&quot;:&quot;0&quot;,&quot;copyright&quot;:&quot;&quot;,&quot;focal_length&quot;:&quot;0&quot;,&quot;iso&quot;:&quot;0&quot;,&quot;shutter_speed&quot;:&quot;0&quot;,&quot;title&quot;:&quot;&quot;,&quot;orientation&quot;:&quot;0&quot;}\" data-image-title=\"gilmar\" data-image-description=\"\" data-image-caption=\"\" data-large-file=\"https:\/\/i0.wp.com\/saopaulo.wordcamp.org\/2018\/files\/2018\/09\/gilmar.png?fit=640%2C480&amp;ssl=1\" class=\"alignnone size-full wp-image-1434\" src=\"https:\/\/i0.wp.com\/2018.saopaulo.wordcamp.org\/files\/2018\/09\/gilmar.png?resize=830%2C623&#038;ssl=1\" alt=\"\" width=\"830\" height=\"623\" srcset=\"https:\/\/i0.wp.com\/saopaulo.wordcamp.org\/2018\/files\/2018\/09\/gilmar.png?w=960&amp;ssl=1 960w, https:\/\/i0.wp.com\/saopaulo.wordcamp.org\/2018\/files\/2018\/09\/gilmar.png?resize=300%2C225&amp;ssl=1 300w, https:\/\/i0.wp.com\/saopaulo.wordcamp.org\/2018\/files\/2018\/09\/gilmar.png?resize=768%2C576&amp;ssl=1 768w, https:\/\/i0.wp.com\/saopaulo.wordcamp.org\/2018\/files\/2018\/09\/gilmar.png?resize=400%2C300&amp;ssl=1 400w\" sizes=\"auto, (max-width: 830px) 100vw, 830px\" \/><\/a><\/p>\n\t\t\t\t<\/div>\n\t\t\t<\/div>\n\n\t\t\n\t\t\t<!-- Organizers note: The id attribute is deprecated and only remains for backwards compatibility, please use the corresponding class to target individual speakers -->\n\t\t\t<div id=\"wcorg-speaker-erika-massafera\" class=\"wcorg-speaker wcorg-speaker-erika-massafera wcorg-track-miniauditorio wcorg-track-negocios\">\n\t\t\t\t<h2>\n\t\t\t\t\t\n\t\t\t\t\t\tErika Massafera\n\t\t\t\t\t\t\t\t\t<\/h2>\n\n\t\t\t\t<div class=\"wcorg-speaker-description\">\n\t\t\t\t\t<img alt='' src='https:\/\/secure.gravatar.com\/avatar\/77df5396054889a5c0fa55f021b31d4e22727fc46f724cb7b312d1729f62ea28?s=100&#038;d=mm&#038;r=g' srcset='https:\/\/secure.gravatar.com\/avatar\/77df5396054889a5c0fa55f021b31d4e22727fc46f724cb7b312d1729f62ea28?s=200&#038;d=mm&#038;r=g 2x' class='avatar avatar-100 photo' height='100' width='100' \/>\t\t\t\t\t<p>Profissional multipotencial apaixonada por planejamento, tecnologias, design e ux . Adora participar de comunidades e e eventos de tecnologia para adquirir conhecimento e a partir deste ano entrou para o mundo do WordPress, tendo como seu primeiro projeto uma loja virtual de brinquedos para gatos e hoje atua como Desenvolvedora WordPress Jr na Farmer Mkt Digital.<\/p>\n<p><a href=\"https:\/\/2018.saopaulo.wordcamp.org\/session\/como-fiz-uma-loja-virtual-sem-saber-programar\/\"><img data-recalc-dims=\"1\" loading=\"lazy\" decoding=\"async\" data-attachment-id=\"1602\" data-permalink=\"https:\/\/saopaulo.wordcamp.org\/2018\/session\/como-fiz-uma-loja-virtual-sem-saber-programar\/attachment\/erika\/\" data-orig-file=\"https:\/\/i0.wp.com\/saopaulo.wordcamp.org\/2018\/files\/2018\/09\/erika.png?fit=960%2C720&amp;ssl=1\" data-orig-size=\"960,720\" data-comments-opened=\"1\" data-image-meta=\"{&quot;aperture&quot;:&quot;0&quot;,&quot;credit&quot;:&quot;&quot;,&quot;camera&quot;:&quot;&quot;,&quot;caption&quot;:&quot;&quot;,&quot;created_timestamp&quot;:&quot;0&quot;,&quot;copyright&quot;:&quot;&quot;,&quot;focal_length&quot;:&quot;0&quot;,&quot;iso&quot;:&quot;0&quot;,&quot;shutter_speed&quot;:&quot;0&quot;,&quot;title&quot;:&quot;&quot;,&quot;orientation&quot;:&quot;0&quot;}\" data-image-title=\"erika\" data-image-description=\"\" data-image-caption=\"\" data-large-file=\"https:\/\/i0.wp.com\/saopaulo.wordcamp.org\/2018\/files\/2018\/09\/erika.png?fit=640%2C480&amp;ssl=1\" class=\"alignnone size-full wp-image-1602\" src=\"https:\/\/i0.wp.com\/2018.saopaulo.wordcamp.org\/files\/2018\/09\/erika.png?resize=830%2C623&#038;ssl=1\" alt=\"\" width=\"830\" height=\"623\" srcset=\"https:\/\/i0.wp.com\/saopaulo.wordcamp.org\/2018\/files\/2018\/09\/erika.png?w=960&amp;ssl=1 960w, https:\/\/i0.wp.com\/saopaulo.wordcamp.org\/2018\/files\/2018\/09\/erika.png?resize=300%2C225&amp;ssl=1 300w, https:\/\/i0.wp.com\/saopaulo.wordcamp.org\/2018\/files\/2018\/09\/erika.png?resize=768%2C576&amp;ssl=1 768w, https:\/\/i0.wp.com\/saopaulo.wordcamp.org\/2018\/files\/2018\/09\/erika.png?resize=400%2C300&amp;ssl=1 400w\" sizes=\"auto, (max-width: 830px) 100vw, 830px\" \/><\/a><\/p>\n\t\t\t\t<\/div>\n\t\t\t<\/div>\n\n\t\t\n\t\t\t<!-- Organizers note: The id attribute is deprecated and only remains for backwards compatibility, please use the corresponding class to target individual speakers -->\n\t\t\t<div id=\"wcorg-speaker-mahmod-a-issa\" class=\"wcorg-speaker wcorg-speaker-mahmod-a-issa wcorg-track-auditorio wcorg-track-desenvolvimento\">\n\t\t\t\t<h2>\n\t\t\t\t\t\n\t\t\t\t\t\tMahmod A. Issa\n\t\t\t\t\t\t\t\t\t<\/h2>\n\n\t\t\t\t<div class=\"wcorg-speaker-description\">\n\t\t\t\t\t<img alt='' src='https:\/\/secure.gravatar.com\/avatar\/2c834eb6e6cc562a8274e37131b2311b202a7e25a6fbc083196d0a14c9d1dd82?s=100&#038;d=mm&#038;r=g' srcset='https:\/\/secure.gravatar.com\/avatar\/2c834eb6e6cc562a8274e37131b2311b202a7e25a6fbc083196d0a14c9d1dd82?s=200&#038;d=mm&#038;r=g 2x' class='avatar avatar-100 photo' height='100' width='100' \/>\t\t\t\t\t<p>Desenvolvedor apaixonado por WordPress, hoje trabalha na SGI \u2013 Superintend\u00eancia de Gest\u00e3o da Informa\u00e7\u00e3o cuidando e desenvolvendo mais de 130 sites em WordPress do Governo do Estado de Mato Grosso do Sul. Louco por novas tendencias e coxinha \u00e9 claro.<\/p>\n<p><a href=\"https:\/\/2018.saopaulo.wordcamp.org\/session\/performance-peso-pesado\/\"><img data-recalc-dims=\"1\" loading=\"lazy\" decoding=\"async\" data-attachment-id=\"1683\" data-permalink=\"https:\/\/saopaulo.wordcamp.org\/2018\/session\/performance-peso-pesado\/attachment\/palestrante_mahmod\/\" data-orig-file=\"https:\/\/i0.wp.com\/saopaulo.wordcamp.org\/2018\/files\/2018\/09\/Palestrante_Mahmod.png?fit=960%2C720&amp;ssl=1\" data-orig-size=\"960,720\" data-comments-opened=\"1\" data-image-meta=\"{&quot;aperture&quot;:&quot;0&quot;,&quot;credit&quot;:&quot;&quot;,&quot;camera&quot;:&quot;&quot;,&quot;caption&quot;:&quot;&quot;,&quot;created_timestamp&quot;:&quot;0&quot;,&quot;copyright&quot;:&quot;&quot;,&quot;focal_length&quot;:&quot;0&quot;,&quot;iso&quot;:&quot;0&quot;,&quot;shutter_speed&quot;:&quot;0&quot;,&quot;title&quot;:&quot;&quot;,&quot;orientation&quot;:&quot;0&quot;}\" data-image-title=\"Palestrante_Mahmod\" data-image-description=\"\" data-image-caption=\"\" data-large-file=\"https:\/\/i0.wp.com\/saopaulo.wordcamp.org\/2018\/files\/2018\/09\/Palestrante_Mahmod.png?fit=640%2C480&amp;ssl=1\" class=\"alignnone size-full wp-image-1683\" src=\"https:\/\/i0.wp.com\/2018.saopaulo.wordcamp.org\/files\/2018\/09\/Palestrante_Mahmod.png?resize=830%2C623&#038;ssl=1\" alt=\"\" width=\"830\" height=\"623\" srcset=\"https:\/\/i0.wp.com\/saopaulo.wordcamp.org\/2018\/files\/2018\/09\/Palestrante_Mahmod.png?w=960&amp;ssl=1 960w, https:\/\/i0.wp.com\/saopaulo.wordcamp.org\/2018\/files\/2018\/09\/Palestrante_Mahmod.png?resize=300%2C225&amp;ssl=1 300w, https:\/\/i0.wp.com\/saopaulo.wordcamp.org\/2018\/files\/2018\/09\/Palestrante_Mahmod.png?resize=768%2C576&amp;ssl=1 768w, https:\/\/i0.wp.com\/saopaulo.wordcamp.org\/2018\/files\/2018\/09\/Palestrante_Mahmod.png?resize=400%2C300&amp;ssl=1 400w\" sizes=\"auto, (max-width: 830px) 100vw, 830px\" \/><\/a><\/p>\n\t\t\t\t<\/div>\n\t\t\t<\/div>\n\n\t\t\n\t\t\t<!-- Organizers note: The id attribute is deprecated and only remains for backwards compatibility, please use the corresponding class to target individual speakers -->\n\t\t\t<div id=\"wcorg-speaker-sheila-gomes\" class=\"wcorg-speaker wcorg-speaker-sheila-gomes wcorg-track-comunidade wcorg-track-workshop\">\n\t\t\t\t<h2>\n\t\t\t\t\t\n\t\t\t\t\t\tSheila Gomes\n\t\t\t\t\t\t\t\t\t<\/h2>\n\n\t\t\t\t<div class=\"wcorg-speaker-description\">\n\t\t\t\t\t<img alt='' src='https:\/\/secure.gravatar.com\/avatar\/5c7a25b45f609deed8e9105e1076e1d115141656c49d90643956c5eb69f67c92?s=100&#038;d=mm&#038;r=g' srcset='https:\/\/secure.gravatar.com\/avatar\/5c7a25b45f609deed8e9105e1076e1d115141656c49d90643956c5eb69f67c92?s=200&#038;d=mm&#038;r=g 2x' class='avatar avatar-100 photo' height='100' width='100' \/>\t\t\t\t\t<p>Tradutora no par ingl\u00eas-portugu\u00eas e promotora do uso de ferramentas livres e de c\u00f3digo aberto na tradu\u00e7\u00e3o. Especializada em localiza\u00e7\u00e3o de jogos, sites e software.<\/p>\n<p><a href=\"https:\/\/2018.saopaulo.wordcamp.org\/session\/mais-diversidade-nos-eventos-do-wordpress\/\"><img data-recalc-dims=\"1\" loading=\"lazy\" decoding=\"async\" data-attachment-id=\"1435\" data-permalink=\"https:\/\/saopaulo.wordcamp.org\/2018\/session\/mais-diversidade-nos-eventos-do-wordpress\/attachment\/sheila\/\" data-orig-file=\"https:\/\/i0.wp.com\/saopaulo.wordcamp.org\/2018\/files\/2018\/09\/sheila.png?fit=960%2C720&amp;ssl=1\" data-orig-size=\"960,720\" data-comments-opened=\"1\" data-image-meta=\"{&quot;aperture&quot;:&quot;0&quot;,&quot;credit&quot;:&quot;&quot;,&quot;camera&quot;:&quot;&quot;,&quot;caption&quot;:&quot;&quot;,&quot;created_timestamp&quot;:&quot;0&quot;,&quot;copyright&quot;:&quot;&quot;,&quot;focal_length&quot;:&quot;0&quot;,&quot;iso&quot;:&quot;0&quot;,&quot;shutter_speed&quot;:&quot;0&quot;,&quot;title&quot;:&quot;&quot;,&quot;orientation&quot;:&quot;0&quot;}\" data-image-title=\"sheila\" data-image-description=\"\" data-image-caption=\"\" data-large-file=\"https:\/\/i0.wp.com\/saopaulo.wordcamp.org\/2018\/files\/2018\/09\/sheila.png?fit=640%2C480&amp;ssl=1\" class=\"alignnone size-full wp-image-1435\" src=\"https:\/\/i0.wp.com\/2018.saopaulo.wordcamp.org\/files\/2018\/09\/sheila.png?resize=830%2C623&#038;ssl=1\" alt=\"\" width=\"830\" height=\"623\" srcset=\"https:\/\/i0.wp.com\/saopaulo.wordcamp.org\/2018\/files\/2018\/09\/sheila.png?w=960&amp;ssl=1 960w, https:\/\/i0.wp.com\/saopaulo.wordcamp.org\/2018\/files\/2018\/09\/sheila.png?resize=300%2C225&amp;ssl=1 300w, https:\/\/i0.wp.com\/saopaulo.wordcamp.org\/2018\/files\/2018\/09\/sheila.png?resize=768%2C576&amp;ssl=1 768w, https:\/\/i0.wp.com\/saopaulo.wordcamp.org\/2018\/files\/2018\/09\/sheila.png?resize=400%2C300&amp;ssl=1 400w\" sizes=\"auto, (max-width: 830px) 100vw, 830px\" \/><\/a><\/p>\n\t\t\t\t<\/div>\n\t\t\t<\/div>\n\n\t\t\n\t\t\t<!-- Organizers note: The id attribute is deprecated and only remains for backwards compatibility, please use the corresponding class to target individual speakers -->\n\t\t\t<div id=\"wcorg-speaker-jakeliny-gracielly\" class=\"wcorg-speaker wcorg-speaker-jakeliny-gracielly wcorg-track-auditorio wcorg-track-desenvolvimento\">\n\t\t\t\t<h2>\n\t\t\t\t\t\n\t\t\t\t\t\tJakeliny Gracielly\n\t\t\t\t\t\t\t\t\t<\/h2>\n\n\t\t\t\t<div class=\"wcorg-speaker-description\">\n\t\t\t\t\t<img alt='' src='https:\/\/secure.gravatar.com\/avatar\/fe1b01dcf05ef100b379e21c88796337b74a0d7deb30b0843f57c8e625ae5599?s=100&#038;d=mm&#038;r=g' srcset='https:\/\/secure.gravatar.com\/avatar\/fe1b01dcf05ef100b379e21c88796337b74a0d7deb30b0843f57c8e625ae5599?s=200&#038;d=mm&#038;r=g 2x' class='avatar avatar-100 photo' height='100' width='100' \/>\t\t\t\t\t<p>L\u00edder de desenvolvimento na FCamara e decodificadora da Matrix. Analista de sistemas e t\u00e9cnica em programa\u00e7\u00e3o, trabalha h\u00e1 5 anos em projetos de tecnologia e desenvolvimento. \u00c9 co-organizadora de comunidades (WordPress S\u00e3o Paulo, Nerdz\u00e3o), entusiasta de cyber security e intelig\u00eancia artificial<\/p>\n<p><a href=\"https:\/\/2018.saopaulo.wordcamp.org\/session\/desenvolva-temas-como-um-viking-odin-framework\/\"><img data-recalc-dims=\"1\" loading=\"lazy\" decoding=\"async\" data-attachment-id=\"1030\" data-permalink=\"https:\/\/saopaulo.wordcamp.org\/2018\/speaker\/lua-ciceri-schwertner\/attachment\/palestrantes_jakeliny-gracielly\/\" data-orig-file=\"https:\/\/i0.wp.com\/saopaulo.wordcamp.org\/2018\/files\/2018\/09\/Palestrantes_Jakeliny-Gracielly.png?fit=960%2C720&amp;ssl=1\" data-orig-size=\"960,720\" data-comments-opened=\"1\" data-image-meta=\"{&quot;aperture&quot;:&quot;0&quot;,&quot;credit&quot;:&quot;&quot;,&quot;camera&quot;:&quot;&quot;,&quot;caption&quot;:&quot;&quot;,&quot;created_timestamp&quot;:&quot;0&quot;,&quot;copyright&quot;:&quot;&quot;,&quot;focal_length&quot;:&quot;0&quot;,&quot;iso&quot;:&quot;0&quot;,&quot;shutter_speed&quot;:&quot;0&quot;,&quot;title&quot;:&quot;&quot;,&quot;orientation&quot;:&quot;0&quot;}\" data-image-title=\"Palestrantes_Jakeliny Gracielly\" data-image-description=\"\" data-image-caption=\"\" data-large-file=\"https:\/\/i0.wp.com\/saopaulo.wordcamp.org\/2018\/files\/2018\/09\/Palestrantes_Jakeliny-Gracielly.png?fit=640%2C480&amp;ssl=1\" class=\"size-full wp-image-1030 aligncenter\" src=\"https:\/\/i0.wp.com\/2018.saopaulo.wordcamp.org\/files\/2018\/09\/Palestrantes_Jakeliny-Gracielly.png?resize=830%2C623&#038;ssl=1\" alt=\"\" width=\"830\" height=\"623\" srcset=\"https:\/\/i0.wp.com\/saopaulo.wordcamp.org\/2018\/files\/2018\/09\/Palestrantes_Jakeliny-Gracielly.png?w=960&amp;ssl=1 960w, https:\/\/i0.wp.com\/saopaulo.wordcamp.org\/2018\/files\/2018\/09\/Palestrantes_Jakeliny-Gracielly.png?resize=300%2C225&amp;ssl=1 300w, https:\/\/i0.wp.com\/saopaulo.wordcamp.org\/2018\/files\/2018\/09\/Palestrantes_Jakeliny-Gracielly.png?resize=768%2C576&amp;ssl=1 768w, https:\/\/i0.wp.com\/saopaulo.wordcamp.org\/2018\/files\/2018\/09\/Palestrantes_Jakeliny-Gracielly.png?resize=400%2C300&amp;ssl=1 400w\" sizes=\"auto, (max-width: 830px) 100vw, 830px\" \/><\/a><\/p>\n\t\t\t\t<\/div>\n\t\t\t<\/div>\n\n\t\t\n\t\t\t<!-- Organizers note: The id attribute is deprecated and only remains for backwards compatibility, please use the corresponding class to target individual speakers -->\n\t\t\t<div id=\"wcorg-speaker-rafael-da-guia-sousa\" class=\"wcorg-speaker wcorg-speaker-rafael-da-guia-sousa\">\n\t\t\t\t<h2>\n\t\t\t\t\t\n\t\t\t\t\t\tRafael da Guia Sousa\n\t\t\t\t\t\t\t\t\t<\/h2>\n\n\t\t\t\t<div class=\"wcorg-speaker-description\">\n\t\t\t\t\t<img alt='' src='https:\/\/secure.gravatar.com\/avatar\/bb3814bf98c48edcab4a6671b6e46f0a40eb89dfd10d7e10a7b38eedd330b648?s=100&#038;d=mm&#038;r=g' srcset='https:\/\/secure.gravatar.com\/avatar\/bb3814bf98c48edcab4a6671b6e46f0a40eb89dfd10d7e10a7b38eedd330b648?s=200&#038;d=mm&#038;r=g 2x' class='avatar avatar-100 photo' height='100' width='100' \/>\t\t\t\t\t<p>Rafael da Guia, 27 anos, \u00e9 natural de Sorocaba-SP, por\u00e9m reside na cidade de S\u00e3o Paulo h\u00e1 alguns meses. Integra a equipe de TI como desenvolvedor do Centro Popular de M\u00eddias e do Brasil de Fato, meio de comunica\u00e7\u00e3o alternativo relacionado a Movimentos Sociais.<\/p>\n<p><a href=\"https:\/\/2018.saopaulo.wordcamp.org\/session\/o-uso-do-wordpress-na-comunicacao-popular-e-em-lutas-sociais\/\"><img data-recalc-dims=\"1\" loading=\"lazy\" decoding=\"async\" data-attachment-id=\"1031\" data-permalink=\"https:\/\/saopaulo.wordcamp.org\/2018\/speaker\/lua-ciceri-schwertner\/attachment\/palestrantes_rafael-da-guia-sousa\/\" data-orig-file=\"https:\/\/i0.wp.com\/saopaulo.wordcamp.org\/2018\/files\/2018\/09\/Palestrantes_Rafael-da-Guia-Sousa.png?fit=960%2C720&amp;ssl=1\" data-orig-size=\"960,720\" data-comments-opened=\"1\" data-image-meta=\"{&quot;aperture&quot;:&quot;0&quot;,&quot;credit&quot;:&quot;&quot;,&quot;camera&quot;:&quot;&quot;,&quot;caption&quot;:&quot;&quot;,&quot;created_timestamp&quot;:&quot;0&quot;,&quot;copyright&quot;:&quot;&quot;,&quot;focal_length&quot;:&quot;0&quot;,&quot;iso&quot;:&quot;0&quot;,&quot;shutter_speed&quot;:&quot;0&quot;,&quot;title&quot;:&quot;&quot;,&quot;orientation&quot;:&quot;0&quot;}\" data-image-title=\"Palestrantes_Rafael da Guia Sousa\" data-image-description=\"\" data-image-caption=\"\" data-large-file=\"https:\/\/i0.wp.com\/saopaulo.wordcamp.org\/2018\/files\/2018\/09\/Palestrantes_Rafael-da-Guia-Sousa.png?fit=640%2C480&amp;ssl=1\" class=\"size-full wp-image-1031 aligncenter\" src=\"https:\/\/i0.wp.com\/2018.saopaulo.wordcamp.org\/files\/2018\/09\/Palestrantes_Rafael-da-Guia-Sousa.png?resize=830%2C623&#038;ssl=1\" alt=\"\" width=\"830\" height=\"623\" srcset=\"https:\/\/i0.wp.com\/saopaulo.wordcamp.org\/2018\/files\/2018\/09\/Palestrantes_Rafael-da-Guia-Sousa.png?w=960&amp;ssl=1 960w, https:\/\/i0.wp.com\/saopaulo.wordcamp.org\/2018\/files\/2018\/09\/Palestrantes_Rafael-da-Guia-Sousa.png?resize=300%2C225&amp;ssl=1 300w, https:\/\/i0.wp.com\/saopaulo.wordcamp.org\/2018\/files\/2018\/09\/Palestrantes_Rafael-da-Guia-Sousa.png?resize=768%2C576&amp;ssl=1 768w, https:\/\/i0.wp.com\/saopaulo.wordcamp.org\/2018\/files\/2018\/09\/Palestrantes_Rafael-da-Guia-Sousa.png?resize=400%2C300&amp;ssl=1 400w\" sizes=\"auto, (max-width: 830px) 100vw, 830px\" \/><\/a><\/p>\n\t\t\t\t<\/div>\n\t\t\t<\/div>\n\n\t\t\n\t\t\t<!-- Organizers note: The id attribute is deprecated and only remains for backwards compatibility, please use the corresponding class to target individual speakers -->\n\t\t\t<div id=\"wcorg-speaker-arindo-duque\" class=\"wcorg-speaker wcorg-speaker-arindo-duque wcorg-track-auditorio wcorg-track-desenvolvimento\">\n\t\t\t\t<h2>\n\t\t\t\t\t\n\t\t\t\t\t\tArindo Duque\n\t\t\t\t\t\t\t\t\t<\/h2>\n\n\t\t\t\t<div class=\"wcorg-speaker-description\">\n\t\t\t\t\t<img alt='' src='https:\/\/secure.gravatar.com\/avatar\/84072ba4a87777c88a8a546f88551db7a9260d13b76ad8418ddfe507d9f985ae?s=100&#038;d=mm&#038;r=g' srcset='https:\/\/secure.gravatar.com\/avatar\/84072ba4a87777c88a8a546f88551db7a9260d13b76ad8418ddfe507d9f985ae?s=200&#038;d=mm&#038;r=g 2x' class='avatar avatar-100 photo' height='100' width='100' \/>\t\t\t\t\t<p>Programando desde os 15 anos de idade e trabalhando profissionalmente com WordPress desde 2012, desenvolve absolutamente tudo usando o WordPress como ponto de partida, incluindo apps. Atualmente desenvolve o WPUltimo.com e organiza a Comunidade WordPress de Juiz de Fora &#8211; Minas Gerais.<\/p>\n<p><a href=\"https:\/\/2018.saopaulo.wordcamp.org\/session\/desmistificando-o-wordpress-multisite\/\"><img data-recalc-dims=\"1\" loading=\"lazy\" decoding=\"async\" data-attachment-id=\"1036\" data-permalink=\"https:\/\/saopaulo.wordcamp.org\/2018\/speaker\/lua-ciceri-schwertner\/attachment\/palestrantes_arindo-duque\/\" data-orig-file=\"https:\/\/i0.wp.com\/saopaulo.wordcamp.org\/2018\/files\/2018\/09\/Palestrantes_Arindo-Duque.png?fit=960%2C720&amp;ssl=1\" data-orig-size=\"960,720\" data-comments-opened=\"1\" data-image-meta=\"{&quot;aperture&quot;:&quot;0&quot;,&quot;credit&quot;:&quot;&quot;,&quot;camera&quot;:&quot;&quot;,&quot;caption&quot;:&quot;&quot;,&quot;created_timestamp&quot;:&quot;0&quot;,&quot;copyright&quot;:&quot;&quot;,&quot;focal_length&quot;:&quot;0&quot;,&quot;iso&quot;:&quot;0&quot;,&quot;shutter_speed&quot;:&quot;0&quot;,&quot;title&quot;:&quot;&quot;,&quot;orientation&quot;:&quot;0&quot;}\" data-image-title=\"Palestrantes_Arindo Duque\" data-image-description=\"\" data-image-caption=\"\" data-large-file=\"https:\/\/i0.wp.com\/saopaulo.wordcamp.org\/2018\/files\/2018\/09\/Palestrantes_Arindo-Duque.png?fit=640%2C480&amp;ssl=1\" class=\"size-full wp-image-1036 aligncenter\" src=\"https:\/\/i0.wp.com\/2018.saopaulo.wordcamp.org\/files\/2018\/09\/Palestrantes_Arindo-Duque.png?resize=830%2C623&#038;ssl=1\" alt=\"\" width=\"830\" height=\"623\" srcset=\"https:\/\/i0.wp.com\/saopaulo.wordcamp.org\/2018\/files\/2018\/09\/Palestrantes_Arindo-Duque.png?w=960&amp;ssl=1 960w, https:\/\/i0.wp.com\/saopaulo.wordcamp.org\/2018\/files\/2018\/09\/Palestrantes_Arindo-Duque.png?resize=300%2C225&amp;ssl=1 300w, https:\/\/i0.wp.com\/saopaulo.wordcamp.org\/2018\/files\/2018\/09\/Palestrantes_Arindo-Duque.png?resize=768%2C576&amp;ssl=1 768w, https:\/\/i0.wp.com\/saopaulo.wordcamp.org\/2018\/files\/2018\/09\/Palestrantes_Arindo-Duque.png?resize=400%2C300&amp;ssl=1 400w\" sizes=\"auto, (max-width: 830px) 100vw, 830px\" \/><\/a><\/p>\n\t\t\t\t<\/div>\n\t\t\t<\/div>\n\n\t\t\n\t\t\t<!-- Organizers note: The id attribute is deprecated and only remains for backwards compatibility, please use the corresponding class to target individual speakers -->\n\t\t\t<div id=\"wcorg-speaker-lua-ciceri-schwertner\" class=\"wcorg-speaker wcorg-speaker-lua-ciceri-schwertner wcorg-track-miniauditorio wcorg-track-desenvolvimento\">\n\t\t\t\t<h2>\n\t\t\t\t\t\n\t\t\t\t\t\tLu\u00e3 Ciceri Schwertner\n\t\t\t\t\t\t\t\t\t<\/h2>\n\n\t\t\t\t<div class=\"wcorg-speaker-description\">\n\t\t\t\t\t<img alt='' src='https:\/\/secure.gravatar.com\/avatar\/5d9df781e6e954ac16cde5515bc8ef2418856fa0f15811a492242cba2e972bd4?s=100&#038;d=mm&#038;r=g' srcset='https:\/\/secure.gravatar.com\/avatar\/5d9df781e6e954ac16cde5515bc8ef2418856fa0f15811a492242cba2e972bd4?s=200&#038;d=mm&#038;r=g 2x' class='avatar avatar-100 photo' height='100' width='100' \/>\t\t\t\t\t<p>Desenvolvedor Front-End, Analista de SEO e Performance Web. Sou um entusiasta WordPress e acho muito importante disseminar o conhecimento e estar presente na comunidade.<\/p>\n<p><a href=\"https:\/\/2018.saopaulo.wordcamp.org\/session\/otimizando-o-seo-do-seu-site-wordpress\/\"><img data-recalc-dims=\"1\" loading=\"lazy\" decoding=\"async\" data-attachment-id=\"1037\" data-permalink=\"https:\/\/saopaulo.wordcamp.org\/2018\/speaker\/lua-ciceri-schwertner\/attachment\/palestrantes_lua-ciceri-schwertner\/\" data-orig-file=\"https:\/\/i0.wp.com\/saopaulo.wordcamp.org\/2018\/files\/2018\/09\/Palestrantes_Lu%C3%A3-Ciceri-Schwertner.png?fit=960%2C720&amp;ssl=1\" data-orig-size=\"960,720\" data-comments-opened=\"1\" data-image-meta=\"{&quot;aperture&quot;:&quot;0&quot;,&quot;credit&quot;:&quot;&quot;,&quot;camera&quot;:&quot;&quot;,&quot;caption&quot;:&quot;&quot;,&quot;created_timestamp&quot;:&quot;0&quot;,&quot;copyright&quot;:&quot;&quot;,&quot;focal_length&quot;:&quot;0&quot;,&quot;iso&quot;:&quot;0&quot;,&quot;shutter_speed&quot;:&quot;0&quot;,&quot;title&quot;:&quot;&quot;,&quot;orientation&quot;:&quot;0&quot;}\" data-image-title=\"Palestrantes_Lu\u00e3 Ciceri Schwertner\" data-image-description=\"\" data-image-caption=\"\" data-large-file=\"https:\/\/i0.wp.com\/saopaulo.wordcamp.org\/2018\/files\/2018\/09\/Palestrantes_Lu%C3%A3-Ciceri-Schwertner.png?fit=640%2C480&amp;ssl=1\" class=\"size-full wp-image-1037 aligncenter\" src=\"https:\/\/i0.wp.com\/2018.saopaulo.wordcamp.org\/files\/2018\/09\/Palestrantes_Lu%C3%A3-Ciceri-Schwertner.png?resize=830%2C623&#038;ssl=1\" alt=\"\" width=\"830\" height=\"623\" srcset=\"https:\/\/i0.wp.com\/saopaulo.wordcamp.org\/2018\/files\/2018\/09\/Palestrantes_Lu%C3%A3-Ciceri-Schwertner.png?w=960&amp;ssl=1 960w, https:\/\/i0.wp.com\/saopaulo.wordcamp.org\/2018\/files\/2018\/09\/Palestrantes_Lu%C3%A3-Ciceri-Schwertner.png?resize=300%2C225&amp;ssl=1 300w, https:\/\/i0.wp.com\/saopaulo.wordcamp.org\/2018\/files\/2018\/09\/Palestrantes_Lu%C3%A3-Ciceri-Schwertner.png?resize=768%2C576&amp;ssl=1 768w, https:\/\/i0.wp.com\/saopaulo.wordcamp.org\/2018\/files\/2018\/09\/Palestrantes_Lu%C3%A3-Ciceri-Schwertner.png?resize=400%2C300&amp;ssl=1 400w\" sizes=\"auto, (max-width: 830px) 100vw, 830px\" \/><\/a><\/p>\n\t\t\t\t<\/div>\n\t\t\t<\/div>\n\n\t\t\n\t\t\t<!-- Organizers note: The id attribute is deprecated and only remains for backwards compatibility, please use the corresponding class to target individual speakers -->\n\t\t\t<div id=\"wcorg-speaker-pierre-sylvestre\" class=\"wcorg-speaker wcorg-speaker-pierre-sylvestre wcorg-track-desenvolvimento wcorg-track-workshop\">\n\t\t\t\t<h2>\n\t\t\t\t\t\n\t\t\t\t\t\tPierre Sylvestre\n\t\t\t\t\t\t\t\t\t<\/h2>\n\n\t\t\t\t<div class=\"wcorg-speaker-description\">\n\t\t\t\t\t<img alt='' src='https:\/\/secure.gravatar.com\/avatar\/834ae3ec0c1f551f1f10f939fc61093bc330bd76cfbbe56e7881e4b0895a971b?s=100&#038;d=mm&#038;r=g' srcset='https:\/\/secure.gravatar.com\/avatar\/834ae3ec0c1f551f1f10f939fc61093bc330bd76cfbbe56e7881e4b0895a971b?s=200&#038;d=mm&#038;r=g 2x' class='avatar avatar-100 photo' height='100' width='100' \/>\t\t\t\t\t<p>Pierre \u00e9 f\u00e3 do WordPress h\u00e1 cerca de dez anos e trabalha no desenvolvimento do plugin WPML para transformar seu site em multilingue. Ele tamb\u00e9m participa da organiza\u00e7\u00e3o de um Meetup WordPress em sua cidade.<\/p>\n<p><a href=\"https:\/\/2018.saopaulo.wordcamp.org\/session\/testes-automatizados-com-wordpress\/\"><img data-recalc-dims=\"1\" loading=\"lazy\" decoding=\"async\" data-attachment-id=\"1071\" data-permalink=\"https:\/\/saopaulo.wordcamp.org\/2018\/speaker\/pierre-sylvestre\/attachment\/palestrante_pierre-sylvestre\/\" data-orig-file=\"https:\/\/i0.wp.com\/saopaulo.wordcamp.org\/2018\/files\/2018\/09\/Palestrante_Pierre-Sylvestre.png?fit=960%2C720&amp;ssl=1\" data-orig-size=\"960,720\" data-comments-opened=\"1\" data-image-meta=\"{&quot;aperture&quot;:&quot;0&quot;,&quot;credit&quot;:&quot;&quot;,&quot;camera&quot;:&quot;&quot;,&quot;caption&quot;:&quot;&quot;,&quot;created_timestamp&quot;:&quot;0&quot;,&quot;copyright&quot;:&quot;&quot;,&quot;focal_length&quot;:&quot;0&quot;,&quot;iso&quot;:&quot;0&quot;,&quot;shutter_speed&quot;:&quot;0&quot;,&quot;title&quot;:&quot;&quot;,&quot;orientation&quot;:&quot;0&quot;}\" data-image-title=\"Palestrante_Pierre Sylvestre\" data-image-description=\"\" data-image-caption=\"\" data-large-file=\"https:\/\/i0.wp.com\/saopaulo.wordcamp.org\/2018\/files\/2018\/09\/Palestrante_Pierre-Sylvestre.png?fit=640%2C480&amp;ssl=1\" class=\"size-full wp-image-1071 aligncenter\" src=\"https:\/\/i0.wp.com\/2018.saopaulo.wordcamp.org\/files\/2018\/09\/Palestrante_Pierre-Sylvestre.png?resize=830%2C623&#038;ssl=1\" alt=\"\" width=\"830\" height=\"623\" srcset=\"https:\/\/i0.wp.com\/saopaulo.wordcamp.org\/2018\/files\/2018\/09\/Palestrante_Pierre-Sylvestre.png?w=960&amp;ssl=1 960w, https:\/\/i0.wp.com\/saopaulo.wordcamp.org\/2018\/files\/2018\/09\/Palestrante_Pierre-Sylvestre.png?resize=300%2C225&amp;ssl=1 300w, https:\/\/i0.wp.com\/saopaulo.wordcamp.org\/2018\/files\/2018\/09\/Palestrante_Pierre-Sylvestre.png?resize=768%2C576&amp;ssl=1 768w, https:\/\/i0.wp.com\/saopaulo.wordcamp.org\/2018\/files\/2018\/09\/Palestrante_Pierre-Sylvestre.png?resize=400%2C300&amp;ssl=1 400w\" sizes=\"auto, (max-width: 830px) 100vw, 830px\" \/><\/a><\/p>\n\t\t\t\t<\/div>\n\t\t\t<\/div>\n\n\t\t\n\t\t\t<!-- Organizers note: The id attribute is deprecated and only remains for backwards compatibility, please use the corresponding class to target individual speakers -->\n\t\t\t<div id=\"wcorg-speaker-ricardo-lima-goncalves\" class=\"wcorg-speaker wcorg-speaker-ricardo-lima-goncalves\">\n\t\t\t\t<h2>\n\t\t\t\t\t\n\t\t\t\t\t\tRicardo Lima Gon\u00e7alves\n\t\t\t\t\t\t\t\t\t<\/h2>\n\n\t\t\t\t<div class=\"wcorg-speaker-description\">\n\t\t\t\t\t<img alt='' src='https:\/\/secure.gravatar.com\/avatar\/2af297da91ab242323a057d42fed1ca64d2400a564a0a9c608f5e14eb9729a06?s=100&#038;d=mm&#038;r=g' srcset='https:\/\/secure.gravatar.com\/avatar\/2af297da91ab242323a057d42fed1ca64d2400a564a0a9c608f5e14eb9729a06?s=200&#038;d=mm&#038;r=g 2x' class='avatar avatar-100 photo' height='100' width='100' \/>\t\t\t\t\t<p>Pai, marido, desenvolvedor h\u00e1 16 anos, graduado em curiosidade com mestrado em se virar. Apaixonado por software livre, trabalha com WordPress desde o 2.6 e fundou a BRGWeb, onde utiliza o WordPress para (quase) tudo. Organizador do Meetup WordPress Blumenau e coorganizador do Hackerspace Blumenau.<\/p>\n<p><a href=\"https:\/\/2018.saopaulo.wordcamp.org\/session\/pwa-e-amp-no-wordpress-sem-reinventar-a-roda\/\"><img data-recalc-dims=\"1\" loading=\"lazy\" decoding=\"async\" data-attachment-id=\"1028\" data-permalink=\"https:\/\/saopaulo.wordcamp.org\/2018\/speaker\/lua-ciceri-schwertner\/attachment\/palestrante_ricardo-lima-goncalves\/\" data-orig-file=\"https:\/\/i0.wp.com\/saopaulo.wordcamp.org\/2018\/files\/2018\/09\/Palestrante_Ricardo-Lima-Gon%C3%A7alves.png?fit=960%2C720&amp;ssl=1\" data-orig-size=\"960,720\" data-comments-opened=\"1\" data-image-meta=\"{&quot;aperture&quot;:&quot;0&quot;,&quot;credit&quot;:&quot;&quot;,&quot;camera&quot;:&quot;&quot;,&quot;caption&quot;:&quot;&quot;,&quot;created_timestamp&quot;:&quot;0&quot;,&quot;copyright&quot;:&quot;&quot;,&quot;focal_length&quot;:&quot;0&quot;,&quot;iso&quot;:&quot;0&quot;,&quot;shutter_speed&quot;:&quot;0&quot;,&quot;title&quot;:&quot;&quot;,&quot;orientation&quot;:&quot;0&quot;}\" data-image-title=\"Palestrante_Ricardo Lima Gon\u00e7alves\" data-image-description=\"\" data-image-caption=\"\" data-large-file=\"https:\/\/i0.wp.com\/saopaulo.wordcamp.org\/2018\/files\/2018\/09\/Palestrante_Ricardo-Lima-Gon%C3%A7alves.png?fit=640%2C480&amp;ssl=1\" class=\"size-full wp-image-1028 aligncenter\" src=\"https:\/\/i0.wp.com\/2018.saopaulo.wordcamp.org\/files\/2018\/09\/Palestrante_Ricardo-Lima-Gon%C3%A7alves.png?resize=830%2C623&#038;ssl=1\" alt=\"\" width=\"830\" height=\"623\" srcset=\"https:\/\/i0.wp.com\/saopaulo.wordcamp.org\/2018\/files\/2018\/09\/Palestrante_Ricardo-Lima-Gon%C3%A7alves.png?w=960&amp;ssl=1 960w, https:\/\/i0.wp.com\/saopaulo.wordcamp.org\/2018\/files\/2018\/09\/Palestrante_Ricardo-Lima-Gon%C3%A7alves.png?resize=300%2C225&amp;ssl=1 300w, https:\/\/i0.wp.com\/saopaulo.wordcamp.org\/2018\/files\/2018\/09\/Palestrante_Ricardo-Lima-Gon%C3%A7alves.png?resize=768%2C576&amp;ssl=1 768w, https:\/\/i0.wp.com\/saopaulo.wordcamp.org\/2018\/files\/2018\/09\/Palestrante_Ricardo-Lima-Gon%C3%A7alves.png?resize=400%2C300&amp;ssl=1 400w\" sizes=\"auto, (max-width: 830px) 100vw, 830px\" \/><\/a><\/p>\n\t\t\t\t<\/div>\n\t\t\t<\/div>\n\n\t\t\n\t\t\t<!-- Organizers note: The id attribute is deprecated and only remains for backwards compatibility, please use the corresponding class to target individual speakers -->\n\t\t\t<div id=\"wcorg-speaker-mario-valney\" class=\"wcorg-speaker wcorg-speaker-mario-valney wcorg-track-miniauditorio wcorg-track-desenvolvimento\">\n\t\t\t\t<h2>\n\t\t\t\t\t\n\t\t\t\t\t\tM\u00e1rio Valney\n\t\t\t\t\t\t\t\t\t<\/h2>\n\n\t\t\t\t<div class=\"wcorg-speaker-description\">\n\t\t\t\t\t<img alt='' src='https:\/\/secure.gravatar.com\/avatar\/396d787166eedddcfd3f4e63d580319e01a960e778e080d197ec1d869bae39a7?s=100&#038;d=mm&#038;r=g' srcset='https:\/\/secure.gravatar.com\/avatar\/396d787166eedddcfd3f4e63d580319e01a960e778e080d197ec1d869bae39a7?s=200&#038;d=mm&#038;r=g 2x' class='avatar avatar-100 photo' height='100' width='100' \/>\t\t\t\t\t<p>Desenvolvedor Web h\u00e1 mais de 7 anos, trabalha com WordPress desde sempre e \u00e9 apaixonado pelo que faz. Considera a Comunidade a culpada por ter se tornado desenvolvedor e tenta sempre retribuir o favor ao desenvolver plugins, falar nos WordCamps, contribuir com o Meta, nas tradu\u00e7\u00f5es e com c\u00f3digo do Core, al\u00e9m de, \u00e9 claro, responder um monte de gente nos f\u00f3runs de suporte. Cearense, trabalha remotamente na Vizir Software Studio.<\/p>\n<p><a href=\"https:\/\/2018.saopaulo.wordcamp.org\/session\/escalando-o-wordpress\/\"><img data-recalc-dims=\"1\" loading=\"lazy\" decoding=\"async\" data-attachment-id=\"1042\" data-permalink=\"https:\/\/saopaulo.wordcamp.org\/2018\/speaker\/mario-valney\/attachment\/palestrantes_mario-valney\/\" data-orig-file=\"https:\/\/i0.wp.com\/saopaulo.wordcamp.org\/2018\/files\/2018\/09\/Palestrantes_M%C3%A1rio-Valney.png?fit=960%2C720&amp;ssl=1\" data-orig-size=\"960,720\" data-comments-opened=\"1\" data-image-meta=\"{&quot;aperture&quot;:&quot;0&quot;,&quot;credit&quot;:&quot;&quot;,&quot;camera&quot;:&quot;&quot;,&quot;caption&quot;:&quot;&quot;,&quot;created_timestamp&quot;:&quot;0&quot;,&quot;copyright&quot;:&quot;&quot;,&quot;focal_length&quot;:&quot;0&quot;,&quot;iso&quot;:&quot;0&quot;,&quot;shutter_speed&quot;:&quot;0&quot;,&quot;title&quot;:&quot;&quot;,&quot;orientation&quot;:&quot;0&quot;}\" data-image-title=\"Palestrantes_M\u00e1rio Valney\" data-image-description=\"\" data-image-caption=\"\" data-large-file=\"https:\/\/i0.wp.com\/saopaulo.wordcamp.org\/2018\/files\/2018\/09\/Palestrantes_M%C3%A1rio-Valney.png?fit=640%2C480&amp;ssl=1\" class=\"size-full wp-image-1042 aligncenter\" src=\"https:\/\/i0.wp.com\/2018.saopaulo.wordcamp.org\/files\/2018\/09\/Palestrantes_M%C3%A1rio-Valney.png?resize=830%2C623&#038;ssl=1\" alt=\"\" width=\"830\" height=\"623\" srcset=\"https:\/\/i0.wp.com\/saopaulo.wordcamp.org\/2018\/files\/2018\/09\/Palestrantes_M%C3%A1rio-Valney.png?w=960&amp;ssl=1 960w, https:\/\/i0.wp.com\/saopaulo.wordcamp.org\/2018\/files\/2018\/09\/Palestrantes_M%C3%A1rio-Valney.png?resize=300%2C225&amp;ssl=1 300w, https:\/\/i0.wp.com\/saopaulo.wordcamp.org\/2018\/files\/2018\/09\/Palestrantes_M%C3%A1rio-Valney.png?resize=768%2C576&amp;ssl=1 768w, https:\/\/i0.wp.com\/saopaulo.wordcamp.org\/2018\/files\/2018\/09\/Palestrantes_M%C3%A1rio-Valney.png?resize=400%2C300&amp;ssl=1 400w\" sizes=\"auto, (max-width: 830px) 100vw, 830px\" \/><\/a><\/p>\n\t\t\t\t<\/div>\n\t\t\t<\/div>\n\n\t\t\n\t\t\t<!-- Organizers note: The id attribute is deprecated and only remains for backwards compatibility, please use the corresponding class to target individual speakers -->\n\t\t\t<div id=\"wcorg-speaker-daniel-kossmann\" class=\"wcorg-speaker wcorg-speaker-daniel-kossmann wcorg-track-auditorio wcorg-track-comunidade\">\n\t\t\t\t<h2>\n\t\t\t\t\t\n\t\t\t\t\t\tDaniel Kossmann\n\t\t\t\t\t\t\t\t\t<\/h2>\n\n\t\t\t\t<div class=\"wcorg-speaker-description\">\n\t\t\t\t\t<img alt='' src='https:\/\/secure.gravatar.com\/avatar\/96e61ebe8bebe42643f8f25f224dd35f4cd3adb0e76ce9119384d574184029f5?s=100&#038;d=mm&#038;r=g' srcset='https:\/\/secure.gravatar.com\/avatar\/96e61ebe8bebe42643f8f25f224dd35f4cd3adb0e76ce9119384d574184029f5?s=200&#038;d=mm&#038;r=g 2x' class='avatar avatar-100 photo' height='100' width='100' \/>\t\t\t\t\t<p>Daniel Kossmann \u00e9 um alquimista digital apaixonado pelo WordPress desde 2009. Tamb\u00e9m faz parte da comunidade WordPress Brasil, sendo um dos organizadores dos eventos em Curitiba e palestrante em todo o Brasil.<\/p>\n<p><a href=\"https:\/\/2018.saopaulo.wordcamp.org\/session\/gutenberg-o-que-e-e-qual-seu-impacto-no-wordpress\/\"><img data-recalc-dims=\"1\" loading=\"lazy\" decoding=\"async\" data-attachment-id=\"885\" data-permalink=\"https:\/\/saopaulo.wordcamp.org\/2018\/speaker\/daniel-kossmann\/attachment\/palestrante_daniel-kossmann\/\" data-orig-file=\"https:\/\/i0.wp.com\/saopaulo.wordcamp.org\/2018\/files\/2018\/09\/Palestrante_Daniel-Kossmann.png?fit=960%2C720&amp;ssl=1\" data-orig-size=\"960,720\" data-comments-opened=\"1\" data-image-meta=\"{&quot;aperture&quot;:&quot;0&quot;,&quot;credit&quot;:&quot;&quot;,&quot;camera&quot;:&quot;&quot;,&quot;caption&quot;:&quot;&quot;,&quot;created_timestamp&quot;:&quot;0&quot;,&quot;copyright&quot;:&quot;&quot;,&quot;focal_length&quot;:&quot;0&quot;,&quot;iso&quot;:&quot;0&quot;,&quot;shutter_speed&quot;:&quot;0&quot;,&quot;title&quot;:&quot;&quot;,&quot;orientation&quot;:&quot;0&quot;}\" data-image-title=\"Palestrante_Daniel Kossmann\" data-image-description=\"\" data-image-caption=\"\" data-large-file=\"https:\/\/i0.wp.com\/saopaulo.wordcamp.org\/2018\/files\/2018\/09\/Palestrante_Daniel-Kossmann.png?fit=640%2C480&amp;ssl=1\" class=\"aligncenter wp-image-885 size-full\" src=\"https:\/\/i0.wp.com\/2018.saopaulo.wordcamp.org\/files\/2018\/09\/Palestrante_Daniel-Kossmann.png?resize=830%2C623&#038;ssl=1\" alt=\"\" width=\"830\" height=\"623\" srcset=\"https:\/\/i0.wp.com\/saopaulo.wordcamp.org\/2018\/files\/2018\/09\/Palestrante_Daniel-Kossmann.png?w=960&amp;ssl=1 960w, https:\/\/i0.wp.com\/saopaulo.wordcamp.org\/2018\/files\/2018\/09\/Palestrante_Daniel-Kossmann.png?resize=300%2C225&amp;ssl=1 300w, https:\/\/i0.wp.com\/saopaulo.wordcamp.org\/2018\/files\/2018\/09\/Palestrante_Daniel-Kossmann.png?resize=768%2C576&amp;ssl=1 768w, https:\/\/i0.wp.com\/saopaulo.wordcamp.org\/2018\/files\/2018\/09\/Palestrante_Daniel-Kossmann.png?resize=400%2C300&amp;ssl=1 400w\" sizes=\"auto, (max-width: 830px) 100vw, 830px\" \/><\/a><\/p>\n\t\t\t\t<\/div>\n\t\t\t<\/div>\n\n\t\t\n\t\t\t<!-- Organizers note: The id attribute is deprecated and only remains for backwards compatibility, please use the corresponding class to target individual speakers -->\n\t\t\t<div id=\"wcorg-speaker-felipe-elia\" class=\"wcorg-speaker wcorg-speaker-felipe-elia wcorg-track-auditorio wcorg-track-desenvolvimento\">\n\t\t\t\t<h2>\n\t\t\t\t\t\n\t\t\t\t\t\tFelipe Elia\n\t\t\t\t\t\t\t\t\t<\/h2>\n\n\t\t\t\t<div class=\"wcorg-speaker-description\">\n\t\t\t\t\t<img alt='' src='https:\/\/secure.gravatar.com\/avatar\/82e9a51f6e6724d0f49489c10f8ef90d6b15434208f92d35d46ce7c2c09fa132?s=100&#038;d=mm&#038;r=g' srcset='https:\/\/secure.gravatar.com\/avatar\/82e9a51f6e6724d0f49489c10f8ef90d6b15434208f92d35d46ce7c2c09fa132?s=200&#038;d=mm&#038;r=g 2x' class='avatar avatar-100 photo' height='100' width='100' \/>\t\t\t\t\t<p>Empolgado por natureza e palpiteiro de plant\u00e3o, na comunidade atua como Locale Manager, Global Translator Editor, criador de plugins, colaborador do core e do meta, moderador do f\u00f3rum brasileiro, autor frequente no blog nacional do WP e coorganizador dos meetups em Curitiba.<\/p>\n<p><a href=\"https:\/\/2018.saopaulo.wordcamp.org\/session\/hooks-entenda-e-estenda-o-wordpress-do-jeito-certo\/\"><img data-recalc-dims=\"1\" loading=\"lazy\" decoding=\"async\" data-attachment-id=\"882\" data-permalink=\"https:\/\/saopaulo.wordcamp.org\/2018\/speaker\/felipe-elia\/attachment\/palestrante_felipe-elia\/\" data-orig-file=\"https:\/\/i0.wp.com\/saopaulo.wordcamp.org\/2018\/files\/2018\/09\/Palestrante_Felipe-Elia.png?fit=960%2C720&amp;ssl=1\" data-orig-size=\"960,720\" data-comments-opened=\"1\" data-image-meta=\"{&quot;aperture&quot;:&quot;0&quot;,&quot;credit&quot;:&quot;&quot;,&quot;camera&quot;:&quot;&quot;,&quot;caption&quot;:&quot;&quot;,&quot;created_timestamp&quot;:&quot;0&quot;,&quot;copyright&quot;:&quot;&quot;,&quot;focal_length&quot;:&quot;0&quot;,&quot;iso&quot;:&quot;0&quot;,&quot;shutter_speed&quot;:&quot;0&quot;,&quot;title&quot;:&quot;&quot;,&quot;orientation&quot;:&quot;0&quot;}\" data-image-title=\"Palestrante_Felipe Elia\" data-image-description=\"\" data-image-caption=\"\" data-large-file=\"https:\/\/i0.wp.com\/saopaulo.wordcamp.org\/2018\/files\/2018\/09\/Palestrante_Felipe-Elia.png?fit=640%2C480&amp;ssl=1\" class=\"aligncenter wp-image-882 size-full\" src=\"https:\/\/i0.wp.com\/2018.saopaulo.wordcamp.org\/files\/2018\/09\/Palestrante_Felipe-Elia.png?resize=830%2C623&#038;ssl=1\" alt=\"\" width=\"830\" height=\"623\" srcset=\"https:\/\/i0.wp.com\/saopaulo.wordcamp.org\/2018\/files\/2018\/09\/Palestrante_Felipe-Elia.png?w=960&amp;ssl=1 960w, https:\/\/i0.wp.com\/saopaulo.wordcamp.org\/2018\/files\/2018\/09\/Palestrante_Felipe-Elia.png?resize=300%2C225&amp;ssl=1 300w, https:\/\/i0.wp.com\/saopaulo.wordcamp.org\/2018\/files\/2018\/09\/Palestrante_Felipe-Elia.png?resize=768%2C576&amp;ssl=1 768w, https:\/\/i0.wp.com\/saopaulo.wordcamp.org\/2018\/files\/2018\/09\/Palestrante_Felipe-Elia.png?resize=400%2C300&amp;ssl=1 400w\" sizes=\"auto, (max-width: 830px) 100vw, 830px\" \/><\/a><\/p>\n\t\t\t\t<\/div>\n\t\t\t<\/div>\n\n\t\t\n\t\t\t<!-- Organizers note: The id attribute is deprecated and only remains for backwards compatibility, please use the corresponding class to target individual speakers -->\n\t\t\t<div id=\"wcorg-speaker-david-arty\" class=\"wcorg-speaker wcorg-speaker-david-arty wcorg-track-auditorio wcorg-track-marketing-e-conteudo\">\n\t\t\t\t<h2>\n\t\t\t\t\t\n\t\t\t\t\t\tDavid Arty\n\t\t\t\t\t\t\t\t\t<\/h2>\n\n\t\t\t\t<div class=\"wcorg-speaker-description\">\n\t\t\t\t\t<img alt='' src='https:\/\/secure.gravatar.com\/avatar\/d182e659c3ca5aee80fcaa9ff4fe2d6365f59f76e14eb94bccef993de3cb633c?s=100&#038;d=mm&#038;r=g' srcset='https:\/\/secure.gravatar.com\/avatar\/d182e659c3ca5aee80fcaa9ff4fe2d6365f59f76e14eb94bccef993de3cb633c?s=200&#038;d=mm&#038;r=g 2x' class='avatar avatar-100 photo' height='100' width='100' \/>\t\t\t\t\t<p>Designer, empreendedor, fundador do blog Chief of Design e Designimador. Trabalha na \u00e1rea criativa, desde 2009. Atuou em ag\u00eancias, empresas de TI e marketing digital. Atualmente atua como docente em treinamentos de Design e Web pelo SENAC, Digital House e cursos online.<\/p>\n<p><a href=\"https:\/\/2018.saopaulo.wordcamp.org\/session\/wodpress-como-ferramenta-de-marketing-digital-como-o-wordpress-pode-te-ajudar-a-alavancar-o-seu-negocio\/\"><img data-recalc-dims=\"1\" loading=\"lazy\" decoding=\"async\" data-attachment-id=\"879\" data-permalink=\"https:\/\/saopaulo.wordcamp.org\/2018\/speaker\/david-arty\/attachment\/palestrante_david-arty\/\" data-orig-file=\"https:\/\/i0.wp.com\/saopaulo.wordcamp.org\/2018\/files\/2018\/09\/Palestrante_David-Arty.png?fit=960%2C720&amp;ssl=1\" data-orig-size=\"960,720\" data-comments-opened=\"1\" data-image-meta=\"{&quot;aperture&quot;:&quot;0&quot;,&quot;credit&quot;:&quot;&quot;,&quot;camera&quot;:&quot;&quot;,&quot;caption&quot;:&quot;&quot;,&quot;created_timestamp&quot;:&quot;0&quot;,&quot;copyright&quot;:&quot;&quot;,&quot;focal_length&quot;:&quot;0&quot;,&quot;iso&quot;:&quot;0&quot;,&quot;shutter_speed&quot;:&quot;0&quot;,&quot;title&quot;:&quot;&quot;,&quot;orientation&quot;:&quot;0&quot;}\" data-image-title=\"Palestrante_David Arty\" data-image-description=\"\" data-image-caption=\"\" data-large-file=\"https:\/\/i0.wp.com\/saopaulo.wordcamp.org\/2018\/files\/2018\/09\/Palestrante_David-Arty.png?fit=640%2C480&amp;ssl=1\" class=\"aligncenter wp-image-879 size-full\" src=\"https:\/\/i0.wp.com\/2018.saopaulo.wordcamp.org\/files\/2018\/09\/Palestrante_David-Arty.png?resize=830%2C623&#038;ssl=1\" alt=\"\" width=\"830\" height=\"623\" srcset=\"https:\/\/i0.wp.com\/saopaulo.wordcamp.org\/2018\/files\/2018\/09\/Palestrante_David-Arty.png?w=960&amp;ssl=1 960w, https:\/\/i0.wp.com\/saopaulo.wordcamp.org\/2018\/files\/2018\/09\/Palestrante_David-Arty.png?resize=300%2C225&amp;ssl=1 300w, https:\/\/i0.wp.com\/saopaulo.wordcamp.org\/2018\/files\/2018\/09\/Palestrante_David-Arty.png?resize=768%2C576&amp;ssl=1 768w, https:\/\/i0.wp.com\/saopaulo.wordcamp.org\/2018\/files\/2018\/09\/Palestrante_David-Arty.png?resize=400%2C300&amp;ssl=1 400w\" sizes=\"auto, (max-width: 830px) 100vw, 830px\" \/><\/a><\/p>\n\t\t\t\t<\/div>\n\t\t\t<\/div>\n\n\t\t\n\t\t\t<!-- Organizers note: The id attribute is deprecated and only remains for backwards compatibility, please use the corresponding class to target individual speakers -->\n\t\t\t<div id=\"wcorg-speaker-ana-cecilia-rocha-veiga\" class=\"wcorg-speaker wcorg-speaker-ana-cecilia-rocha-veiga wcorg-track-miniauditorio wcorg-track-design\">\n\t\t\t\t<h2>\n\t\t\t\t\t\n\t\t\t\t\t\tAna Cec\u00edlia Rocha Veiga\n\t\t\t\t\t\t\t\t\t<\/h2>\n\n\t\t\t\t<div class=\"wcorg-speaker-description\">\n\t\t\t\t\t<img alt='' src='https:\/\/secure.gravatar.com\/avatar\/0786de9a904a8c5a5f93c49aecdab7bf425d925f411b7ca0a8555e10b5c9ab78?s=100&#038;d=mm&#038;r=g' srcset='https:\/\/secure.gravatar.com\/avatar\/0786de9a904a8c5a5f93c49aecdab7bf425d925f411b7ca0a8555e10b5c9ab78?s=200&#038;d=mm&#038;r=g 2x' class='avatar avatar-100 photo' height='100' width='100' \/>\t\t\t\t\t<p>Professora da UFMG e doutora em Arte e Tecnologia da Imagem, com tese publicada no livro &#8220;Gest\u00e3o de Projetos de Museus e Exposi\u00e7\u00f5es&#8221;. Elabora pesquisas sobre museus e inform\u00e1tica, softwares de gest\u00e3o e cole\u00e7\u00f5es on-line. Coordena o Laborat\u00f3rio Virtual do Grupo GRAFT (LavGRAFT), onde os apaixonados por WordPress se re\u00fanem para desenvolver museus virtuais.<\/p>\n<h2><a href=\"https:\/\/2018.saopaulo.wordcamp.org\/session\/museus-virtuais-em-wordpress\/\"><img data-recalc-dims=\"1\" loading=\"lazy\" decoding=\"async\" data-attachment-id=\"870\" data-permalink=\"https:\/\/saopaulo.wordcamp.org\/2018\/palestrantes\/primeiro-grupo-de-palestrantes\/attachment\/palestrante_ana-cecilia\/\" data-orig-file=\"https:\/\/i0.wp.com\/saopaulo.wordcamp.org\/2018\/files\/2018\/09\/Palestrante_Ana-Cecilia.png?fit=960%2C720&amp;ssl=1\" data-orig-size=\"960,720\" data-comments-opened=\"1\" data-image-meta=\"{&quot;aperture&quot;:&quot;0&quot;,&quot;credit&quot;:&quot;&quot;,&quot;camera&quot;:&quot;&quot;,&quot;caption&quot;:&quot;&quot;,&quot;created_timestamp&quot;:&quot;0&quot;,&quot;copyright&quot;:&quot;&quot;,&quot;focal_length&quot;:&quot;0&quot;,&quot;iso&quot;:&quot;0&quot;,&quot;shutter_speed&quot;:&quot;0&quot;,&quot;title&quot;:&quot;&quot;,&quot;orientation&quot;:&quot;0&quot;}\" data-image-title=\"Palestrante_Ana-Cecilia\" data-image-description=\"\" data-image-caption=\"\" data-large-file=\"https:\/\/i0.wp.com\/saopaulo.wordcamp.org\/2018\/files\/2018\/09\/Palestrante_Ana-Cecilia.png?fit=640%2C480&amp;ssl=1\" class=\"aligncenter wp-image-870 size-full\" src=\"https:\/\/i0.wp.com\/2018.saopaulo.wordcamp.org\/files\/2018\/09\/Palestrante_Ana-Cecilia.png?resize=830%2C623&#038;ssl=1\" alt=\"\" width=\"830\" height=\"623\" srcset=\"https:\/\/i0.wp.com\/saopaulo.wordcamp.org\/2018\/files\/2018\/09\/Palestrante_Ana-Cecilia.png?w=960&amp;ssl=1 960w, https:\/\/i0.wp.com\/saopaulo.wordcamp.org\/2018\/files\/2018\/09\/Palestrante_Ana-Cecilia.png?resize=300%2C225&amp;ssl=1 300w, https:\/\/i0.wp.com\/saopaulo.wordcamp.org\/2018\/files\/2018\/09\/Palestrante_Ana-Cecilia.png?resize=768%2C576&amp;ssl=1 768w, https:\/\/i0.wp.com\/saopaulo.wordcamp.org\/2018\/files\/2018\/09\/Palestrante_Ana-Cecilia.png?resize=400%2C300&amp;ssl=1 400w\" sizes=\"auto, (max-width: 830px) 100vw, 830px\" \/><\/a><\/h2>\n\t\t\t\t<\/div>\n\t\t\t<\/div>\n\n\t\t\n\t<\/div>\n\n\t\n","protected":false},"excerpt":{"rendered":"","protected":false},"author":6038041,"featured_media":424,"parent":0,"menu_order":0,"comment_status":"closed","ping_status":"closed","template":"","meta":{"_crdt_document":"","jetpack_post_was_ever_published":false,"footnotes":""},"class_list":["post-262","page","type-page","status-publish","has-post-thumbnail","hentry"],"jetpack_sharing_enabled":true,"jetpack_shortlink":"https:\/\/wp.me\/Pa0rp1-4e","jetpack_likes_enabled":true,"jetpack-related-posts":[{"id":388,"url":"https:\/\/saopaulo.wordcamp.org\/2018\/seja-um-palestrante\/","url_meta":{"origin":262,"position":0},"title":"Seja um palestrante","author":"Rafael Funchal","date":"31\/10\/2017","format":false,"excerpt":"Nesta edi\u00e7\u00e3o do WordCamp S\u00e3o Paulo iremos receber propostas para palestras e workshops dos mais variados assuntos. Abaixo voc\u00ea confere algumas informa\u00e7\u00f5es e instru\u00e7\u00f5es sobre como se candidatar. Prazos Envio das propostas: at\u00e9 13 de setembro\u00a0at\u00e9 19 de setembro Divulga\u00e7\u00e3o da programa\u00e7\u00e3o final: 30 de setembro Formatos O WordCamp S\u00e3o\u2026","rel":"","context":"Post similar","block_context":{"text":"Post similar","link":""},"img":{"alt_text":"","src":"https:\/\/i0.wp.com\/saopaulo.wordcamp.org\/2018\/files\/2018\/09\/Poster-WCSP-2018-Juliana.jpg?fit=1200%2C675&ssl=1&resize=350%2C200","width":350,"height":200,"srcset":"https:\/\/i0.wp.com\/saopaulo.wordcamp.org\/2018\/files\/2018\/09\/Poster-WCSP-2018-Juliana.jpg?fit=1200%2C675&ssl=1&resize=350%2C200 1x, https:\/\/i0.wp.com\/saopaulo.wordcamp.org\/2018\/files\/2018\/09\/Poster-WCSP-2018-Juliana.jpg?fit=1200%2C675&ssl=1&resize=525%2C300 1.5x, https:\/\/i0.wp.com\/saopaulo.wordcamp.org\/2018\/files\/2018\/09\/Poster-WCSP-2018-Juliana.jpg?fit=1200%2C675&ssl=1&resize=700%2C400 2x, https:\/\/i0.wp.com\/saopaulo.wordcamp.org\/2018\/files\/2018\/09\/Poster-WCSP-2018-Juliana.jpg?fit=1200%2C675&ssl=1&resize=1050%2C600 3x"},"classes":[]},{"id":297,"url":"https:\/\/saopaulo.wordcamp.org\/2018\/press-release\/","url_meta":{"origin":262,"position":1},"title":"Press release","author":"Rafael Funchal","date":"30\/10\/2017","format":false,"excerpt":"WordCamp S\u00e3o Paulo chega a sua 7\u00aa edi\u00e7\u00e3o Evento refer\u00eancia em WordPress no pa\u00eds, o WordCamp 2018 est\u00e1 marcado\u00a0para o dia 13 de outubro. O WordCamp S\u00e3o Paulo \u00e9 a maior confer\u00eancia paulista dedicada a WordPress \u2014 e o maior do Brasil em 2018 \u2014 chega a sua 7\u00aa edi\u00e7\u00e3o.\u2026","rel":"","context":"Post similar","block_context":{"text":"Post similar","link":""},"img":{"alt_text":"Fotografia a\u00e9rea do WordCamp S\u00e3o Paulo 2016 mostrando todos os participantes posando para a c\u00e2mera no teatro da faculdade UNICID","src":"https:\/\/i0.wp.com\/2017.saopaulo.wordcamp.org\/files\/2017\/10\/wordcamp-saopaulo-2016-1909.jpg?resize=350%2C200&ssl=1","width":350,"height":200,"srcset":"https:\/\/i0.wp.com\/2017.saopaulo.wordcamp.org\/files\/2017\/10\/wordcamp-saopaulo-2016-1909.jpg?resize=350%2C200&ssl=1 1x, https:\/\/i0.wp.com\/2017.saopaulo.wordcamp.org\/files\/2017\/10\/wordcamp-saopaulo-2016-1909.jpg?resize=525%2C300&ssl=1 1.5x, https:\/\/i0.wp.com\/2017.saopaulo.wordcamp.org\/files\/2017\/10\/wordcamp-saopaulo-2016-1909.jpg?resize=700%2C400&ssl=1 2x, https:\/\/i0.wp.com\/2017.saopaulo.wordcamp.org\/files\/2017\/10\/wordcamp-saopaulo-2016-1909.jpg?resize=1050%2C600&ssl=1 3x"},"classes":[]},{"id":273,"url":"https:\/\/saopaulo.wordcamp.org\/2018\/codigo-de-conduta\/","url_meta":{"origin":262,"position":2},"title":"C\u00f3digo de conduta","author":"Rafael Funchal","date":"27\/10\/2017","format":false,"excerpt":"1. Prop\u00f3sito O WordCamp S\u00e3o Paulo acredita que nossa comunidade deve ser totalmente aberta para todos. Desta forma, estamos comprometidos a oferecer um ambiente amig\u00e1vel, seguro e acolhedor para todos, n\u00e3o importando o sexo, orienta\u00e7\u00e3o sexual, defici\u00eancias f\u00edsicas, etnicidade, religi\u00e3o, sistema operacional preferido, linguagem de programa\u00e7\u00e3o ou editor de texto.\u2026","rel":"","context":"Post similar","block_context":{"text":"Post similar","link":""},"img":{"alt_text":"","src":"https:\/\/i0.wp.com\/saopaulo.wordcamp.org\/2018\/files\/2018\/08\/wcsp-site-logo.png?fit=263%2C250&resize=350%2C200#038;ssl=1","width":350,"height":200},"classes":[]}],"_links":{"self":[{"href":"https:\/\/saopaulo.wordcamp.org\/2018\/wp-json\/wp\/v2\/pages\/262","targetHints":{"allow":["GET"]}}],"collection":[{"href":"https:\/\/saopaulo.wordcamp.org\/2018\/wp-json\/wp\/v2\/pages"}],"about":[{"href":"https:\/\/saopaulo.wordcamp.org\/2018\/wp-json\/wp\/v2\/types\/page"}],"author":[{"embeddable":true,"href":"https:\/\/saopaulo.wordcamp.org\/2018\/wp-json\/wp\/v2\/users\/6038041"}],"replies":[{"embeddable":true,"href":"https:\/\/saopaulo.wordcamp.org\/2018\/wp-json\/wp\/v2\/comments?post=262"}],"version-history":[{"count":1,"href":"https:\/\/saopaulo.wordcamp.org\/2018\/wp-json\/wp\/v2\/pages\/262\/revisions"}],"predecessor-version":[{"id":476,"href":"https:\/\/saopaulo.wordcamp.org\/2018\/wp-json\/wp\/v2\/pages\/262\/revisions\/476"}],"wp:featuredmedia":[{"embeddable":true,"href":"https:\/\/saopaulo.wordcamp.org\/2018\/wp-json\/"}],"wp:attachment":[{"href":"https:\/\/saopaulo.wordcamp.org\/2018\/wp-json\/wp\/v2\/media?parent=262"}],"curies":[{"name":"wp","href":"https:\/\/api.w.org\/{rel}","templated":true}]}}