{"id":266,"date":"2017-10-27T09:40:25","date_gmt":"2017-10-27T09:40:25","guid":{"rendered":"https:\/\/2017.saopaulo.wordcamp.org\/organizers\/"},"modified":"2018-08-29T22:41:17","modified_gmt":"2018-08-30T01:41:17","slug":"organizadores","status":"publish","type":"page","link":"https:\/\/saopaulo.wordcamp.org\/2018\/organizadores\/","title":{"rendered":"Organizadores"},"content":{"rendered":"<p>Aqui est\u00e3o alguns dos incr\u00edveis colaboradores que est\u00e3o dedicando seu valioso tempo para fazer do <strong>WordCamp S\u00e3o Paulo 2018<\/strong>\u00a0um evento sensacional.<\/p>\n<p>D\u00ea uma olhadinha, voc\u00ea vai encontrar pessoas muito interessantes nessa lista para conversar no dia do evento!<\/p>\n\t<div class=\"wcorg-organizers\">\n\n\t\t\n\t\t\t<div class=\"wcorg-organizer\">\n\t\t\t\t<h2>Jakeliny Gracielly<\/h2>\n\t\t\t\t<div class=\"wcorg-organizer-description\">\n\t\t\t\t\t\t\t\t\t\t<img alt='' src='https:\/\/secure.gravatar.com\/avatar\/fe1b01dcf05ef100b379e21c88796337b74a0d7deb30b0843f57c8e625ae5599?s=100&#038;d=mm&#038;r=g' srcset='https:\/\/secure.gravatar.com\/avatar\/fe1b01dcf05ef100b379e21c88796337b74a0d7deb30b0843f57c8e625ae5599?s=200&#038;d=mm&#038;r=g 2x' class='avatar avatar-100 photo' height='100' width='100' \/>\t\t\t\t\tL\u00edder de desenvolvimento na FCamara e decodificadora da Matrix. Analista de sistemas e t\u00e9cnica em programa\u00e7\u00e3o, trabalha h\u00e1 5 anos em projetos de tecnologia e desenvolvimento. \u00c9 co-organizadora de comunidades (WordPress S\u00e3o Paulo, Nerdz\u00e3o), entusiasta de cyber security e intelig\u00eancia artificial\t\t\t\t<\/div>\n\t\t\t<\/div>\n\n\t\t\n\t\t\t<div class=\"wcorg-organizer\">\n\t\t\t\t<h2>Max Denvir<\/h2>\n\t\t\t\t<div class=\"wcorg-organizer-description\">\n\t\t\t\t\t\t\t\t\t\t<img alt='' src='https:\/\/secure.gravatar.com\/avatar\/32c5b7cb4184dc8377b3852b29ce21d7162ae13ed25e8e4de5f11f5fbeaa5910?s=100&#038;d=mm&#038;r=g' srcset='https:\/\/secure.gravatar.com\/avatar\/32c5b7cb4184dc8377b3852b29ce21d7162ae13ed25e8e4de5f11f5fbeaa5910?s=200&#038;d=mm&#038;r=g 2x' class='avatar avatar-100 photo' height='100' width='100' \/>\t\t\t\t\t<p>Publicit\u00e1rio, estrategista de conte\u00fado e nerd das m\u00eddias digitais. Graduado em comunica\u00e7\u00e3o social na PUC-Rio, possui forma\u00e7\u00f5es e viv\u00eancias profissionais que expandiram sua atua\u00e7\u00e3o para \u00e1reas como branding, design digital, gest\u00e3o de marketing e tecnologias para comunica\u00e7\u00e3o.<br \/>\nApaixonado por cultura alimentar, trabalha em projetos que envolvem pequenos neg\u00f3cios gastron\u00f4micos e frentes de gastronomia social.<\/p>\n\t\t\t\t<\/div>\n\t\t\t<\/div>\n\n\t\t\n\t\t\t<div class=\"wcorg-organizer\">\n\t\t\t\t<h2>Leo Baiano<\/h2>\n\t\t\t\t<div class=\"wcorg-organizer-description\">\n\t\t\t\t\t\t\t\t\t\t<img alt='' src='https:\/\/secure.gravatar.com\/avatar\/7b21aae922d322c886765765d74a4181eb71106e6cb2377cd38c13bded206392?s=100&#038;d=mm&#038;r=g' srcset='https:\/\/secure.gravatar.com\/avatar\/7b21aae922d322c886765765d74a4181eb71106e6cb2377cd38c13bded206392?s=200&#038;d=mm&#038;r=g 2x' class='avatar avatar-100 photo' height='100' width='100' \/>\t\t\t\t\t<p>Leo Baiano \u00e9 programador desde 2001 quando come\u00e7ou a trabalhar na \u00e1rea de TI em uma das Pr\u00f3-Reitorias da Universidade do Estado da Bahia.<\/p>\n<p>Desde ent\u00e3o trabalhou com desenvolvimento web em diversas ag\u00eancias da Bahia, ajudou na migra\u00e7\u00e3o dos sistemas das revistas da Editora 3 (Revistas Isto \u00c9, Rural, Dinheiro&#8230;) e cria\u00e7\u00e3o de um tema pai.<\/p>\n<p>Atualmente vem trabalhando com WordPress, React e GraphQL na empresa Descomplica onde ocupa o cargo de Programador Senior.<\/p>\n\t\t\t\t<\/div>\n\t\t\t<\/div>\n\n\t\t\n\t\t\t<div class=\"wcorg-organizer\">\n\t\t\t\t<h2>Matheus Martins<\/h2>\n\t\t\t\t<div class=\"wcorg-organizer-description\">\n\t\t\t\t\t\t\t\t\t\t<img alt='' src='https:\/\/secure.gravatar.com\/avatar\/b95be456be9b9b0b844624f18eb0ebd207955cb39b51f0e4eea3975df72bc57c?s=100&#038;d=mm&#038;r=g' srcset='https:\/\/secure.gravatar.com\/avatar\/b95be456be9b9b0b844624f18eb0ebd207955cb39b51f0e4eea3975df72bc57c?s=200&#038;d=mm&#038;r=g 2x' class='avatar avatar-100 photo' height='100' width='100' \/>\t\t\t\t\t\t\t\t\t<\/div>\n\t\t\t<\/div>\n\n\t\t\n\t\t\t<div class=\"wcorg-organizer\">\n\t\t\t\t<h2>Suellyn Specie<\/h2>\n\t\t\t\t<div class=\"wcorg-organizer-description\">\n\t\t\t\t\t\t\t\t\t\t<img alt='' src='https:\/\/secure.gravatar.com\/avatar\/170f3f36d0de4ecd130ca7c3a674dd779cfa8946d190bd61627439634b485c9b?s=100&#038;d=mm&#038;r=g' srcset='https:\/\/secure.gravatar.com\/avatar\/170f3f36d0de4ecd130ca7c3a674dd779cfa8946d190bd61627439634b485c9b?s=200&#038;d=mm&#038;r=g 2x' class='avatar avatar-100 photo' height='100' width='100' \/>\t\t\t\t\t<p><span style=\"font-weight: 400\">Formada em An\u00e1lise e Desenvolvimento de Sistemas desde 2011. Conheceu o WordPress participando do WordCamp SP em 2015 e desde ent\u00e3o se apaixonou pela comunidade. Hoje \u00e9 \u00a0programadora Front-End na Accenture, Dev PHP nas horas vagas e co-fundadora da Spellyn. Apaixonada por programa\u00e7\u00e3o e \u00a0aprendiz de design sonha em ser uma grande Front-end e entusiasta WordPress, e tem como objetivo compartilhar muito conhecimento na web.<\/span><\/p>\n\t\t\t\t<\/div>\n\t\t\t<\/div>\n\n\t\t\n\t\t\t<div class=\"wcorg-organizer\">\n\t\t\t\t<h2>Tania Gamarra<\/h2>\n\t\t\t\t<div class=\"wcorg-organizer-description\">\n\t\t\t\t\t\t\t\t\t\t<img alt='' src='https:\/\/secure.gravatar.com\/avatar\/593019a80ceb88dd30acc47e263a73ed0814c63cba69a89e9d1c6bb754f88d2d?s=100&#038;d=mm&#038;r=g' srcset='https:\/\/secure.gravatar.com\/avatar\/593019a80ceb88dd30acc47e263a73ed0814c63cba69a89e9d1c6bb754f88d2d?s=200&#038;d=mm&#038;r=g 2x' class='avatar avatar-100 photo' height='100' width='100' \/>\t\t\t\t\t<p>Trabalhei 21 anos na \u00c1rea de Engenharia Civil como projetista, mas em paralelo sempre gostei de c\u00f3digos e programa\u00e7\u00e3o em C++. Comecei a estudar PHP \/ HTML em 2001 e WordPress desde 2005, e de l\u00e1 pra c\u00e1 fiz diversos trabalhos e projetos tendo o WordPress como base na minha pequena empresa de cria\u00e7\u00e3o de sites e hoje tenho uma marca de camisetas sobre Ciclismo \/ Bicicletas a BIKEZETAS onde o E-commerce foi desenvolvido em WordPress e Woocommerce.<\/p>\n\t\t\t\t<\/div>\n\t\t\t<\/div>\n\n\t\t\n\t\t\t<div class=\"wcorg-organizer\">\n\t\t\t\t<h2>Alex Koti<\/h2>\n\t\t\t\t<div class=\"wcorg-organizer-description\">\n\t\t\t\t\t\t\t\t\t\t<img alt='' src='https:\/\/secure.gravatar.com\/avatar\/0d6c8e9b32a285cbfb8fc24c1040d6bdb13963071fdc158f12838cb2acc025a4?s=100&#038;d=mm&#038;r=g' srcset='https:\/\/secure.gravatar.com\/avatar\/0d6c8e9b32a285cbfb8fc24c1040d6bdb13963071fdc158f12838cb2acc025a4?s=200&#038;d=mm&#038;r=g 2x' class='avatar avatar-100 photo' height='100' width='100' \/>\t\t\t\t\t\t\t\t\t<\/div>\n\t\t\t<\/div>\n\n\t\t\n\t\t\t<div class=\"wcorg-organizer\">\n\t\t\t\t<h2>Rafael Rodrigues<\/h2>\n\t\t\t\t<div class=\"wcorg-organizer-description\">\n\t\t\t\t\t\t\t\t\t\t<img alt='' src='https:\/\/secure.gravatar.com\/avatar\/b626a4b700bc0d4c8c0a219c5cfa6105da34028471f0dfc8b4bd7321db7cadfc?s=100&#038;d=mm&#038;r=g' srcset='https:\/\/secure.gravatar.com\/avatar\/b626a4b700bc0d4c8c0a219c5cfa6105da34028471f0dfc8b4bd7321db7cadfc?s=200&#038;d=mm&#038;r=g 2x' class='avatar avatar-100 photo' height='100' width='100' \/>\t\t\t\t\t\t\t\t\t<\/div>\n\t\t\t<\/div>\n\n\t\t\n\t\t\t<div class=\"wcorg-organizer\">\n\t\t\t\t<h2>Deblyn Prado<\/h2>\n\t\t\t\t<div class=\"wcorg-organizer-description\">\n\t\t\t\t\t\t\t\t\t\t<img alt='' src='https:\/\/secure.gravatar.com\/avatar\/fc7b7354288e97a1cba5928e0446c7ba3c3c710d397e8a347e496d462502711d?s=100&#038;d=mm&#038;r=g' srcset='https:\/\/secure.gravatar.com\/avatar\/fc7b7354288e97a1cba5928e0446c7ba3c3c710d397e8a347e496d462502711d?s=200&#038;d=mm&#038;r=g 2x' class='avatar avatar-100 photo' height='100' width='100' \/>\t\t\t\t\t\t\t\t\t<\/div>\n\t\t\t<\/div>\n\n\t\t\n\t\t\t<div class=\"wcorg-organizer\">\n\t\t\t\t<h2>Fernando Yada<\/h2>\n\t\t\t\t<div class=\"wcorg-organizer-description\">\n\t\t\t\t\t\t\t\t\t\t<img alt='' src='https:\/\/secure.gravatar.com\/avatar\/e12b4edc71c65a7866bb5109793beca18c7cebc936f8b62643a50a4c990e8426?s=100&#038;d=mm&#038;r=g' srcset='https:\/\/secure.gravatar.com\/avatar\/e12b4edc71c65a7866bb5109793beca18c7cebc936f8b62643a50a4c990e8426?s=200&#038;d=mm&#038;r=g 2x' class='avatar avatar-100 photo' height='100' width='100' \/>\t\t\t\t\t\t\t\t\t<\/div>\n\t\t\t<\/div>\n\n\t\t\n\t\t\t<div class=\"wcorg-organizer\">\n\t\t\t\t<h2>Allyson Souza<\/h2>\n\t\t\t\t<div class=\"wcorg-organizer-description\">\n\t\t\t\t\t\t\t\t\t\t<img alt='' src='https:\/\/secure.gravatar.com\/avatar\/2390e8368b3a4667c5213a889fb4cc40ce5a3d5c6080aeb6e7cdbbe41ca5ffdb?s=100&#038;d=mm&#038;r=g' srcset='https:\/\/secure.gravatar.com\/avatar\/2390e8368b3a4667c5213a889fb4cc40ce5a3d5c6080aeb6e7cdbbe41ca5ffdb?s=200&#038;d=mm&#038;r=g 2x' class='avatar avatar-100 photo' height='100' width='100' \/>\t\t\t\t\t\t\t\t\t<\/div>\n\t\t\t<\/div>\n\n\t\t\n\t\t\t<div class=\"wcorg-organizer\">\n\t\t\t\t<h2>Anyssa Ferreira<\/h2>\n\t\t\t\t<div class=\"wcorg-organizer-description\">\n\t\t\t\t\t\t\t\t\t\t<img alt='' src='https:\/\/secure.gravatar.com\/avatar\/d44ccff4ae37e9720e532e658ea76b0b18fbcc5eb08ec2db9c7e10461cf4c4d9?s=100&#038;d=mm&#038;r=g' srcset='https:\/\/secure.gravatar.com\/avatar\/d44ccff4ae37e9720e532e658ea76b0b18fbcc5eb08ec2db9c7e10461cf4c4d9?s=200&#038;d=mm&#038;r=g 2x' class='avatar avatar-100 photo' height='100' width='100' \/>\t\t\t\t\t\t\t\t\t<\/div>\n\t\t\t<\/div>\n\n\t\t\n\t\t\t<div class=\"wcorg-organizer\">\n\t\t\t\t<h2>Rafael Funchal<\/h2>\n\t\t\t\t<div class=\"wcorg-organizer-description\">\n\t\t\t\t\t\t\t\t\t\t<img alt='' src='https:\/\/secure.gravatar.com\/avatar\/f11628da9cf1003b290583f04edc6e9a6c2ae879cedfe30d51375822cccc017c?s=100&#038;d=mm&#038;r=g' srcset='https:\/\/secure.gravatar.com\/avatar\/f11628da9cf1003b290583f04edc6e9a6c2ae879cedfe30d51375822cccc017c?s=200&#038;d=mm&#038;r=g 2x' class='avatar avatar-100 photo' height='100' width='100' \/>\t\t\t\t\t<p>Web Developer, Publicit\u00e1rio e m\u00fasico nas horas vagas. Desenvolve com WordPress desde 2009, \u00e9 um dos administradores do grupo WordPress Brasil no Facebook, um dos organizadores dos meetups S\u00e3o Paulo e Happiness Engineer no WordPress.com.<\/p>\n\t\t\t\t<\/div>\n\t\t\t<\/div>\n\n\t\t\n\t<\/div><!-- .wcorg-organizers -->\n\t\n\n\n<p class=\"wp-block-paragraph\"><\/p>\n","protected":false},"excerpt":{"rendered":"<p>Aqui est\u00e3o alguns dos incr\u00edveis colaboradores que est\u00e3o dedicando seu valioso tempo para fazer do WordCamp S\u00e3o Paulo 2018\u00a0um evento sensacional. D\u00ea uma olhadinha, voc\u00ea vai encontrar pessoas muito interessantes nessa lista para conversar no dia do evento!<\/p>\n","protected":false},"author":6038041,"featured_media":424,"parent":0,"menu_order":0,"comment_status":"closed","ping_status":"closed","template":"","meta":{"_crdt_document":"","jetpack_post_was_ever_published":false,"footnotes":""},"class_list":["post-266","page","type-page","status-publish","has-post-thumbnail","hentry"],"jetpack_sharing_enabled":true,"jetpack_shortlink":"https:\/\/wp.me\/Pa0rp1-4i","jetpack_likes_enabled":true,"jetpack-related-posts":[{"id":225,"url":"https:\/\/saopaulo.wordcamp.org\/2018\/patrocine-o-wordcamp\/","url_meta":{"origin":266,"position":0},"title":"Seja um patrocinador do WordCamp 2018","author":"Rafael Funchal","date":"29\/10\/2017","format":false,"excerpt":"O WordCamp \u00e9 o \u00fanico evento oficial apoiado pela Funda\u00e7\u00e3o WordPress, \u00e9 organizado pela comunidade local e n\u00e3o possui fins lucrativos. Por isso, contamos com o apoio dos patrocinadores para fazer o evento acontecer e oferecer a melhor estrutura para os participantes. Quer conhecer melhor o evento? Veja o M\u00eddia\u2026","rel":"","context":"Post similar","block_context":{"text":"Post similar","link":""},"img":{"alt_text":"","src":"https:\/\/i0.wp.com\/saopaulo.wordcamp.org\/2018\/files\/2018\/08\/wcsp-site-logo.png?fit=263%2C250&resize=350%2C200#038;ssl=1","width":350,"height":200},"classes":[]},{"id":297,"url":"https:\/\/saopaulo.wordcamp.org\/2018\/press-release\/","url_meta":{"origin":266,"position":1},"title":"Press release","author":"Rafael Funchal","date":"30\/10\/2017","format":false,"excerpt":"WordCamp S\u00e3o Paulo chega a sua 7\u00aa edi\u00e7\u00e3o Evento refer\u00eancia em WordPress no pa\u00eds, o WordCamp 2018 est\u00e1 marcado\u00a0para o dia 13 de outubro. O WordCamp S\u00e3o Paulo \u00e9 a maior confer\u00eancia paulista dedicada a WordPress \u2014 e o maior do Brasil em 2018 \u2014 chega a sua 7\u00aa edi\u00e7\u00e3o.\u2026","rel":"","context":"Post similar","block_context":{"text":"Post similar","link":""},"img":{"alt_text":"Fotografia a\u00e9rea do WordCamp S\u00e3o Paulo 2016 mostrando todos os participantes posando para a c\u00e2mera no teatro da faculdade UNICID","src":"https:\/\/i0.wp.com\/2017.saopaulo.wordcamp.org\/files\/2017\/10\/wordcamp-saopaulo-2016-1909.jpg?resize=350%2C200&ssl=1","width":350,"height":200,"srcset":"https:\/\/i0.wp.com\/2017.saopaulo.wordcamp.org\/files\/2017\/10\/wordcamp-saopaulo-2016-1909.jpg?resize=350%2C200&ssl=1 1x, https:\/\/i0.wp.com\/2017.saopaulo.wordcamp.org\/files\/2017\/10\/wordcamp-saopaulo-2016-1909.jpg?resize=525%2C300&ssl=1 1.5x, https:\/\/i0.wp.com\/2017.saopaulo.wordcamp.org\/files\/2017\/10\/wordcamp-saopaulo-2016-1909.jpg?resize=700%2C400&ssl=1 2x, https:\/\/i0.wp.com\/2017.saopaulo.wordcamp.org\/files\/2017\/10\/wordcamp-saopaulo-2016-1909.jpg?resize=1050%2C600&ssl=1 3x"},"classes":[]},{"id":352,"url":"https:\/\/saopaulo.wordcamp.org\/2018\/perguntas-frequentes\/","url_meta":{"origin":266,"position":2},"title":"Perguntas Frequentes","author":"Rafael Funchal","date":"30\/10\/2017","format":false,"excerpt":"Qual o local, data e hor\u00e1rio? O WordCamp acontecer\u00e1 no dia 13 de outubro de 2018, na Universidade Nove de Julho (Uninove). As atividades ter\u00e3o in\u00edcio \u00e0s 8h com t\u00e9rmino previsto para as 17h. Quero ministrar uma palestra Se voc\u00ea tem interesse em realizar uma palestra, apresenta\u00e7\u00e3o ou oficina, encaminhe\u2026","rel":"","context":"Post similar","block_context":{"text":"Post similar","link":""},"img":{"alt_text":"","src":"https:\/\/i0.wp.com\/saopaulo.wordcamp.org\/2018\/files\/2018\/08\/wcsp-site-logo.png?fit=263%2C250&resize=350%2C200#038;ssl=1","width":350,"height":200},"classes":[]},{"id":769,"url":"https:\/\/saopaulo.wordcamp.org\/2018\/seja-um-voluntario\/","url_meta":{"origin":266,"position":3},"title":"Seja um volunt\u00e1rio","author":"Allyson","date":"15\/09\/2018","format":false,"excerpt":"O WordCamp S\u00e3o Paulo 2018 \u00e9 a confer\u00eancia oficial da comunidade WordPress da cidade de S\u00e3o Paulo, este ano o evento ser\u00e1 realizado no dia 13 de outubro, e n\u00f3s, membros da organiza\u00e7\u00e3o, precisamos de ajuda para fazer com que o evento seja um sucesso para toda a comunidade. Pronto\u2026","rel":"","context":"Post similar","block_context":{"text":"Post similar","link":""},"img":{"alt_text":"","src":"https:\/\/i0.wp.com\/saopaulo.wordcamp.org\/2018\/files\/2018\/09\/seja-um-voluntario-pb.jpg?fit=960%2C540&ssl=1&resize=350%2C200","width":350,"height":200,"srcset":"https:\/\/i0.wp.com\/saopaulo.wordcamp.org\/2018\/files\/2018\/09\/seja-um-voluntario-pb.jpg?fit=960%2C540&ssl=1&resize=350%2C200 1x, https:\/\/i0.wp.com\/saopaulo.wordcamp.org\/2018\/files\/2018\/09\/seja-um-voluntario-pb.jpg?fit=960%2C540&ssl=1&resize=525%2C300 1.5x, https:\/\/i0.wp.com\/saopaulo.wordcamp.org\/2018\/files\/2018\/09\/seja-um-voluntario-pb.jpg?fit=960%2C540&ssl=1&resize=700%2C400 2x"},"classes":[]},{"id":267,"url":"https:\/\/saopaulo.wordcamp.org\/2018\/ingressos\/","url_meta":{"origin":266,"position":4},"title":"Ingressos","author":"Rafael Funchal","date":"30\/10\/2017","format":false,"excerpt":"O ingresso para o WordCamp 2018 custa R$ 60 (sessenta Reais),\u00a0e inclui:\u00a0 \u2705 Palestras + Workshops\u2705 Painel de d\u00favidas com experts em WordPress\u2705 Alimenta\u00e7\u00e3o para o dia inteiro\u2705 Camiseta WordCamp\u2705 Brindes dos patrocinadores\u2705 Convite para o WordCana: happy hour p\u00f3s-evento A comunidade WordPress S\u00e3o Paulo n\u00e3o tem fins lucrativos. O\u2026","rel":"","context":"Post similar","block_context":{"text":"Post similar","link":""},"img":{"alt_text":"","src":"https:\/\/i0.wp.com\/saopaulo.wordcamp.org\/2018\/files\/2018\/09\/inscricoes-abertas-WCSP2018.jpg?fit=1200%2C675&ssl=1&resize=350%2C200","width":350,"height":200,"srcset":"https:\/\/i0.wp.com\/saopaulo.wordcamp.org\/2018\/files\/2018\/09\/inscricoes-abertas-WCSP2018.jpg?fit=1200%2C675&ssl=1&resize=350%2C200 1x, https:\/\/i0.wp.com\/saopaulo.wordcamp.org\/2018\/files\/2018\/09\/inscricoes-abertas-WCSP2018.jpg?fit=1200%2C675&ssl=1&resize=525%2C300 1.5x, https:\/\/i0.wp.com\/saopaulo.wordcamp.org\/2018\/files\/2018\/09\/inscricoes-abertas-WCSP2018.jpg?fit=1200%2C675&ssl=1&resize=700%2C400 2x, https:\/\/i0.wp.com\/saopaulo.wordcamp.org\/2018\/files\/2018\/09\/inscricoes-abertas-WCSP2018.jpg?fit=1200%2C675&ssl=1&resize=1050%2C600 3x"},"classes":[]},{"id":273,"url":"https:\/\/saopaulo.wordcamp.org\/2018\/codigo-de-conduta\/","url_meta":{"origin":266,"position":5},"title":"C\u00f3digo de conduta","author":"Rafael Funchal","date":"27\/10\/2017","format":false,"excerpt":"1. Prop\u00f3sito O WordCamp S\u00e3o Paulo acredita que nossa comunidade deve ser totalmente aberta para todos. Desta forma, estamos comprometidos a oferecer um ambiente amig\u00e1vel, seguro e acolhedor para todos, n\u00e3o importando o sexo, orienta\u00e7\u00e3o sexual, defici\u00eancias f\u00edsicas, etnicidade, religi\u00e3o, sistema operacional preferido, linguagem de programa\u00e7\u00e3o ou editor de texto.\u2026","rel":"","context":"Post similar","block_context":{"text":"Post similar","link":""},"img":{"alt_text":"","src":"https:\/\/i0.wp.com\/saopaulo.wordcamp.org\/2018\/files\/2018\/08\/wcsp-site-logo.png?fit=263%2C250&resize=350%2C200#038;ssl=1","width":350,"height":200},"classes":[]}],"_links":{"self":[{"href":"https:\/\/saopaulo.wordcamp.org\/2018\/wp-json\/wp\/v2\/pages\/266","targetHints":{"allow":["GET"]}}],"collection":[{"href":"https:\/\/saopaulo.wordcamp.org\/2018\/wp-json\/wp\/v2\/pages"}],"about":[{"href":"https:\/\/saopaulo.wordcamp.org\/2018\/wp-json\/wp\/v2\/types\/page"}],"author":[{"embeddable":true,"href":"https:\/\/saopaulo.wordcamp.org\/2018\/wp-json\/wp\/v2\/users\/6038041"}],"replies":[{"embeddable":true,"href":"https:\/\/saopaulo.wordcamp.org\/2018\/wp-json\/wp\/v2\/comments?post=266"}],"version-history":[{"count":1,"href":"https:\/\/saopaulo.wordcamp.org\/2018\/wp-json\/wp\/v2\/pages\/266\/revisions"}],"predecessor-version":[{"id":413,"href":"https:\/\/saopaulo.wordcamp.org\/2018\/wp-json\/wp\/v2\/pages\/266\/revisions\/413"}],"wp:featuredmedia":[{"embeddable":true,"href":"https:\/\/saopaulo.wordcamp.org\/2018\/wp-json\/"}],"wp:attachment":[{"href":"https:\/\/saopaulo.wordcamp.org\/2018\/wp-json\/wp\/v2\/media?parent=266"}],"curies":[{"name":"wp","href":"https:\/\/api.w.org\/{rel}","templated":true}]}}