{"id":273,"date":"2017-10-27T09:40:25","date_gmt":"2017-10-27T11:40:25","guid":{"rendered":"https:\/\/2017.saopaulo.wordcamp.org\/code-of-conduct\/"},"modified":"2018-08-29T22:41:17","modified_gmt":"2018-08-30T01:41:17","slug":"codigo-de-conduta","status":"publish","type":"page","link":"https:\/\/saopaulo.wordcamp.org\/2018\/codigo-de-conduta\/","title":{"rendered":"C\u00f3digo de conduta"},"content":{"rendered":"\n<h3>1. Prop\u00f3sito<\/h3>\nO WordCamp S\u00e3o Paulo acredita que nossa comunidade deve ser totalmente aberta para todos. Desta forma, estamos comprometidos a oferecer um ambiente amig\u00e1vel, seguro e acolhedor para todos, n\u00e3o importando o sexo, orienta\u00e7\u00e3o sexual, defici\u00eancias f\u00edsicas, etnicidade, religi\u00e3o, sistema operacional preferido, linguagem de programa\u00e7\u00e3o ou editor de texto.\n\nEste c\u00f3digo de conduta descreve as nossas expectativas para o comportamento do participante, bem como as consequ\u00eancias para o comportamento inaceit\u00e1vel.\n\nConvidamos a todos os patrocinadores, volunt\u00e1rios, palestrantes, inscritos e outros participantes para nos ajudar a manter uma experi\u00eancia de confer\u00eancia segura e positiva para todos.\n<h3>2. Sendo um bom cidad\u00e3o WordPress<\/h3>\nA meta suplementar desse c\u00f3digo de conduta \u00e9 aumentar a cidadania de c\u00f3digo aberto, incentivando os participantes a reconhecer e fortalecer as rela\u00e7\u00f5es entre o que fazemos e da comunidade em geral.\n\nNo prop\u00f3sito desse objetivo, os organizadores do WordCamp S\u00e3o Paulo ir\u00e3o aceitar nomea\u00e7\u00f5es para cidad\u00e3os exemplares durante todo o evento e ir\u00e3o destacar estes participantes ap\u00f3s a confer\u00eancia no site do WordCamp S\u00e3o Paulo.\n\nSe voc\u00ea souber de algu\u00e9m que est\u00e1 fazendo um esfor\u00e7o extra para garantir que nossa comunidade seja acolhedora e simp\u00e1tica, incentivando os participantes a contribuir ao m\u00e1ximo, n\u00f3s queremos saber. Voc\u00ea pode nomear algu\u00e9m na mesa de inscri\u00e7\u00e3o ou entrando em <a title=\"Contato\" href=\"https:\/\/2017.saopaulo.wordcamp.org\/contato\/\">contato<\/a>.\n<h3>3. Comportamento esperado<\/h3>\nSeja atencioso, respeitoso e colaborativo.\nAbstenha-se de humilhar, discriminar ou assediar, seja comportalmente ou atrav\u00e9s de discurso\/fala ofensiva.\nEsteja consciente de seu entorno e de seus colegas participantes. Alerte os organizadores da confer\u00eancia, se voc\u00ea notar uma situa\u00e7\u00e3o perigosa ou algu\u00e9m em perigo.\nParticipe de uma forma aut\u00eantica e ativa. Ao fazer isso, voc\u00ea ajuda a manter o WordCamp S\u00e3o Paulo e fazer parte de sua hist\u00f3ria.\n<h3>4. Comportamento inaceit\u00e1vel<\/h3>\nComportamentos inaceit\u00e1veis incluem: intimidar, ofender, abusar, discriminar, depreciar ou humilhar quaisquer participantes do WordCamp S\u00e3o Paulo e eventos relacionados. Todas as depend\u00eancias do WordCamp S\u00e3o Paulo podem ser compartilhadas com frequentadores da faculdade. Por favor, seja respeitoso com estas pessoas.\n\nPor ass\u00e9dio, entende-se: coment\u00e1rios ofensivos verbais relacionadas ao sexo, orienta\u00e7\u00e3o sexual, ra\u00e7a, religi\u00e3o, defici\u00eancias f\u00edsicas, uso inadequado de nudez e \/ ou imagens sexuais em espa\u00e7os p\u00fablicos (incluindo apresenta\u00e7\u00e3o de slides); intimida\u00e7\u00e3o, persegui\u00e7\u00e3o deliberada ou ap\u00f3s; ass\u00e9dio fotogr\u00e1fico ou grava\u00e7\u00e3o; cont\u00ednua interrup\u00e7\u00e3o de palestras ou oficinas; contato f\u00edsico inapropriado, e aten\u00e7\u00e3o sexual indesejada.\n<h3>5. Consequ\u00eancias de um comportamento inaceit\u00e1vel<\/h3>\nComportamento inaceit\u00e1vel n\u00e3o ser\u00e1 tolerado, quer seja por inscritos, organizadores, pessoas locais, patrocinadores ou outros participantes do WordCamp S\u00e3o Paulo.\n\nQuem for pedido para parar com algum comportamento inaceit\u00e1vel dever\u00e1 cumprir imediatamente.\n\nSe algum participante mostrar comportamento inaceit\u00e1vel, os organizadores da confer\u00eancia podem tomar qualquer a\u00e7\u00e3o que considerem ser adequadas, inclusive a expuls\u00e3o da confer\u00eancia, sem aviso ou reembolso.\n<h3>6. O que fazer se voc\u00ea testemunhar ou for sujeito a um comportamento inaceit\u00e1vel<\/h3>\nSe voc\u00ea for sujeito a um comportamento inaceit\u00e1vel, ou perceber que algu\u00e9m est\u00e1 sendo sujeito a um comportamento inaceit\u00e1vel, ou tem outras preocupa\u00e7\u00f5es, por favor notifique um organizador da confer\u00eancia, o mais rapidamente poss\u00edvel.\n\nA equipe do WordCamp S\u00e3o Paulo estar\u00e1 dispon\u00edvel para ajudar os participantes a contatar a seguran\u00e7a local ou mesmo a pol\u00edcia, para escoltar, ou para ajudar de outra forma aqueles que estiverem sofrendo um comportamento inaceit\u00e1vel, para que desta forma sintam-se seguros durante a confer\u00eancia. Volunt\u00e1rios estar\u00e3o presentes durante o evento, e qualquer volunt\u00e1rio poder\u00e1 coloc\u00e1-lo em contato com um organizador da confer\u00eancia.\n<h3>7. Escopo<\/h3>\nEsperamos que todos os participantes da confer\u00eancia (patrocinadores, volunt\u00e1rios, palestrantes, participantes e outros convidados) respeitem este c\u00f3digo de conduta em todas as salas do evento e eventos sociais relacionados.\n<h3>8. Informa\u00e7\u00f5es para contato<\/h3>\nFale conosco pela nossa p\u00e1gina de <a title=\"Contato\" href=\"https:\/\/2017.saopaulo.wordcamp.org\/contato\/\">contato<\/a>.\n<h3>9. Licen\u00e7a e atribui\u00e7\u00e3o<\/h3>\nEste C\u00f3digo de Conduta \u00e9 inspirado no trabalho incr\u00edvel da Open Source Bridge, mas substitu\u00eddo com as informa\u00e7\u00f5es do nosso evento. O original est\u00e1 dispon\u00edvel em <a href=\"http:\/\/opensourcebridge.org\/about\/code-of-conduct\/\" target=\"_blank\" rel=\"noopener\">http:\/\/opensourcebridge.org\/about\/code-of-conduct\/<\/a> e \u00e9 distribu\u00eddo sob uma licen\u00e7a Creative Commons Attribution-ShareAlike license.\n\n","protected":false},"excerpt":{"rendered":"<p>1. Prop\u00f3sito O WordCamp S\u00e3o Paulo acredita que nossa comunidade deve ser totalmente aberta para todos. Desta forma, estamos comprometidos a oferecer um ambiente amig\u00e1vel, seguro e acolhedor para todos, n\u00e3o importando o sexo, orienta\u00e7\u00e3o sexual, defici\u00eancias f\u00edsicas, etnicidade, religi\u00e3o, &hellip; <a href=\"https:\/\/saopaulo.wordcamp.org\/2018\/codigo-de-conduta\/\">Continue lendo <span class=\"assistive-text\">C\u00f3digo de conduta<\/span>  <span class=\"meta-nav\">&rarr;<\/span><\/a><\/p>\n","protected":false},"author":6038041,"featured_media":424,"parent":0,"menu_order":0,"comment_status":"closed","ping_status":"closed","template":"","meta":{"_crdt_document":"","jetpack_post_was_ever_published":false,"footnotes":""},"class_list":["post-273","page","type-page","status-publish","has-post-thumbnail","hentry"],"jetpack_sharing_enabled":true,"jetpack_shortlink":"https:\/\/wp.me\/Pa0rp1-4p","jetpack_likes_enabled":true,"jetpack-related-posts":[{"id":388,"url":"https:\/\/saopaulo.wordcamp.org\/2018\/seja-um-palestrante\/","url_meta":{"origin":273,"position":0},"title":"Seja um palestrante","author":"Rafael Funchal","date":"31\/10\/2017","format":false,"excerpt":"Nesta edi\u00e7\u00e3o do WordCamp S\u00e3o Paulo iremos receber propostas para palestras e workshops dos mais variados assuntos. Abaixo voc\u00ea confere algumas informa\u00e7\u00f5es e instru\u00e7\u00f5es sobre como se candidatar. Prazos Envio das propostas: at\u00e9 13 de setembro\u00a0at\u00e9 19 de setembro Divulga\u00e7\u00e3o da programa\u00e7\u00e3o final: 30 de setembro Formatos O WordCamp S\u00e3o\u2026","rel":"","context":"Post similar","block_context":{"text":"Post similar","link":""},"img":{"alt_text":"","src":"https:\/\/i0.wp.com\/saopaulo.wordcamp.org\/2018\/files\/2018\/09\/Poster-WCSP-2018-Juliana.jpg?fit=1200%2C675&ssl=1&resize=350%2C200","width":350,"height":200,"srcset":"https:\/\/i0.wp.com\/saopaulo.wordcamp.org\/2018\/files\/2018\/09\/Poster-WCSP-2018-Juliana.jpg?fit=1200%2C675&ssl=1&resize=350%2C200 1x, https:\/\/i0.wp.com\/saopaulo.wordcamp.org\/2018\/files\/2018\/09\/Poster-WCSP-2018-Juliana.jpg?fit=1200%2C675&ssl=1&resize=525%2C300 1.5x, https:\/\/i0.wp.com\/saopaulo.wordcamp.org\/2018\/files\/2018\/09\/Poster-WCSP-2018-Juliana.jpg?fit=1200%2C675&ssl=1&resize=700%2C400 2x, https:\/\/i0.wp.com\/saopaulo.wordcamp.org\/2018\/files\/2018\/09\/Poster-WCSP-2018-Juliana.jpg?fit=1200%2C675&ssl=1&resize=1050%2C600 3x"},"classes":[]},{"id":297,"url":"https:\/\/saopaulo.wordcamp.org\/2018\/press-release\/","url_meta":{"origin":273,"position":1},"title":"Press release","author":"Rafael Funchal","date":"30\/10\/2017","format":false,"excerpt":"WordCamp S\u00e3o Paulo chega a sua 7\u00aa edi\u00e7\u00e3o Evento refer\u00eancia em WordPress no pa\u00eds, o WordCamp 2018 est\u00e1 marcado\u00a0para o dia 13 de outubro. O WordCamp S\u00e3o Paulo \u00e9 a maior confer\u00eancia paulista dedicada a WordPress \u2014 e o maior do Brasil em 2018 \u2014 chega a sua 7\u00aa edi\u00e7\u00e3o.\u2026","rel":"","context":"Post similar","block_context":{"text":"Post similar","link":""},"img":{"alt_text":"Fotografia a\u00e9rea do WordCamp S\u00e3o Paulo 2016 mostrando todos os participantes posando para a c\u00e2mera no teatro da faculdade UNICID","src":"https:\/\/i0.wp.com\/2017.saopaulo.wordcamp.org\/files\/2017\/10\/wordcamp-saopaulo-2016-1909.jpg?resize=350%2C200&ssl=1","width":350,"height":200,"srcset":"https:\/\/i0.wp.com\/2017.saopaulo.wordcamp.org\/files\/2017\/10\/wordcamp-saopaulo-2016-1909.jpg?resize=350%2C200&ssl=1 1x, https:\/\/i0.wp.com\/2017.saopaulo.wordcamp.org\/files\/2017\/10\/wordcamp-saopaulo-2016-1909.jpg?resize=525%2C300&ssl=1 1.5x, https:\/\/i0.wp.com\/2017.saopaulo.wordcamp.org\/files\/2017\/10\/wordcamp-saopaulo-2016-1909.jpg?resize=700%2C400&ssl=1 2x, https:\/\/i0.wp.com\/2017.saopaulo.wordcamp.org\/files\/2017\/10\/wordcamp-saopaulo-2016-1909.jpg?resize=1050%2C600&ssl=1 3x"},"classes":[]},{"id":269,"url":"https:\/\/saopaulo.wordcamp.org\/2018\/participantes\/","url_meta":{"origin":273,"position":2},"title":"Participantes","author":"Rafael Funchal","date":"30\/10\/2017","format":false,"excerpt":"","rel":"","context":"Post similar","block_context":{"text":"Post similar","link":""},"img":{"alt_text":"","src":"https:\/\/i0.wp.com\/saopaulo.wordcamp.org\/2018\/files\/2018\/08\/wcsp-site-logo.png?fit=263%2C250&resize=350%2C200#038;ssl=1","width":350,"height":200},"classes":[]},{"id":260,"url":"https:\/\/saopaulo.wordcamp.org\/2018\/sobre\/","url_meta":{"origin":273,"position":3},"title":"Sobre","author":"Rafael Funchal","date":"27\/10\/2017","format":false,"excerpt":"O WordCamp \u00e9 uma confer\u00eancia originada nos Estados Unidos sobre tudo relacionado ao WordPress, plataforma open source de gerenciamento de conte\u00fado. S\u00e3o eventos organizados por comunidades de usu\u00e1rios do WordPress ao redor do mundo, onde desenvolvedores, designers, blogueiros e demais usu\u00e1rios podem assistir palestras e apresenta\u00e7\u00f5es, trocar ideias e se\u2026","rel":"","context":"Post similar","block_context":{"text":"Post similar","link":""},"img":{"alt_text":"Matt Mullenweg no WordCamp Brasil","src":"https:\/\/i0.wp.com\/2012.saopaulo.wordcamp.org\/files\/2012\/06\/matt4-199x300.jpg?resize=350%2C200","width":350,"height":200},"classes":[]},{"id":267,"url":"https:\/\/saopaulo.wordcamp.org\/2018\/ingressos\/","url_meta":{"origin":273,"position":4},"title":"Ingressos","author":"Rafael Funchal","date":"30\/10\/2017","format":false,"excerpt":"O ingresso para o WordCamp 2018 custa R$ 60 (sessenta Reais),\u00a0e inclui:\u00a0 \u2705 Palestras + Workshops\u2705 Painel de d\u00favidas com experts em WordPress\u2705 Alimenta\u00e7\u00e3o para o dia inteiro\u2705 Camiseta WordCamp\u2705 Brindes dos patrocinadores\u2705 Convite para o WordCana: happy hour p\u00f3s-evento A comunidade WordPress S\u00e3o Paulo n\u00e3o tem fins lucrativos. O\u2026","rel":"","context":"Post similar","block_context":{"text":"Post similar","link":""},"img":{"alt_text":"","src":"https:\/\/i0.wp.com\/saopaulo.wordcamp.org\/2018\/files\/2018\/09\/inscricoes-abertas-WCSP2018.jpg?fit=1200%2C675&ssl=1&resize=350%2C200","width":350,"height":200,"srcset":"https:\/\/i0.wp.com\/saopaulo.wordcamp.org\/2018\/files\/2018\/09\/inscricoes-abertas-WCSP2018.jpg?fit=1200%2C675&ssl=1&resize=350%2C200 1x, https:\/\/i0.wp.com\/saopaulo.wordcamp.org\/2018\/files\/2018\/09\/inscricoes-abertas-WCSP2018.jpg?fit=1200%2C675&ssl=1&resize=525%2C300 1.5x, https:\/\/i0.wp.com\/saopaulo.wordcamp.org\/2018\/files\/2018\/09\/inscricoes-abertas-WCSP2018.jpg?fit=1200%2C675&ssl=1&resize=700%2C400 2x, https:\/\/i0.wp.com\/saopaulo.wordcamp.org\/2018\/files\/2018\/09\/inscricoes-abertas-WCSP2018.jpg?fit=1200%2C675&ssl=1&resize=1050%2C600 3x"},"classes":[]},{"id":352,"url":"https:\/\/saopaulo.wordcamp.org\/2018\/perguntas-frequentes\/","url_meta":{"origin":273,"position":5},"title":"Perguntas Frequentes","author":"Rafael Funchal","date":"30\/10\/2017","format":false,"excerpt":"Qual o local, data e hor\u00e1rio? O WordCamp acontecer\u00e1 no dia 13 de outubro de 2018, na Universidade Nove de Julho (Uninove). As atividades ter\u00e3o in\u00edcio \u00e0s 8h com t\u00e9rmino previsto para as 17h. Quero ministrar uma palestra Se voc\u00ea tem interesse em realizar uma palestra, apresenta\u00e7\u00e3o ou oficina, encaminhe\u2026","rel":"","context":"Post similar","block_context":{"text":"Post similar","link":""},"img":{"alt_text":"","src":"https:\/\/i0.wp.com\/saopaulo.wordcamp.org\/2018\/files\/2018\/08\/wcsp-site-logo.png?fit=263%2C250&resize=350%2C200#038;ssl=1","width":350,"height":200},"classes":[]}],"_links":{"self":[{"href":"https:\/\/saopaulo.wordcamp.org\/2018\/wp-json\/wp\/v2\/pages\/273","targetHints":{"allow":["GET"]}}],"collection":[{"href":"https:\/\/saopaulo.wordcamp.org\/2018\/wp-json\/wp\/v2\/pages"}],"about":[{"href":"https:\/\/saopaulo.wordcamp.org\/2018\/wp-json\/wp\/v2\/types\/page"}],"author":[{"embeddable":true,"href":"https:\/\/saopaulo.wordcamp.org\/2018\/wp-json\/wp\/v2\/users\/6038041"}],"replies":[{"embeddable":true,"href":"https:\/\/saopaulo.wordcamp.org\/2018\/wp-json\/wp\/v2\/comments?post=273"}],"version-history":[{"count":1,"href":"https:\/\/saopaulo.wordcamp.org\/2018\/wp-json\/wp\/v2\/pages\/273\/revisions"}],"predecessor-version":[{"id":471,"href":"https:\/\/saopaulo.wordcamp.org\/2018\/wp-json\/wp\/v2\/pages\/273\/revisions\/471"}],"wp:featuredmedia":[{"embeddable":true,"href":"https:\/\/saopaulo.wordcamp.org\/2018\/wp-json\/"}],"wp:attachment":[{"href":"https:\/\/saopaulo.wordcamp.org\/2018\/wp-json\/wp\/v2\/media?parent=273"}],"curies":[{"name":"wp","href":"https:\/\/api.w.org\/{rel}","templated":true}]}}