{"id":297,"date":"2017-10-30T18:42:54","date_gmt":"2017-10-30T20:42:54","guid":{"rendered":"https:\/\/2017.saopaulo.wordcamp.org\/?page_id=297"},"modified":"2018-08-29T22:41:17","modified_gmt":"2018-08-30T01:41:17","slug":"press-release","status":"publish","type":"page","link":"https:\/\/saopaulo.wordcamp.org\/2018\/press-release\/","title":{"rendered":"Press release"},"content":{"rendered":"<h2>WordCamp S\u00e3o Paulo chega a sua 7\u00aa edi\u00e7\u00e3o<\/h2>\n<p><em>Evento refer\u00eancia em WordPress no pa\u00eds, o WordCamp 2018 est\u00e1 marcado\u00a0para o dia 13 de outubro.<\/em><\/p>\n<div id=\"attachment_520\" style=\"width: 1290px\" class=\"wp-caption aligncenter\"><img data-recalc-dims=\"1\" loading=\"lazy\" decoding=\"async\" aria-describedby=\"caption-attachment-520\" class=\"wp-image-520 size-full\" src=\"https:\/\/i0.wp.com\/2017.saopaulo.wordcamp.org\/files\/2017\/10\/wordcamp-saopaulo-2016-1909.jpg?resize=830%2C553&#038;ssl=1\" alt=\"Fotografia a\u00e9rea do WordCamp S\u00e3o Paulo 2016 mostrando todos os participantes posando para a c\u00e2mera no teatro da faculdade UNICID\" width=\"830\" height=\"553\" \/><p id=\"caption-attachment-520\" class=\"wp-caption-text\">Foto do WordCamp S\u00e3o Paulo 2016<\/p><\/div>\n<p><span style=\"font-weight: 400\">O WordCamp S\u00e3o Paulo \u00e9 a maior confer\u00eancia paulista dedicada a WordPress \u2014 e o maior do Brasil em 2018 \u2014 chega a sua 7\u00aa edi\u00e7\u00e3o. O evento acontece no dia 13 de outubro na cidade de S\u00e3o Paulo.<\/span><\/p>\n<p><span style=\"font-weight: 400\">Os organizadores esperam receber 600 pessoas no audit\u00f3rio da Uninove Vergueiro. O p\u00fablico \u00e9 formado por desenvolvedores, produtores de conte\u00fado, estudantes e entusiastas da plataforma.<\/span><\/p>\n<p><span style=\"font-weight: 400\">As submiss\u00f5es para palestras v\u00e3o at\u00e9 o dia 13 de setembro. O candidato dever\u00e1 submeter o tema e conte\u00fado e passar pelo crivo da comiss\u00e3o organizadora. Em edi\u00e7\u00f5es anteriores o evento recebeu submiss\u00e3o de profissionais de destaque no cen\u00e1rio nacional e de palestrantes internacionais.<\/span><\/p>\n<p><span style=\"font-weight: 400\">\u201cO WordCamp \u00e9 um evento muito esperado pela comunidade WordPress, principalmente da cidade de S\u00e3o Paulo, que costuma ser uma refer\u00eancia para o pa\u00eds. A for\u00e7a da uni\u00e3o da comunidade, dos volunt\u00e1rios e dos palestrantes, que cedem o tempo para fazer o evento acontecer, \u00e9 essencial para o WordCamp\u201d, conta Anyssa Ferreira, que faz parte da organiza\u00e7\u00e3o do evento.<\/span><\/p>\n<p><span style=\"font-weight: 400\">Os ingressos custam R$ 60,00 e incluem camiseta, brindes e certificado digital. Com um custo baixo, o WordCamp S\u00e3o Paulo se consolida como um dos eventos de tecnologia mais acess\u00edveis da cidade, uma oportunidade \u00fanica para aqueles interessados em aprender mais sobre WordPress.<\/span><\/p>\n<p><span style=\"font-weight: 400\">O evento, tal como todo o trabalho da Comunidade WordPress, n\u00e3o tem fins lucrativos. Toda a renda obtida com a venda de ingressos e patroc\u00ednio ser\u00e1 revertida para a produ\u00e7\u00e3o do evento.<\/span><\/p>\n<h2><b>WordCamps pelo mundo<\/b><\/h2>\n<p><span style=\"font-weight: 400\">Os WordCamps s\u00e3o confer\u00eancias que buscam disseminar conhecimento sobre a plataforma WordPress e que apresentam as \u00faltimas novidades do universo da plataforma. O evento \u00e9 refer\u00eancia mundial em promo\u00e7\u00e3o, conhecimento e utiliza\u00e7\u00e3o da plataforma, al\u00e9m de propiciar um excelente networking para profissionais da \u00e1rea. <\/span><\/p>\n<p><span style=\"font-weight: 400\">Em 2015 foram organizados 89 WordCamps por todo o mundo. O evento atrai um p\u00fablico diversificado, composto n\u00e3o apenas por programadores, mas por designers, publicit\u00e1rios, jornalistas, profissionais do marketing, estudantes e hobbistas. Os eventos s\u00e3o balizados de acordo com as premissas da <\/span><a href=\"https:\/\/central.wordcamp.org\" target=\"_blank\" rel=\"noopener\"><span style=\"font-weight: 400\">Funda\u00e7\u00e3o WordPress<\/span><\/a><span style=\"font-weight: 400\">.<\/span><\/p>\n<h2><b>WordPress est\u00e1 presente em 31% da web<\/b><\/h2>\n<p><span style=\"font-weight: 400\">Criado em 2003 por <\/span><a href=\"https:\/\/ma.tt\" target=\"_blank\" rel=\"noopener\"><span style=\"font-weight: 400\">Matt Mullenweg<\/span><\/a><span style=\"font-weight: 400\">, o WordPress \u00e9 hoje o CMS (<\/span><i><span style=\"font-weight: 400\">Content Management System<\/span><\/i><span style=\"font-weight: 400\"> ou Sistema de Gerenciamento de Conte\u00fado) mais utilizado no mundo, presente em <\/span><a href=\"https:\/\/w3techs.com\" target=\"_blank\" rel=\"noopener\"><span style=\"font-weight: 400\">31,7% de toda a web<\/span><\/a><span style=\"font-weight: 400\">.<\/span><\/p>\n<p><span style=\"font-weight: 400\">O WordPress \u00e9 uma plataforma com c\u00f3digo aberto (<\/span><i><span style=\"font-weight: 400\">open-source<\/span><\/i><span style=\"font-weight: 400\"> em ingl\u00eas). Este modelo livre de licenciamento permite a livre utiliza\u00e7\u00e3o, redistribui\u00e7\u00e3o e\/ou modifica\u00e7\u00e3o da do seu conte\u00fado.<\/span><\/p>\n<hr \/>\n<h3><b>Servi\u00e7o<\/b><\/h3>\n<p><span style=\"font-weight: 400\">WordCamp S\u00e3o Paulo 2018<br \/>\n<\/span><span style=\"font-weight: 400\">Dia 13 de outubro, das 8h \u00e0s 18h<\/span><\/p>\n<p><span style=\"font-weight: 400\"><a href=\"http:\/\/www.uninove.br\/\" rel=\"nofollow\">Universidade Nove de Julho (Uninove)<\/a><br \/>\nRua Vergueiro, 235\/249 &#8211; Liberdade, S\u00e3o Paulo &#8211; SP, Brasil<\/span><\/p>\n<p><a href=\"https:\/\/2018.saopaulo.wordcamp.org\/ingressos\/\"><span style=\"font-weight: 400\">Inscri\u00e7\u00f5es: R$ 60 (sessenta Reais)<\/span><\/a><\/p>\n<p><span style=\"font-weight: 400\">Site: <\/span><a href=\"https:\/\/2018.saopaulo.wordcamp.org\"><span style=\"font-weight: 400\">2018.saopaulo.wordcamp.org<br \/>\n<\/span><\/a><span style=\"font-weight: 400\">Facebook: <\/span><a href=\"http:\/\/facebook.com\/WordCampSaoPaulo\" target=\"_blank\" rel=\"noopener\"><span style=\"font-weight: 400\">facebook.com\/WordCampSaoPaulo<br \/>\n<\/span><\/a><span style=\"font-weight: 400\">Twitter: <\/span><a href=\"http:\/\/twitter.com\/WPsampa\" target=\"_blank\" rel=\"noopener\"><span style=\"font-weight: 400\">@WPsampa<\/span><\/a><\/p>\n<hr \/>\n<h3><b>Veja mais sobre o assunto<\/b><\/h3>\n<p><a href=\"https:\/\/2018.saopaulo.wordcamp.org\/organizadores\/\">Organizadores do WordCamp S\u00e3o Paulo 2018<br \/>\n<\/a><span style=\"font-weight: 400\"><a href=\"https:\/\/central.wordcamp.org\/\">WordCamp Central<\/a><\/span><a href=\"https:\/\/central.wordcamp.org\/\" target=\"_blank\" rel=\"noopener\"><span style=\"font-weight: 400\"><br \/>\n<\/span><\/a><a href=\"https:\/\/br.wordpress.org\/\"><span style=\"font-weight: 400\">WordPress.org<\/span><\/a><\/p>\n<h3><b>Edi\u00e7\u00f5es anteriores<\/b><\/h3>\n<p><span style=\"font-weight: 400\">2012: <\/span><a href=\"https:\/\/2012.saopaulo.wordcamp.org\/\"><span style=\"font-weight: 400\">https:\/\/2012.saopaulo.wordcamp.org\/<br \/>\n<\/span><\/a><span style=\"font-weight: 400\">2013: <\/span><a href=\"https:\/\/2013.saopaulo.wordcamp.org\/\"><span style=\"font-weight: 400\">https:\/\/2013.saopaulo.wordcamp.org\/<br \/>\n<\/span><\/a><span style=\"font-weight: 400\">2014: <\/span><a href=\"https:\/\/2014.saopaulo.wordcamp.org\/\"><span style=\"font-weight: 400\">https:\/\/2014.saopaulo.wordcamp.org\/<br \/>\n<\/span><\/a><span style=\"font-weight: 400\">2015: <\/span><a href=\"https:\/\/2015.saopaulo.wordcamp.org\/\"><span style=\"font-weight: 400\">https:\/\/2015.saopaulo.wordcamp.org\/<br \/>\n<\/span><\/a><span style=\"font-weight: 400\">2016: <\/span><a href=\"https:\/\/2016.saopaulo.wordcamp.org\/\"><span style=\"font-weight: 400\">https:\/\/2016.saopaulo.wordcamp.org\/<\/span><\/a><br \/>\n2017:\u00a0<a href=\"https:\/\/2017.saopaulo.wordcamp.org\/\">https:\/\/2017.saopaulo.wordcamp.org\/<\/a><\/p>\n","protected":false},"excerpt":{"rendered":"<p>WordCamp S\u00e3o Paulo chega a sua 7\u00aa edi\u00e7\u00e3o Evento refer\u00eancia em WordPress no pa\u00eds, o WordCamp 2018 est\u00e1 marcado\u00a0para o dia 13 de outubro. O WordCamp S\u00e3o Paulo \u00e9 a maior confer\u00eancia paulista dedicada a WordPress \u2014 e o maior &hellip; <a href=\"https:\/\/saopaulo.wordcamp.org\/2018\/press-release\/\">Continue lendo <span class=\"assistive-text\">Press release<\/span>  <span class=\"meta-nav\">&rarr;<\/span><\/a><\/p>\n","protected":false},"author":6038041,"featured_media":0,"parent":0,"menu_order":0,"comment_status":"closed","ping_status":"closed","template":"","meta":{"_crdt_document":"","jetpack_post_was_ever_published":false,"footnotes":""},"class_list":["post-297","page","type-page","status-publish","hentry"],"jetpack_sharing_enabled":true,"jetpack_shortlink":"https:\/\/wp.me\/Pa0rp1-4N","jetpack_likes_enabled":true,"jetpack-related-posts":[{"id":769,"url":"https:\/\/saopaulo.wordcamp.org\/2018\/seja-um-voluntario\/","url_meta":{"origin":297,"position":0},"title":"Seja um volunt\u00e1rio","author":"Allyson","date":"15\/09\/2018","format":false,"excerpt":"O WordCamp S\u00e3o Paulo 2018 \u00e9 a confer\u00eancia oficial da comunidade WordPress da cidade de S\u00e3o Paulo, este ano o evento ser\u00e1 realizado no dia 13 de outubro, e n\u00f3s, membros da organiza\u00e7\u00e3o, precisamos de ajuda para fazer com que o evento seja um sucesso para toda a comunidade. Pronto\u2026","rel":"","context":"Post similar","block_context":{"text":"Post similar","link":""},"img":{"alt_text":"","src":"https:\/\/i0.wp.com\/saopaulo.wordcamp.org\/2018\/files\/2018\/09\/seja-um-voluntario-pb.jpg?fit=960%2C540&ssl=1&resize=350%2C200","width":350,"height":200,"srcset":"https:\/\/i0.wp.com\/saopaulo.wordcamp.org\/2018\/files\/2018\/09\/seja-um-voluntario-pb.jpg?fit=960%2C540&ssl=1&resize=350%2C200 1x, https:\/\/i0.wp.com\/saopaulo.wordcamp.org\/2018\/files\/2018\/09\/seja-um-voluntario-pb.jpg?fit=960%2C540&ssl=1&resize=525%2C300 1.5x, https:\/\/i0.wp.com\/saopaulo.wordcamp.org\/2018\/files\/2018\/09\/seja-um-voluntario-pb.jpg?fit=960%2C540&ssl=1&resize=700%2C400 2x"},"classes":[]},{"id":352,"url":"https:\/\/saopaulo.wordcamp.org\/2018\/perguntas-frequentes\/","url_meta":{"origin":297,"position":1},"title":"Perguntas Frequentes","author":"Rafael Funchal","date":"30\/10\/2017","format":false,"excerpt":"Qual o local, data e hor\u00e1rio? O WordCamp acontecer\u00e1 no dia 13 de outubro de 2018, na Universidade Nove de Julho (Uninove). As atividades ter\u00e3o in\u00edcio \u00e0s 8h com t\u00e9rmino previsto para as 17h. Quero ministrar uma palestra Se voc\u00ea tem interesse em realizar uma palestra, apresenta\u00e7\u00e3o ou oficina, encaminhe\u2026","rel":"","context":"Post similar","block_context":{"text":"Post similar","link":""},"img":{"alt_text":"","src":"https:\/\/i0.wp.com\/saopaulo.wordcamp.org\/2018\/files\/2018\/08\/wcsp-site-logo.png?fit=263%2C250&resize=350%2C200#038;ssl=1","width":350,"height":200},"classes":[]},{"id":267,"url":"https:\/\/saopaulo.wordcamp.org\/2018\/ingressos\/","url_meta":{"origin":297,"position":2},"title":"Ingressos","author":"Rafael Funchal","date":"30\/10\/2017","format":false,"excerpt":"O ingresso para o WordCamp 2018 custa R$ 60 (sessenta Reais),\u00a0e inclui:\u00a0 \u2705 Palestras + Workshops\u2705 Painel de d\u00favidas com experts em WordPress\u2705 Alimenta\u00e7\u00e3o para o dia inteiro\u2705 Camiseta WordCamp\u2705 Brindes dos patrocinadores\u2705 Convite para o WordCana: happy hour p\u00f3s-evento A comunidade WordPress S\u00e3o Paulo n\u00e3o tem fins lucrativos. O\u2026","rel":"","context":"Post similar","block_context":{"text":"Post similar","link":""},"img":{"alt_text":"","src":"https:\/\/i0.wp.com\/saopaulo.wordcamp.org\/2018\/files\/2018\/09\/inscricoes-abertas-WCSP2018.jpg?fit=1200%2C675&ssl=1&resize=350%2C200","width":350,"height":200,"srcset":"https:\/\/i0.wp.com\/saopaulo.wordcamp.org\/2018\/files\/2018\/09\/inscricoes-abertas-WCSP2018.jpg?fit=1200%2C675&ssl=1&resize=350%2C200 1x, https:\/\/i0.wp.com\/saopaulo.wordcamp.org\/2018\/files\/2018\/09\/inscricoes-abertas-WCSP2018.jpg?fit=1200%2C675&ssl=1&resize=525%2C300 1.5x, https:\/\/i0.wp.com\/saopaulo.wordcamp.org\/2018\/files\/2018\/09\/inscricoes-abertas-WCSP2018.jpg?fit=1200%2C675&ssl=1&resize=700%2C400 2x, https:\/\/i0.wp.com\/saopaulo.wordcamp.org\/2018\/files\/2018\/09\/inscricoes-abertas-WCSP2018.jpg?fit=1200%2C675&ssl=1&resize=1050%2C600 3x"},"classes":[]},{"id":260,"url":"https:\/\/saopaulo.wordcamp.org\/2018\/sobre\/","url_meta":{"origin":297,"position":3},"title":"Sobre","author":"Rafael Funchal","date":"27\/10\/2017","format":false,"excerpt":"O WordCamp \u00e9 uma confer\u00eancia originada nos Estados Unidos sobre tudo relacionado ao WordPress, plataforma open source de gerenciamento de conte\u00fado. S\u00e3o eventos organizados por comunidades de usu\u00e1rios do WordPress ao redor do mundo, onde desenvolvedores, designers, blogueiros e demais usu\u00e1rios podem assistir palestras e apresenta\u00e7\u00f5es, trocar ideias e se\u2026","rel":"","context":"Post similar","block_context":{"text":"Post similar","link":""},"img":{"alt_text":"Matt Mullenweg no WordCamp Brasil","src":"https:\/\/i0.wp.com\/2012.saopaulo.wordcamp.org\/files\/2012\/06\/matt4-199x300.jpg?resize=350%2C200","width":350,"height":200},"classes":[]},{"id":388,"url":"https:\/\/saopaulo.wordcamp.org\/2018\/seja-um-palestrante\/","url_meta":{"origin":297,"position":4},"title":"Seja um palestrante","author":"Rafael Funchal","date":"31\/10\/2017","format":false,"excerpt":"Nesta edi\u00e7\u00e3o do WordCamp S\u00e3o Paulo iremos receber propostas para palestras e workshops dos mais variados assuntos. Abaixo voc\u00ea confere algumas informa\u00e7\u00f5es e instru\u00e7\u00f5es sobre como se candidatar. Prazos Envio das propostas: at\u00e9 13 de setembro\u00a0at\u00e9 19 de setembro Divulga\u00e7\u00e3o da programa\u00e7\u00e3o final: 30 de setembro Formatos O WordCamp S\u00e3o\u2026","rel":"","context":"Post similar","block_context":{"text":"Post similar","link":""},"img":{"alt_text":"","src":"https:\/\/i0.wp.com\/saopaulo.wordcamp.org\/2018\/files\/2018\/09\/Poster-WCSP-2018-Juliana.jpg?fit=1200%2C675&ssl=1&resize=350%2C200","width":350,"height":200,"srcset":"https:\/\/i0.wp.com\/saopaulo.wordcamp.org\/2018\/files\/2018\/09\/Poster-WCSP-2018-Juliana.jpg?fit=1200%2C675&ssl=1&resize=350%2C200 1x, https:\/\/i0.wp.com\/saopaulo.wordcamp.org\/2018\/files\/2018\/09\/Poster-WCSP-2018-Juliana.jpg?fit=1200%2C675&ssl=1&resize=525%2C300 1.5x, https:\/\/i0.wp.com\/saopaulo.wordcamp.org\/2018\/files\/2018\/09\/Poster-WCSP-2018-Juliana.jpg?fit=1200%2C675&ssl=1&resize=700%2C400 2x, https:\/\/i0.wp.com\/saopaulo.wordcamp.org\/2018\/files\/2018\/09\/Poster-WCSP-2018-Juliana.jpg?fit=1200%2C675&ssl=1&resize=1050%2C600 3x"},"classes":[]},{"id":225,"url":"https:\/\/saopaulo.wordcamp.org\/2018\/patrocine-o-wordcamp\/","url_meta":{"origin":297,"position":5},"title":"Seja um patrocinador do WordCamp 2018","author":"Rafael Funchal","date":"29\/10\/2017","format":false,"excerpt":"O WordCamp \u00e9 o \u00fanico evento oficial apoiado pela Funda\u00e7\u00e3o WordPress, \u00e9 organizado pela comunidade local e n\u00e3o possui fins lucrativos. Por isso, contamos com o apoio dos patrocinadores para fazer o evento acontecer e oferecer a melhor estrutura para os participantes. Quer conhecer melhor o evento? Veja o M\u00eddia\u2026","rel":"","context":"Post similar","block_context":{"text":"Post similar","link":""},"img":{"alt_text":"","src":"https:\/\/i0.wp.com\/saopaulo.wordcamp.org\/2018\/files\/2018\/08\/wcsp-site-logo.png?fit=263%2C250&resize=350%2C200#038;ssl=1","width":350,"height":200},"classes":[]}],"_links":{"self":[{"href":"https:\/\/saopaulo.wordcamp.org\/2018\/wp-json\/wp\/v2\/pages\/297","targetHints":{"allow":["GET"]}}],"collection":[{"href":"https:\/\/saopaulo.wordcamp.org\/2018\/wp-json\/wp\/v2\/pages"}],"about":[{"href":"https:\/\/saopaulo.wordcamp.org\/2018\/wp-json\/wp\/v2\/types\/page"}],"author":[{"embeddable":true,"href":"https:\/\/saopaulo.wordcamp.org\/2018\/wp-json\/wp\/v2\/users\/6038041"}],"replies":[{"embeddable":true,"href":"https:\/\/saopaulo.wordcamp.org\/2018\/wp-json\/wp\/v2\/comments?post=297"}],"version-history":[{"count":3,"href":"https:\/\/saopaulo.wordcamp.org\/2018\/wp-json\/wp\/v2\/pages\/297\/revisions"}],"predecessor-version":[{"id":467,"href":"https:\/\/saopaulo.wordcamp.org\/2018\/wp-json\/wp\/v2\/pages\/297\/revisions\/467"}],"wp:attachment":[{"href":"https:\/\/saopaulo.wordcamp.org\/2018\/wp-json\/wp\/v2\/media?parent=297"}],"curies":[{"name":"wp","href":"https:\/\/api.w.org\/{rel}","templated":true}]}}