{"id":321,"date":"2017-10-30T18:45:09","date_gmt":"2017-10-30T20:45:09","guid":{"rendered":"https:\/\/2017.saopaulo.wordcamp.org\/?page_id=321"},"modified":"2018-08-29T23:10:34","modified_gmt":"2018-08-30T02:10:34","slug":"politica-de-privacidade","status":"publish","type":"page","link":"https:\/\/saopaulo.wordcamp.org\/2018\/politica-de-privacidade\/","title":{"rendered":"Pol\u00edtica de privacidade"},"content":{"rendered":"<p>Informa\u00e7\u00f5es e dados pessoais fornecidos \u00e0 organiza\u00e7\u00e3o do WordCamp S\u00e3o Paulo 2018 \u2013 cuja veracidade e exatid\u00e3o s\u00e3o de total responsabilidade do inscrito \u2013 ser\u00e3o coletados e guardados em conformidade com padr\u00f5es r\u00edgidos de confidencialidade e de seguran\u00e7a, e utilizados para as seguintes finalidades:<\/p>\n<ul>\n<li>comunicar o inscrito a respeito de novos produtos, promo\u00e7\u00f5es, not\u00edcias relacionadas ao evento;<\/li>\n<li>manter atualizados os cadastros dos inscritos para fins de contato;<\/li>\n<li>elaborar estat\u00edsticas gerais, sem que haja identifica\u00e7\u00e3o dos inscritos;<\/li>\n<li>responder \u00e0s d\u00favidas e solicita\u00e7\u00f5es dos inscritos no evento.<\/li>\n<\/ul>\n<p>O acesso \u00e0s informa\u00e7\u00f5es recebidas \u00e9 restrito apenas aos integrantes da organiza\u00e7\u00e3o do WordCamp S\u00e3o Paulo 2018, autorizados para o uso adequado dessas informa\u00e7\u00f5es. Se o inscrito desejar que seu cadastro seja exclu\u00eddo, ele poder\u00e1 solicitar a exclus\u00e3o a qualquer momento, o que ser\u00e1 feito imediatamente. Feita tal exclus\u00e3o, seu cadastro ser\u00e1 desativado da base de dados do WordCamp S\u00e3o Paulo 2018.<\/p>\n<p>A organiza\u00e7\u00e3o do WordCamp S\u00e3o Paulo 2018 n\u00e3o vender\u00e1 ou alugar\u00e1 quaisquer dados pessoais dos usu\u00e1rios cadastrados a quaisquer terceiros.<\/p>\n","protected":false},"excerpt":{"rendered":"<p>Informa\u00e7\u00f5es e dados pessoais fornecidos \u00e0 organiza\u00e7\u00e3o do WordCamp S\u00e3o Paulo 2018 \u2013 cuja veracidade e exatid\u00e3o s\u00e3o de total responsabilidade do inscrito \u2013 ser\u00e3o coletados e guardados em conformidade com padr\u00f5es r\u00edgidos de confidencialidade e de seguran\u00e7a, e utilizados &hellip; <a href=\"https:\/\/saopaulo.wordcamp.org\/2018\/politica-de-privacidade\/\">Continue lendo <span class=\"assistive-text\">Pol\u00edtica de privacidade<\/span>  <span class=\"meta-nav\">&rarr;<\/span><\/a><\/p>\n","protected":false},"author":6038041,"featured_media":0,"parent":0,"menu_order":0,"comment_status":"closed","ping_status":"closed","template":"","meta":{"_crdt_document":"","jetpack_post_was_ever_published":false,"footnotes":""},"class_list":["post-321","page","type-page","status-publish","hentry"],"jetpack_sharing_enabled":true,"jetpack_shortlink":"https:\/\/wp.me\/Pa0rp1-5b","jetpack_likes_enabled":true,"jetpack-related-posts":[{"id":273,"url":"https:\/\/saopaulo.wordcamp.org\/2018\/codigo-de-conduta\/","url_meta":{"origin":321,"position":0},"title":"C\u00f3digo de conduta","author":"Rafael Funchal","date":"27\/10\/2017","format":false,"excerpt":"1. Prop\u00f3sito O WordCamp S\u00e3o Paulo acredita que nossa comunidade deve ser totalmente aberta para todos. Desta forma, estamos comprometidos a oferecer um ambiente amig\u00e1vel, seguro e acolhedor para todos, n\u00e3o importando o sexo, orienta\u00e7\u00e3o sexual, defici\u00eancias f\u00edsicas, etnicidade, religi\u00e3o, sistema operacional preferido, linguagem de programa\u00e7\u00e3o ou editor de texto.\u2026","rel":"","context":"Post similar","block_context":{"text":"Post similar","link":""},"img":{"alt_text":"","src":"https:\/\/i0.wp.com\/saopaulo.wordcamp.org\/2018\/files\/2018\/08\/wcsp-site-logo.png?fit=263%2C250&resize=350%2C200#038;ssl=1","width":350,"height":200},"classes":[]},{"id":352,"url":"https:\/\/saopaulo.wordcamp.org\/2018\/perguntas-frequentes\/","url_meta":{"origin":321,"position":1},"title":"Perguntas Frequentes","author":"Rafael Funchal","date":"30\/10\/2017","format":false,"excerpt":"Qual o local, data e hor\u00e1rio? O WordCamp acontecer\u00e1 no dia 13 de outubro de 2018, na Universidade Nove de Julho (Uninove). As atividades ter\u00e3o in\u00edcio \u00e0s 8h com t\u00e9rmino previsto para as 17h. Quero ministrar uma palestra Se voc\u00ea tem interesse em realizar uma palestra, apresenta\u00e7\u00e3o ou oficina, encaminhe\u2026","rel":"","context":"Post similar","block_context":{"text":"Post similar","link":""},"img":{"alt_text":"","src":"https:\/\/i0.wp.com\/saopaulo.wordcamp.org\/2018\/files\/2018\/08\/wcsp-site-logo.png?fit=263%2C250&resize=350%2C200#038;ssl=1","width":350,"height":200},"classes":[]},{"id":297,"url":"https:\/\/saopaulo.wordcamp.org\/2018\/press-release\/","url_meta":{"origin":321,"position":2},"title":"Press release","author":"Rafael Funchal","date":"30\/10\/2017","format":false,"excerpt":"WordCamp S\u00e3o Paulo chega a sua 7\u00aa edi\u00e7\u00e3o Evento refer\u00eancia em WordPress no pa\u00eds, o WordCamp 2018 est\u00e1 marcado\u00a0para o dia 13 de outubro. O WordCamp S\u00e3o Paulo \u00e9 a maior confer\u00eancia paulista dedicada a WordPress \u2014 e o maior do Brasil em 2018 \u2014 chega a sua 7\u00aa edi\u00e7\u00e3o.\u2026","rel":"","context":"Post similar","block_context":{"text":"Post similar","link":""},"img":{"alt_text":"Fotografia a\u00e9rea do WordCamp S\u00e3o Paulo 2016 mostrando todos os participantes posando para a c\u00e2mera no teatro da faculdade UNICID","src":"https:\/\/i0.wp.com\/2017.saopaulo.wordcamp.org\/files\/2017\/10\/wordcamp-saopaulo-2016-1909.jpg?resize=350%2C200&ssl=1","width":350,"height":200,"srcset":"https:\/\/i0.wp.com\/2017.saopaulo.wordcamp.org\/files\/2017\/10\/wordcamp-saopaulo-2016-1909.jpg?resize=350%2C200&ssl=1 1x, https:\/\/i0.wp.com\/2017.saopaulo.wordcamp.org\/files\/2017\/10\/wordcamp-saopaulo-2016-1909.jpg?resize=525%2C300&ssl=1 1.5x, https:\/\/i0.wp.com\/2017.saopaulo.wordcamp.org\/files\/2017\/10\/wordcamp-saopaulo-2016-1909.jpg?resize=700%2C400&ssl=1 2x, https:\/\/i0.wp.com\/2017.saopaulo.wordcamp.org\/files\/2017\/10\/wordcamp-saopaulo-2016-1909.jpg?resize=1050%2C600&ssl=1 3x"},"classes":[]},{"id":225,"url":"https:\/\/saopaulo.wordcamp.org\/2018\/patrocine-o-wordcamp\/","url_meta":{"origin":321,"position":3},"title":"Seja um patrocinador do WordCamp 2018","author":"Rafael Funchal","date":"29\/10\/2017","format":false,"excerpt":"O WordCamp \u00e9 o \u00fanico evento oficial apoiado pela Funda\u00e7\u00e3o WordPress, \u00e9 organizado pela comunidade local e n\u00e3o possui fins lucrativos. Por isso, contamos com o apoio dos patrocinadores para fazer o evento acontecer e oferecer a melhor estrutura para os participantes. Quer conhecer melhor o evento? Veja o M\u00eddia\u2026","rel":"","context":"Post similar","block_context":{"text":"Post similar","link":""},"img":{"alt_text":"","src":"https:\/\/i0.wp.com\/saopaulo.wordcamp.org\/2018\/files\/2018\/08\/wcsp-site-logo.png?fit=263%2C250&resize=350%2C200#038;ssl=1","width":350,"height":200},"classes":[]},{"id":266,"url":"https:\/\/saopaulo.wordcamp.org\/2018\/organizadores\/","url_meta":{"origin":321,"position":4},"title":"Organizadores","author":"Rafael Funchal","date":"27\/10\/2017","format":false,"excerpt":"Aqui est\u00e3o alguns dos incr\u00edveis colaboradores que est\u00e3o dedicando seu valioso tempo para fazer do WordCamp S\u00e3o Paulo 2018\u00a0um evento sensacional. D\u00ea uma olhadinha, voc\u00ea vai encontrar pessoas muito interessantes nessa lista para conversar no dia do evento!","rel":"","context":"Post similar","block_context":{"text":"Post similar","link":""},"img":{"alt_text":"","src":"https:\/\/i0.wp.com\/saopaulo.wordcamp.org\/2018\/files\/2018\/08\/wcsp-site-logo.png?fit=263%2C250&resize=350%2C200#038;ssl=1","width":350,"height":200},"classes":[]},{"id":769,"url":"https:\/\/saopaulo.wordcamp.org\/2018\/seja-um-voluntario\/","url_meta":{"origin":321,"position":5},"title":"Seja um volunt\u00e1rio","author":"Allyson","date":"15\/09\/2018","format":false,"excerpt":"O WordCamp S\u00e3o Paulo 2018 \u00e9 a confer\u00eancia oficial da comunidade WordPress da cidade de S\u00e3o Paulo, este ano o evento ser\u00e1 realizado no dia 13 de outubro, e n\u00f3s, membros da organiza\u00e7\u00e3o, precisamos de ajuda para fazer com que o evento seja um sucesso para toda a comunidade. Pronto\u2026","rel":"","context":"Post similar","block_context":{"text":"Post similar","link":""},"img":{"alt_text":"","src":"https:\/\/i0.wp.com\/saopaulo.wordcamp.org\/2018\/files\/2018\/09\/seja-um-voluntario-pb.jpg?fit=960%2C540&ssl=1&resize=350%2C200","width":350,"height":200,"srcset":"https:\/\/i0.wp.com\/saopaulo.wordcamp.org\/2018\/files\/2018\/09\/seja-um-voluntario-pb.jpg?fit=960%2C540&ssl=1&resize=350%2C200 1x, https:\/\/i0.wp.com\/saopaulo.wordcamp.org\/2018\/files\/2018\/09\/seja-um-voluntario-pb.jpg?fit=960%2C540&ssl=1&resize=525%2C300 1.5x, https:\/\/i0.wp.com\/saopaulo.wordcamp.org\/2018\/files\/2018\/09\/seja-um-voluntario-pb.jpg?fit=960%2C540&ssl=1&resize=700%2C400 2x"},"classes":[]}],"_links":{"self":[{"href":"https:\/\/saopaulo.wordcamp.org\/2018\/wp-json\/wp\/v2\/pages\/321","targetHints":{"allow":["GET"]}}],"collection":[{"href":"https:\/\/saopaulo.wordcamp.org\/2018\/wp-json\/wp\/v2\/pages"}],"about":[{"href":"https:\/\/saopaulo.wordcamp.org\/2018\/wp-json\/wp\/v2\/types\/page"}],"author":[{"embeddable":true,"href":"https:\/\/saopaulo.wordcamp.org\/2018\/wp-json\/wp\/v2\/users\/6038041"}],"replies":[{"embeddable":true,"href":"https:\/\/saopaulo.wordcamp.org\/2018\/wp-json\/wp\/v2\/comments?post=321"}],"version-history":[{"count":2,"href":"https:\/\/saopaulo.wordcamp.org\/2018\/wp-json\/wp\/v2\/pages\/321\/revisions"}],"predecessor-version":[{"id":508,"href":"https:\/\/saopaulo.wordcamp.org\/2018\/wp-json\/wp\/v2\/pages\/321\/revisions\/508"}],"wp:attachment":[{"href":"https:\/\/saopaulo.wordcamp.org\/2018\/wp-json\/wp\/v2\/media?parent=321"}],"curies":[{"name":"wp","href":"https:\/\/api.w.org\/{rel}","templated":true}]}}