{"id":347,"date":"2017-10-30T19:19:19","date_gmt":"2017-10-30T22:19:19","guid":{"rendered":"https:\/\/2017.saopaulo.wordcamp.org\/?page_id=347"},"modified":"2018-09-03T14:36:52","modified_gmt":"2018-09-03T17:36:52","slug":"guia-de-sobrevivencia","status":"publish","type":"page","link":"https:\/\/saopaulo.wordcamp.org\/2018\/guia-de-sobrevivencia\/","title":{"rendered":"Guia de sobreviv\u00eancia"},"content":{"rendered":"\n<h2 class=\"wp-block-heading\">Localiza\u00e7\u00e3o<\/h2>\n\n\n\n<p class=\"wp-block-paragraph\" style=\"font-size:20px\"><strong>Universidade Nove de Julho (Uninove)<\/strong><br \/>Rua Vergueiro, 235\/249 &#8211; Liberdade, S\u00e3o Paulo &#8211; SP, Brasil <\/p>\n\n\n\n<p class=\"wp-block-paragraph\"><a href=\"https:\/\/www.google.com.br\/maps\/place\/UNINOVE+-+Campus+Vergueiro\/@-23.5642161,-46.6380154,15z\/data=!4m5!3m4!1s0x0:0xde82450ea5cf3c27!8m2!3d-23.5642161!4d-46.6380154\">Ver mapa<\/a><\/p>\n\n\n\n<ul class=\"wp-block-list\"><li>Pr\u00f3ximo ao <strong>Metr\u00f4 S\u00e3o Joaquim<\/strong> &#8211; Linha 1 Azul (300m). <\/li><li>De f\u00e1cil acesso via transporte p\u00fablico, com v\u00e1rias op\u00e7\u00f5es de \u00f4nibus tamb\u00e9m.<br \/><\/li><\/ul>\n\n\n\n<hr class=\"wp-block-separator\" \/>\n\n\n<div class=\"googlemaps\">\n\t\t\t\t<iframe loading=\"lazy\" width=\"600\" height=\"450\" frameborder=\"0\" scrolling=\"no\" marginheight=\"0\" marginwidth=\"0\"  src=\"https:\/\/www.google.com\/maps\/embed?pb=!1m18!1m12!1m3!1d3657.117831836398!2d-46.640204083628994!3d-23.564211167585785!2m3!1f0!2f0!3f0!3m2!1i1024!2i768!4f13.1!3m3!1m2!1s0x94ce5bc51374e6ad:0xde82450ea5cf3c27!2sUNINOVE%20-%20Campus%20Vergueiro!5e0!3m2!1spt-BR!2sbr!4v1535593047079\"><\/iframe>\n\t\t\t<\/div>\n\n\n<p class=\"wp-block-paragraph\">Alguns bairros pr\u00f3ximos:<\/p>\n\n\n\n<ul class=\"wp-block-list\"><li>Liberdade<\/li><li>Bela Vista<\/li><li>Regi\u00e3o da Avenina Paulista<\/li><li>Para\u00edso<\/li><li>Aclima\u00e7\u00e3o<\/li><li>Centro<\/li><li>Vila Mariana<\/li><\/ul>\n\n\n\n<h2 class=\"wp-block-heading\"><strong>Estacionamento<\/strong><\/h2>\n\n\n\n<p class=\"wp-block-paragraph\">Existem diversos estacionamentos na regi\u00e3o. O valor da di\u00e1ria gira em torno de R$ 15,00 a R$ 20,00.\u00a0<\/p>\n\n\n\n<h2 class=\"wp-block-heading\"><strong>COMO CHEGAR<\/strong><\/h2>\n\n\n\n<h3 class=\"wp-block-heading\">DE METR\u00d4<\/h3>\n\n\n\n<p class=\"wp-block-paragraph\">A melhor op\u00e7\u00e3o para chegar \u00e0 Uninove &#8211; Vergueiro \u00e9 atrav\u00e9s do Metr\u00f4. Voc\u00ea dever\u00e1 acessar a linha azul do metr\u00f4 e descer na esta\u00e7\u00e3o S\u00e3o Joaquim.<\/p>\n\n\n\n<p class=\"wp-block-paragraph\">O pr\u00e9dio da Uninove fica a 300 metros da esta\u00e7\u00e3o.<\/p>\n\n\n\n<h3 class=\"wp-block-heading\">DA RODOVI\u00c1RIA DO TIET\u00ca<\/h3>\n\n\n\n<p class=\"wp-block-paragraph\"><strong>Econ\u00f4mico:<\/strong>\u00a0O caminho da rodovi\u00e1ria Tiet\u00ea \u00e0 Uninove &#8211; Vergueiro \u00e9 bem f\u00e1cil. Ainda dentro da rodovi\u00e1ria, siga as placas em dire\u00e7\u00e3o ao Metr\u00f4 Portuguesa &#8211; Tiet\u00ea. Essa esta\u00e7\u00e3o encontra-se na linha azul, a mesma linha que se encontra a esta\u00e7\u00e3o mais pr\u00f3xima da Uninove, portanto n\u00e3o ser\u00e1 preciso realizar troca de linha.<\/p>\n\n\n\n<p class=\"wp-block-paragraph\">Ap\u00f3s passar a catraca, dirija-se \u00e0 plataforma sentido Jabaquara. Des\u00e7a na esta\u00e7\u00e3o S\u00e3o Joaquim ( 7 paradas ) e caminhe por 300 metros at\u00e9 o local.<\/p>\n\n\n\n<p class=\"wp-block-paragraph\">Valor da passagem de metr\u00f4: R$ 4,00<\/p>\n\n\n\n<p class=\"wp-block-paragraph\"><strong>Conforto:<\/strong><\/p>\n\n\n\n<ul class=\"wp-block-list\"><li>T\u00e1xi \u2013 aproximadamente R$ 28<\/li><li>Uber \u2013 aproximadamente R$ 27<\/li><li>99 &#8211; aproximadamente R$ 18<\/li><\/ul>\n\n\n\n<h3 class=\"wp-block-heading\"><strong>DO AEROPORTO DE CONGONHAS<\/strong><\/h3>\n\n\n\n<p class=\"wp-block-paragraph\"><strong>Econ\u00f4mico:<\/strong> Saia do aeroporto, dirija-se at\u00e9 a avenida Washington Lu\u00eds e\u00a0 procure pela passarela de pedestres. Ao lado dela h\u00e1 um ponto de \u00f4nibus. N\u00e3o atravesse a passarela. Deste mesmo lado, pegue o \u00f4nibus 175T-10: Metr\u00f4 Santana. Des\u00e7a na avenida 23 de maio no Viaduto Pedroso ( 13 paradas ) e suba as escadas em dire\u00e7\u00e3o ao viaduto, e depois em dire\u00e7\u00e3o a rua Vergueiro. Vire \u00e0 direita na rua Vergueiro e caminhe mais 150 metros at\u00e9 o pr\u00e9dio da Uninove. O trajeto leva 5 minutos.<\/p>\n\n\n\n<p class=\"wp-block-paragraph\">Valor da passagem de \u00f4nibus: R$ 4,00<\/p>\n\n\n\n<p class=\"wp-block-paragraph\"><strong>Conforto:<\/strong><\/p>\n\n\n\n<ul class=\"wp-block-list\"><li>T\u00e1xi \u2013 aproximadamente R$ 30<\/li><li>Uber \u2013 aproximadamente R$ 28<\/li><li>99 \u00a0\u2013 aproximadamente R$ 20<\/li><\/ul>\n\n\n\n<h3 class=\"wp-block-heading\"><strong>DO AEROPORTO DE GUARULHOS<\/strong><\/h3>\n\n\n\n<p class=\"wp-block-paragraph\"><strong>Econ\u00f4mico:<\/strong>\u00a0Do terminal 2 ou 3, procure pelo \u00f4nibus que faz a transfer\u00eancia entre os terminais e a esta\u00e7\u00e3o Aeroporto-Guarulhos da CPTM. Do terminal 1 \u00e9 poss\u00edvel andar at\u00e9 a esta\u00e7\u00e3o.<\/p>\n\n\n\n<p class=\"wp-block-paragraph\">Da esta\u00e7\u00e3o de trem Aeroporto-Guarulhos da CPTM, pegue o trem sentido Esta\u00e7\u00e3o Engenheiro Goulart. Des\u00e7a na Esta\u00e7\u00e3o\u00a0Engenheiro Goulart e dirija-se para a linha 12 &#8211; Safira, sentido Br\u00e1s. Pegue o trem nessa esta\u00e7\u00e3o e des\u00e7a na esta\u00e7\u00e3o Br\u00e1s da CPTM. Fa\u00e7a a transfer\u00eancia para a esta\u00e7\u00e3o de metr\u00f4 Br\u00e1s sentido Palmeiras-Barra Funda, pegue o metr\u00f4 e des\u00e7a na esta\u00e7\u00e3o de Metr\u00f4 S\u00e9. Na S\u00e9, fa\u00e7a a transfer\u00eancia para a linha Azul sentido Jabaquara. Pegue o metr\u00f4 e des\u00e7a na esta\u00e7\u00e3o S\u00e3o Joaquim ( 2 paradas ). Caminhe 300 metros at\u00e9 chegar \u00e0 Uninove Vergueiro.<\/p>\n\n\n\n<p class=\"wp-block-paragraph\">Valor da passagem de trem com integra\u00e7\u00e3o ao metr\u00f4: R$ 4,00<\/p>\n\n\n\n<p class=\"wp-block-paragraph\"><strong>Conforto:<\/strong><\/p>\n\n\n\n<ul class=\"wp-block-list\"><li>T\u00e1xi \u2013 aproximadamente R$ 120<\/li><li>Uber \u2013 aproximadamente R$ 85<\/li><li>99 \u2013 aproximadamente R$ 54<\/li><\/ul>\n\n\n\n<h2 class=\"wp-block-heading\"><strong>ONDE SE HOSPEDAR<\/strong><\/h2>\n\n\n\n<h3 class=\"wp-block-heading\"><strong>HOT\u00c9IS<\/strong><\/h3>\n\n\n\n<p class=\"wp-block-paragraph\">O evento acontece na regi\u00e3o central de S\u00e3o Paulo, no bairro da Liberdade, onde se concentram muitos hot\u00e9is.<\/p>\n\n\n\n<h4 class=\"wp-block-heading\">Leque Brasil Hotel Escola<\/h4>\n\n\n\n<p class=\"wp-block-paragraph\">Rua S\u00e3o Joaquim, 216 (dist\u00e2ncia: 400 metros)<br \/>http:\/\/www.lequesbrasil.com.br\/<br \/><\/p>\n\n\n\n<h4 class=\"wp-block-heading\">Mercure<\/h4>\n\n\n\n<p class=\"wp-block-paragraph\">Rua Maestro Cardim, 407 (dist\u00e2ncia: 500 metros)<br \/>http:\/\/www.accorhotels.com\/pt\/hotel-3626-mercure-sao-paulo-central-towers-hotel\/location.shtml<\/p>\n\n\n\n<h4 class=\"wp-block-heading\">Hotel Makuxis<\/h4>\n\n\n\n<p class=\"wp-block-paragraph\">Rua Pedroso, 495 (dist\u00e2ncia: 600 metros)<br \/>http:\/\/hotelmakuxis.com.br\/contatos.php<\/p>\n\n\n\n<h4 class=\"wp-block-heading\">Nikkey Palace Hotel<\/h4>\n\n\n\n<p class=\"wp-block-paragraph\">Rua Galv\u00e3o Bueno, 425 (dist\u00e2ncia: 800 metros)<br \/>http:\/\/nikkeyhotel.com.br\/<\/p>\n\n\n\n<h4 class=\"wp-block-heading\">Hostel Paulista<\/h4>\n\n\n\n<p class=\"wp-block-paragraph\">Rua Pirapitingui , 141 Liberdade (dist\u00e2ncia: 350 metros) <br \/>Telefone : 011 3276-2876\u00a0 \u00a0\/\u00a0 WhatsApp\u00a0011 95241-1311<br \/>10%\u00a0 Desconto para quem informar\u00a0 <strong>#WordCampSP<\/strong> <br \/><\/p>\n\n\n\n<h4 class=\"wp-block-heading\">Hostel Vergueiro<\/h4>\n\n\n\n<p class=\"wp-block-paragraph\">Rua Vergueiro, 434 (dist\u00e2ncia: 400 metros)<br \/>http:\/\/www.hostelvergueiro.com\/<\/p>\n","protected":false},"excerpt":{"rendered":"<p>Localiza\u00e7\u00e3o Universidade Nove de Julho (Uninove)Rua Vergueiro, 235\/249 &#8211; Liberdade, S\u00e3o Paulo &#8211; SP, Brasil Ver mapa Pr\u00f3ximo ao Metr\u00f4 S\u00e3o Joaquim &#8211; Linha 1 Azul (300m). De f\u00e1cil acesso via transporte p\u00fablico, com v\u00e1rias op\u00e7\u00f5es de \u00f4nibus tamb\u00e9m. Alguns &hellip; <a href=\"https:\/\/saopaulo.wordcamp.org\/2018\/guia-de-sobrevivencia\/\">Continue lendo <span class=\"assistive-text\">Guia de sobreviv\u00eancia<\/span>  <span class=\"meta-nav\">&rarr;<\/span><\/a><\/p>\n","protected":false},"author":6038041,"featured_media":0,"parent":0,"menu_order":0,"comment_status":"closed","ping_status":"closed","template":"","meta":{"_crdt_document":"","jetpack_post_was_ever_published":false,"footnotes":""},"class_list":["post-347","page","type-page","status-publish","hentry"],"jetpack_sharing_enabled":true,"jetpack_shortlink":"https:\/\/wp.me\/Pa0rp1-5B","jetpack_likes_enabled":true,"jetpack-related-posts":[{"id":265,"url":"https:\/\/saopaulo.wordcamp.org\/2018\/localizacao\/","url_meta":{"origin":347,"position":0},"title":"Localiza\u00e7\u00e3o","author":"Rafael Funchal","date":"27\/10\/2017","format":false,"excerpt":"Universidade Nove de Julho (Uninove)Rua Vergueiro, 235\/249 - Liberdade, S\u00e3o Paulo - SP, Brasil Transporte A Uninove Vergueiro encontra-se ao lado da esta\u00e7\u00e3o S\u00e3o Joaquim da Linha 1 (Azul) do Metr\u00f4.\u00a0","rel":"","context":"Post similar","block_context":{"text":"Post similar","link":""},"img":{"alt_text":"","src":"https:\/\/i0.wp.com\/saopaulo.wordcamp.org\/2018\/files\/2018\/08\/wcsp-site-logo.png?fit=263%2C250&resize=350%2C200#038;ssl=1","width":350,"height":200},"classes":[]},{"id":297,"url":"https:\/\/saopaulo.wordcamp.org\/2018\/press-release\/","url_meta":{"origin":347,"position":1},"title":"Press release","author":"Rafael Funchal","date":"30\/10\/2017","format":false,"excerpt":"WordCamp S\u00e3o Paulo chega a sua 7\u00aa edi\u00e7\u00e3o Evento refer\u00eancia em WordPress no pa\u00eds, o WordCamp 2018 est\u00e1 marcado\u00a0para o dia 13 de outubro. O WordCamp S\u00e3o Paulo \u00e9 a maior confer\u00eancia paulista dedicada a WordPress \u2014 e o maior do Brasil em 2018 \u2014 chega a sua 7\u00aa edi\u00e7\u00e3o.\u2026","rel":"","context":"Post similar","block_context":{"text":"Post similar","link":""},"img":{"alt_text":"Fotografia a\u00e9rea do WordCamp S\u00e3o Paulo 2016 mostrando todos os participantes posando para a c\u00e2mera no teatro da faculdade UNICID","src":"https:\/\/i0.wp.com\/2017.saopaulo.wordcamp.org\/files\/2017\/10\/wordcamp-saopaulo-2016-1909.jpg?resize=350%2C200&ssl=1","width":350,"height":200,"srcset":"https:\/\/i0.wp.com\/2017.saopaulo.wordcamp.org\/files\/2017\/10\/wordcamp-saopaulo-2016-1909.jpg?resize=350%2C200&ssl=1 1x, https:\/\/i0.wp.com\/2017.saopaulo.wordcamp.org\/files\/2017\/10\/wordcamp-saopaulo-2016-1909.jpg?resize=525%2C300&ssl=1 1.5x, https:\/\/i0.wp.com\/2017.saopaulo.wordcamp.org\/files\/2017\/10\/wordcamp-saopaulo-2016-1909.jpg?resize=700%2C400&ssl=1 2x, https:\/\/i0.wp.com\/2017.saopaulo.wordcamp.org\/files\/2017\/10\/wordcamp-saopaulo-2016-1909.jpg?resize=1050%2C600&ssl=1 3x"},"classes":[]},{"id":260,"url":"https:\/\/saopaulo.wordcamp.org\/2018\/sobre\/","url_meta":{"origin":347,"position":2},"title":"Sobre","author":"Rafael Funchal","date":"27\/10\/2017","format":false,"excerpt":"O WordCamp \u00e9 uma confer\u00eancia originada nos Estados Unidos sobre tudo relacionado ao WordPress, plataforma open source de gerenciamento de conte\u00fado. S\u00e3o eventos organizados por comunidades de usu\u00e1rios do WordPress ao redor do mundo, onde desenvolvedores, designers, blogueiros e demais usu\u00e1rios podem assistir palestras e apresenta\u00e7\u00f5es, trocar ideias e se\u2026","rel":"","context":"Post similar","block_context":{"text":"Post similar","link":""},"img":{"alt_text":"Matt Mullenweg no WordCamp Brasil","src":"https:\/\/i0.wp.com\/2012.saopaulo.wordcamp.org\/files\/2012\/06\/matt4-199x300.jpg?resize=350%2C200","width":350,"height":200},"classes":[]},{"id":225,"url":"https:\/\/saopaulo.wordcamp.org\/2018\/patrocine-o-wordcamp\/","url_meta":{"origin":347,"position":3},"title":"Seja um patrocinador do WordCamp 2018","author":"Rafael Funchal","date":"29\/10\/2017","format":false,"excerpt":"O WordCamp \u00e9 o \u00fanico evento oficial apoiado pela Funda\u00e7\u00e3o WordPress, \u00e9 organizado pela comunidade local e n\u00e3o possui fins lucrativos. Por isso, contamos com o apoio dos patrocinadores para fazer o evento acontecer e oferecer a melhor estrutura para os participantes. Quer conhecer melhor o evento? Veja o M\u00eddia\u2026","rel":"","context":"Post similar","block_context":{"text":"Post similar","link":""},"img":{"alt_text":"","src":"https:\/\/i0.wp.com\/saopaulo.wordcamp.org\/2018\/files\/2018\/08\/wcsp-site-logo.png?fit=263%2C250&resize=350%2C200#038;ssl=1","width":350,"height":200},"classes":[]},{"id":321,"url":"https:\/\/saopaulo.wordcamp.org\/2018\/politica-de-privacidade\/","url_meta":{"origin":347,"position":4},"title":"Pol\u00edtica de privacidade","author":"Rafael Funchal","date":"30\/10\/2017","format":false,"excerpt":"Informa\u00e7\u00f5es e dados pessoais fornecidos \u00e0 organiza\u00e7\u00e3o do WordCamp S\u00e3o Paulo 2018 \u2013 cuja veracidade e exatid\u00e3o s\u00e3o de total responsabilidade do inscrito \u2013 ser\u00e3o coletados e guardados em conformidade com padr\u00f5es r\u00edgidos de confidencialidade e de seguran\u00e7a, e utilizados para as seguintes finalidades: comunicar o inscrito a respeito de\u2026","rel":"","context":"Post similar","block_context":{"text":"Post similar","link":""},"img":{"alt_text":"","src":"https:\/\/i0.wp.com\/saopaulo.wordcamp.org\/2018\/files\/2018\/08\/wcsp-site-logo.png?fit=263%2C250&resize=350%2C200#038;ssl=1","width":350,"height":200},"classes":[]},{"id":769,"url":"https:\/\/saopaulo.wordcamp.org\/2018\/seja-um-voluntario\/","url_meta":{"origin":347,"position":5},"title":"Seja um volunt\u00e1rio","author":"Allyson","date":"15\/09\/2018","format":false,"excerpt":"O WordCamp S\u00e3o Paulo 2018 \u00e9 a confer\u00eancia oficial da comunidade WordPress da cidade de S\u00e3o Paulo, este ano o evento ser\u00e1 realizado no dia 13 de outubro, e n\u00f3s, membros da organiza\u00e7\u00e3o, precisamos de ajuda para fazer com que o evento seja um sucesso para toda a comunidade. Pronto\u2026","rel":"","context":"Post similar","block_context":{"text":"Post similar","link":""},"img":{"alt_text":"","src":"https:\/\/i0.wp.com\/saopaulo.wordcamp.org\/2018\/files\/2018\/09\/seja-um-voluntario-pb.jpg?fit=960%2C540&ssl=1&resize=350%2C200","width":350,"height":200,"srcset":"https:\/\/i0.wp.com\/saopaulo.wordcamp.org\/2018\/files\/2018\/09\/seja-um-voluntario-pb.jpg?fit=960%2C540&ssl=1&resize=350%2C200 1x, https:\/\/i0.wp.com\/saopaulo.wordcamp.org\/2018\/files\/2018\/09\/seja-um-voluntario-pb.jpg?fit=960%2C540&ssl=1&resize=525%2C300 1.5x, https:\/\/i0.wp.com\/saopaulo.wordcamp.org\/2018\/files\/2018\/09\/seja-um-voluntario-pb.jpg?fit=960%2C540&ssl=1&resize=700%2C400 2x"},"classes":[]}],"_links":{"self":[{"href":"https:\/\/saopaulo.wordcamp.org\/2018\/wp-json\/wp\/v2\/pages\/347","targetHints":{"allow":["GET"]}}],"collection":[{"href":"https:\/\/saopaulo.wordcamp.org\/2018\/wp-json\/wp\/v2\/pages"}],"about":[{"href":"https:\/\/saopaulo.wordcamp.org\/2018\/wp-json\/wp\/v2\/types\/page"}],"author":[{"embeddable":true,"href":"https:\/\/saopaulo.wordcamp.org\/2018\/wp-json\/wp\/v2\/users\/6038041"}],"replies":[{"embeddable":true,"href":"https:\/\/saopaulo.wordcamp.org\/2018\/wp-json\/wp\/v2\/comments?post=347"}],"version-history":[{"count":9,"href":"https:\/\/saopaulo.wordcamp.org\/2018\/wp-json\/wp\/v2\/pages\/347\/revisions"}],"predecessor-version":[{"id":577,"href":"https:\/\/saopaulo.wordcamp.org\/2018\/wp-json\/wp\/v2\/pages\/347\/revisions\/577"}],"wp:attachment":[{"href":"https:\/\/saopaulo.wordcamp.org\/2018\/wp-json\/wp\/v2\/media?parent=347"}],"curies":[{"name":"wp","href":"https:\/\/api.w.org\/{rel}","templated":true}]}}